{"id":29142,"date":"2024-12-20T14:23:24","date_gmt":"2024-12-20T13:23:24","guid":{"rendered":"https:\/\/www.geoparcorigens.cat\/recerques\/"},"modified":"2025-04-22T09:41:54","modified_gmt":"2025-04-22T07:41:54","slug":"recerques","status":"publish","type":"page","link":"https:\/\/www.geoparcorigens.cat\/es\/recerques\/","title":{"rendered":"Investigaciones"},"content":{"rendered":"<style>.kb-row-layout-id29142_73688c-8c > .kt-row-column-wrap{align-content:center;}:where(.kb-row-layout-id29142_73688c-8c > .kt-row-column-wrap) > .wp-block-kadence-column{justify-content:center;}.kb-row-layout-id29142_73688c-8c > .kt-row-column-wrap{column-gap:var(--global-kb-gap-md, 2rem);row-gap:var(--global-kb-gap-md, 2rem);max-width:900px;margin-left:auto;margin-right:auto;padding-top:var(--global-kb-spacing-xxl, 5rem);padding-bottom:var(--global-kb-spacing-xxl, 5rem);grid-template-columns:repeat(2, minmax(0, 1fr));}.kb-row-layout-id29142_73688c-8c > .kt-row-layout-overlay{opacity:0.30;}@media all and (max-width: 1024px){.kb-row-layout-id29142_73688c-8c > .kt-row-column-wrap{grid-template-columns:repeat(2, minmax(0, 1fr));}}@media all and (max-width: 767px){.kb-row-layout-id29142_73688c-8c > .kt-row-column-wrap{grid-template-columns:minmax(0, 1fr);}}<\/style><div class=\"kb-row-layout-wrap kb-row-layout-id29142_73688c-8c alignfull wp-block-kadence-rowlayout\"><div class=\"kt-row-column-wrap kt-has-2-columns kt-row-layout-equal kt-tab-layout-inherit kt-mobile-layout-row kt-row-valign-middle\">\n<style>.kadence-column29142_a511e7-5b > .kt-inside-inner-col,.kadence-column29142_a511e7-5b > .kt-inside-inner-col:before{border-top-left-radius:0px;border-top-right-radius:0px;border-bottom-right-radius:0px;border-bottom-left-radius:0px;}.kadence-column29142_a511e7-5b > .kt-inside-inner-col{column-gap:var(--global-kb-gap-sm, 1rem);}.kadence-column29142_a511e7-5b > .kt-inside-inner-col{flex-direction:column;}.kadence-column29142_a511e7-5b > .kt-inside-inner-col > .aligncenter{width:100%;}.kadence-column29142_a511e7-5b > .kt-inside-inner-col:before{opacity:0.3;}.kadence-column29142_a511e7-5b{position:relative;}@media all and (max-width: 1024px){.kadence-column29142_a511e7-5b > .kt-inside-inner-col{flex-direction:column;justify-content:center;}}@media all and (max-width: 767px){.kadence-column29142_a511e7-5b > .kt-inside-inner-col{flex-direction:column;justify-content:center;}}<\/style>\n<div class=\"wp-block-kadence-column kadence-column29142_a511e7-5b\"><div class=\"kt-inside-inner-col\">\n<p class=\"has-medium-font-size\"><strong>La investigaci\u00f3n es fundamental para los Geoparques.<\/strong><\/p>\n\n\n\n<p>En la actualidad se est\u00e1n desarrollando los siguientes proyectos de investigaci\u00f3n en el Geoparque Or\u00edgens:<\/p>\n<\/div><\/div>\n\n\n<style>.kadence-column29142_c06b5b-63 > .kt-inside-inner-col{padding-top:0px;}.kadence-column29142_c06b5b-63 > .kt-inside-inner-col,.kadence-column29142_c06b5b-63 > .kt-inside-inner-col:before{border-top-left-radius:0px;border-top-right-radius:0px;border-bottom-right-radius:0px;border-bottom-left-radius:0px;}.kadence-column29142_c06b5b-63 > .kt-inside-inner-col{column-gap:var(--global-kb-gap-sm, 1rem);}.kadence-column29142_c06b5b-63 > .kt-inside-inner-col{flex-direction:column;}.kadence-column29142_c06b5b-63 > .kt-inside-inner-col > .aligncenter{width:100%;}.kadence-column29142_c06b5b-63 > .kt-inside-inner-col:before{opacity:0.3;}.kadence-column29142_c06b5b-63{position:relative;}@media all and (max-width: 1024px){.kadence-column29142_c06b5b-63 > .kt-inside-inner-col{flex-direction:column;justify-content:center;}}@media all and (max-width: 767px){.kadence-column29142_c06b5b-63 > .kt-inside-inner-col{flex-direction:column;justify-content:center;}}<\/style>\n<div class=\"wp-block-kadence-column kadence-column29142_c06b5b-63\"><div class=\"kt-inside-inner-col\"><style>.kb-table-of-content-nav.kb-table-of-content-id29142_174e98-d9 .kb-table-of-content-wrap{padding-top:var(--global-kb-spacing-sm, 1.5rem);padding-right:var(--global-kb-spacing-sm, 1.5rem);padding-bottom:var(--global-kb-spacing-sm, 1.5rem);padding-left:var(--global-kb-spacing-sm, 1.5rem);background-color:rgba(180,174,28,0.42);border-top-left-radius:10px;border-top-right-radius:10px;border-bottom-right-radius:10px;border-bottom-left-radius:10px;}.kb-table-of-content-nav.kb-table-of-content-id29142_174e98-d9 .kb-table-of-contents-title-wrap{padding-top:0px;padding-right:0px;padding-bottom:0px;padding-left:0px;}.kb-table-of-content-nav.kb-table-of-content-id29142_174e98-d9 .kb-table-of-contents-title{font-size:var(--global-kb-font-size-md, 1.25rem);font-weight:regular;font-style:normal;}.kb-table-of-content-nav.kb-table-of-content-id29142_174e98-d9 .kb-table-of-content-wrap .kb-table-of-content-list{font-weight:regular;font-style:normal;margin-top:var(--global-kb-spacing-sm, 1.5rem);margin-right:0px;margin-bottom:0px;margin-left:0px;}.kb-table-of-content-nav.kb-table-of-content-id29142_174e98-d9 .kb-toggle-icon-style-basiccircle .kb-table-of-contents-icon-trigger:after, .kb-table-of-content-nav.kb-table-of-content-id29142_174e98-d9 .kb-toggle-icon-style-basiccircle .kb-table-of-contents-icon-trigger:before, .kb-table-of-content-nav.kb-table-of-content-id29142_174e98-d9 .kb-toggle-icon-style-arrowcircle .kb-table-of-contents-icon-trigger:after, .kb-table-of-content-nav.kb-table-of-content-id29142_174e98-d9 .kb-toggle-icon-style-arrowcircle .kb-table-of-contents-icon-trigger:before, .kb-table-of-content-nav.kb-table-of-content-id29142_174e98-d9 .kb-toggle-icon-style-xclosecircle .kb-table-of-contents-icon-trigger:after, .kb-table-of-content-nav.kb-table-of-content-id29142_174e98-d9 .kb-toggle-icon-style-xclosecircle .kb-table-of-contents-icon-trigger:before{background-color:rgba(180,174,28,0.42);}<\/style><\/div><\/div>\n\n<\/div><\/div>\n\n<style>.kb-row-layout-id29142_56dabc-86 > .kt-row-column-wrap{align-content:start;}:where(.kb-row-layout-id29142_56dabc-86 > .kt-row-column-wrap) > .wp-block-kadence-column{justify-content:start;}.kb-row-layout-id29142_56dabc-86 > .kt-row-column-wrap{column-gap:var(--global-kb-gap-md, 2rem);row-gap:var(--global-kb-gap-none, 0rem );max-width:900px;margin-left:auto;margin-right:auto;padding-top:var(--global-kb-spacing-xl, 4rem);padding-bottom:var(--global-kb-spacing-xxl, 5rem);grid-template-columns:minmax(0, 1fr);}.kb-row-layout-id29142_56dabc-86 > .kt-row-layout-overlay{opacity:0.30;}@media all and (max-width: 1024px){.kb-row-layout-id29142_56dabc-86 > .kt-row-column-wrap{grid-template-columns:minmax(0, 1fr);}}@media all and (max-width: 767px){.kb-row-layout-id29142_56dabc-86 > .kt-row-column-wrap{grid-template-columns:minmax(0, 1fr);}}<\/style><div class=\"kb-row-layout-wrap kb-row-layout-id29142_56dabc-86 alignfull wp-block-kadence-rowlayout\"><div class=\"kt-row-column-wrap kt-has-1-columns kt-row-layout-equal kt-tab-layout-inherit kt-mobile-layout-row kt-row-valign-top\">\n<style>.kadence-column29142_17e926-9a > .kt-inside-inner-col,.kadence-column29142_17e926-9a > .kt-inside-inner-col:before{border-top-left-radius:0px;border-top-right-radius:0px;border-bottom-right-radius:0px;border-bottom-left-radius:0px;}.kadence-column29142_17e926-9a > .kt-inside-inner-col{column-gap:var(--global-kb-gap-sm, 1rem);}.kadence-column29142_17e926-9a > .kt-inside-inner-col{flex-direction:column;}.kadence-column29142_17e926-9a > .kt-inside-inner-col > .aligncenter{width:100%;}.kadence-column29142_17e926-9a > .kt-inside-inner-col:before{opacity:0.3;}.kadence-column29142_17e926-9a{position:relative;}@media all and (max-width: 1024px){.kadence-column29142_17e926-9a > .kt-inside-inner-col{flex-direction:column;justify-content:center;}}@media all and (max-width: 767px){.kadence-column29142_17e926-9a > .kt-inside-inner-col{flex-direction:column;justify-content:center;}}<\/style>\n<div class=\"wp-block-kadence-column kadence-column29142_17e926-9a\"><div class=\"kt-inside-inner-col\"><style>.wp-block-kadence-advancedheading.kt-adv-heading29142_157f93-34, .wp-block-kadence-advancedheading.kt-adv-heading29142_157f93-34[data-kb-block=\"kb-adv-heading29142_157f93-34\"]{font-style:normal;}.wp-block-kadence-advancedheading.kt-adv-heading29142_157f93-34 mark.kt-highlight, .wp-block-kadence-advancedheading.kt-adv-heading29142_157f93-34[data-kb-block=\"kb-adv-heading29142_157f93-34\"] mark.kt-highlight{font-style:normal;color:#f76a0c;-webkit-box-decoration-break:clone;box-decoration-break:clone;padding-top:0px;padding-right:0px;padding-bottom:0px;padding-left:0px;}.wp-block-kadence-advancedheading.kt-adv-heading29142_157f93-34 img.kb-inline-image, .wp-block-kadence-advancedheading.kt-adv-heading29142_157f93-34[data-kb-block=\"kb-adv-heading29142_157f93-34\"] img.kb-inline-image{width:150px;vertical-align:baseline;}<\/style>\n<h2 class=\"kt-adv-heading29142_157f93-34 wp-block-kadence-advancedheading has-theme-palette-2-color has-text-color\" data-kb-block=\"kb-adv-heading29142_157f93-34\"><strong>Ciencias de la Tierra<\/strong><\/h2>\n\n\n<style>.wp-block-kadence-advancedheading.kt-adv-heading29142_7041ed-06, .wp-block-kadence-advancedheading.kt-adv-heading29142_7041ed-06[data-kb-block=\"kb-adv-heading29142_7041ed-06\"]{font-style:normal;}.wp-block-kadence-advancedheading.kt-adv-heading29142_7041ed-06 mark.kt-highlight, .wp-block-kadence-advancedheading.kt-adv-heading29142_7041ed-06[data-kb-block=\"kb-adv-heading29142_7041ed-06\"] mark.kt-highlight{font-style:normal;color:#f76a0c;-webkit-box-decoration-break:clone;box-decoration-break:clone;padding-top:0px;padding-right:0px;padding-bottom:0px;padding-left:0px;}.wp-block-kadence-advancedheading.kt-adv-heading29142_7041ed-06 img.kb-inline-image, .wp-block-kadence-advancedheading.kt-adv-heading29142_7041ed-06[data-kb-block=\"kb-adv-heading29142_7041ed-06\"] img.kb-inline-image{width:150px;vertical-align:baseline;}<\/style>\n<h3 class=\"kt-adv-heading29142_7041ed-06 wp-block-kadence-advancedheading\" data-kb-block=\"kb-adv-heading29142_7041ed-06\"><strong><strong>Un museo natural abierto en los Pirineos: experiencia de realidad virtual para la difusi\u00f3n y conservaci\u00f3n del patrimonio geol\u00f3gico y cultural (VIGEOCULT)<\/strong><\/strong><\/h3>\n\n\n\n<p class=\"has-small-font-size\"><strong>PLEC2021-00793 (2021-2024)<\/strong><\/p>\n\n\n\n<p class=\"has-theme-palette-1-color has-text-color has-link-color wp-elements-c4da1d0eedb80f7ecbb6f3b7d666eba2\" style=\"margin-top:var(--wp--preset--spacing--40);margin-bottom:var(--wp--preset--spacing--40)\"><em><em>Geolog\u00eda estructural, Sedimentolog\u00eda, Paleontolog\u00eda, Historia, Patrimonio cultural, Realidad virtual<\/em><\/em><\/p>\n\n\n\n<p>Proyecto liderado por el grupo de investigaci\u00f3n Geomodelos de la Universidad de Barcelona en colaboraci\u00f3n con el Instituto Catal\u00e1n de Paleontolog\u00eda Miquel Crusafont, el Geoparque mundial de la UNESCO Or\u00edgenes y la empresa de realidad virtual Digivisi\u00f3n con el objetivo de crear un museo al aire libre utilizando las nuevas metodolog\u00edas de realidad virtual y aumentada (RV\/RA) sobre reconstrucciones geol\u00f3gicas 4D. El proyecto plantea dise\u00f1ar una plataforma digital para desarrollar aplicaciones que permitan crear experiencias inmersivas en diferentes puntos del territorio Geoparc con fines educativos, de difusi\u00f3n y promoci\u00f3n tur\u00edstica a trav\u00e9s de RV\/RA.<\/p>\n\n\n\n<p><strong>Direcci\u00f3n:<\/strong> Dr. Josep Antoni Mu\u00f1oz de la Fuente &#8211; Universitat de Barcelona (UB)<\/p>\n\n\n\n<p style=\"margin-top:var(--wp--preset--spacing--30);margin-bottom:var(--wp--preset--spacing--30)\"><strong>Con la colaboraci\u00f3n de:<\/strong> ICP, Geoparc Or\u00edgens i Digivisi\u00f3n.<\/p>\n\n\n\n<p><strong><strong>Proyecto VIGEOCULT (PLEC2021-00793) financiado por MCIN\/AEI\/10.13039\/501100011033 y por la Uni\u00f3n Europea NextGenerationEU\/ PRTR<\/strong><\/strong><\/p>\n\n\n\n<figure class=\"wp-block-image size-full is-resized\"><a href=\"https:\/\/www.geoparcorigens.cat\/wp-content\/uploads\/Imatge_XXSS-01-03-2024_petit.jpg\" target=\"_blank\" rel=\" noreferrer noopener\"><img loading=\"lazy\" decoding=\"async\" width=\"597\" height=\"156\" src=\"https:\/\/www.geoparcorigens.cat\/wp-content\/uploads\/Imatge_XXSS-01-03-2024_petit.jpg\" alt=\"Logo Projecte Vigeocult 2024.\" class=\"wp-image-39889\" style=\"width:524px;height:auto\" srcset=\"https:\/\/www.geoparcorigens.cat\/wp-content\/uploads\/Imatge_XXSS-01-03-2024_petit.jpg 597w, https:\/\/www.geoparcorigens.cat\/wp-content\/uploads\/Imatge_XXSS-01-03-2024_petit-300x78.jpg 300w\" sizes=\"auto, (max-width: 597px) 100vw, 597px\" \/><\/a><\/figure>\n\n\n<style>.wp-block-kadence-advancedheading.kt-adv-heading29142_2a0c3a-f5, .wp-block-kadence-advancedheading.kt-adv-heading29142_2a0c3a-f5[data-kb-block=\"kb-adv-heading29142_2a0c3a-f5\"]{font-style:normal;}.wp-block-kadence-advancedheading.kt-adv-heading29142_2a0c3a-f5 mark.kt-highlight, .wp-block-kadence-advancedheading.kt-adv-heading29142_2a0c3a-f5[data-kb-block=\"kb-adv-heading29142_2a0c3a-f5\"] mark.kt-highlight{font-style:normal;color:#f76a0c;-webkit-box-decoration-break:clone;box-decoration-break:clone;padding-top:0px;padding-right:0px;padding-bottom:0px;padding-left:0px;}.wp-block-kadence-advancedheading.kt-adv-heading29142_2a0c3a-f5 img.kb-inline-image, .wp-block-kadence-advancedheading.kt-adv-heading29142_2a0c3a-f5[data-kb-block=\"kb-adv-heading29142_2a0c3a-f5\"] img.kb-inline-image{width:150px;vertical-align:baseline;}<\/style>\n<h3 class=\"kt-adv-heading29142_2a0c3a-f5 wp-block-kadence-advancedheading\" data-kb-block=\"kb-adv-heading29142_2a0c3a-f5\"><strong><strong>Estructura y deformaci\u00f3n de m\u00e1rgenes pasivos que involucran capas de sal<\/strong><\/strong><\/h3>\n\n\n\n<p class=\"has-small-font-size\" style=\"margin-top:0;margin-bottom:0;padding-top:0;padding-right:0;padding-bottom:0;padding-left:0\"><strong>PID2020-117598GB-I00 (2021-2025)<\/strong><\/p>\n\n\n\n<p style=\"margin-top:var(--wp--preset--spacing--40);margin-bottom:var(--wp--preset--spacing--40)\"><em><br><em>Geolog\u00eda estructural, Tect\u00f3nica salina<\/em><\/em><\/p>\n\n\n\n<p><strong>Direcci\u00f3n:<\/strong> Dr. Josep Antoni Mu\u00f1oz de la Fuente &#8211; Geomodels, Universitat de Barcelona (UB).<\/p>\n\n\n<style>.wp-block-kadence-advancedheading.kt-adv-heading29142_30fee0-24, .wp-block-kadence-advancedheading.kt-adv-heading29142_30fee0-24[data-kb-block=\"kb-adv-heading29142_30fee0-24\"]{font-style:normal;}.wp-block-kadence-advancedheading.kt-adv-heading29142_30fee0-24 mark.kt-highlight, .wp-block-kadence-advancedheading.kt-adv-heading29142_30fee0-24[data-kb-block=\"kb-adv-heading29142_30fee0-24\"] mark.kt-highlight{font-style:normal;color:#f76a0c;-webkit-box-decoration-break:clone;box-decoration-break:clone;padding-top:0px;padding-right:0px;padding-bottom:0px;padding-left:0px;}.wp-block-kadence-advancedheading.kt-adv-heading29142_30fee0-24 img.kb-inline-image, .wp-block-kadence-advancedheading.kt-adv-heading29142_30fee0-24[data-kb-block=\"kb-adv-heading29142_30fee0-24\"] img.kb-inline-image{width:150px;vertical-align:baseline;}<\/style>\n<h3 class=\"kt-adv-heading29142_30fee0-24 wp-block-kadence-advancedheading\" data-kb-block=\"kb-adv-heading29142_30fee0-24\"><strong><strong>Iberia en el Cret\u00e1cico y Pale\u00f3geno: paleoisla y puente biogeogr\u00e1fico. Casos de estudio en macroforamin\u00edferos y carofitas<\/strong><\/strong><\/h3>\n\n\n\n<p class=\"has-small-font-size\"><strong>PID2020-113912GB-I00 (2021-2025)<\/strong><\/p>\n\n\n\n<p style=\"margin-top:var(--wp--preset--spacing--40);margin-bottom:var(--wp--preset--spacing--40)\"><em><em>Paleograf\u00eda, Paleoclimatolog\u00eda, Biogeograf\u00eda<\/em><\/em><\/p>\n\n\n\n<p><strong>Direcci\u00f3n:<\/strong> Dr. Carles Mart\u00edn Closas &#8211; Universitat de Barcelona (UB).<\/p>\n\n\n<style>.wp-block-kadence-advancedheading.kt-adv-heading29142_8f3a74-8c, .wp-block-kadence-advancedheading.kt-adv-heading29142_8f3a74-8c[data-kb-block=\"kb-adv-heading29142_8f3a74-8c\"]{font-style:normal;}.wp-block-kadence-advancedheading.kt-adv-heading29142_8f3a74-8c mark.kt-highlight, .wp-block-kadence-advancedheading.kt-adv-heading29142_8f3a74-8c[data-kb-block=\"kb-adv-heading29142_8f3a74-8c\"] mark.kt-highlight{font-style:normal;color:#f76a0c;-webkit-box-decoration-break:clone;box-decoration-break:clone;padding-top:0px;padding-right:0px;padding-bottom:0px;padding-left:0px;}.wp-block-kadence-advancedheading.kt-adv-heading29142_8f3a74-8c img.kb-inline-image, .wp-block-kadence-advancedheading.kt-adv-heading29142_8f3a74-8c[data-kb-block=\"kb-adv-heading29142_8f3a74-8c\"] img.kb-inline-image{width:150px;vertical-align:baseline;}<\/style>\n<h3 class=\"kt-adv-heading29142_8f3a74-8c wp-block-kadence-advancedheading\" data-kb-block=\"kb-adv-heading29142_8f3a74-8c\"><strong><strong>Nuevas aproximaciones a la caracterizaci\u00f3n de fuentes s\u00edsmicas y su integraci\u00f3n en modelos de peligrosidad s\u00edsmica basadas en fallas. Estudio de casos en el este de Iberia<\/strong><\/strong><\/h3>\n\n\n\n<p class=\"has-small-font-size\"><strong>PID2020-119772RB-I00 (2021-2025)<\/strong><\/p>\n\n\n\n<p><em><em>Paleosismolog\u00eda, Tect\u00f3nica activa, Geodesia, Geomorfolog\u00eda&nbsp;<\/em><\/em><\/p>\n\n\n\n<p><strong>Direcci\u00f3n: <\/strong> Dr. Raimon Pall\u00e0s Serra&nbsp;&#8211; RISKNAT-Universitat de Barcelona (UB).<\/p>\n\n\n<style>.wp-block-kadence-advancedheading.kt-adv-heading29142_92cc18-5a, .wp-block-kadence-advancedheading.kt-adv-heading29142_92cc18-5a[data-kb-block=\"kb-adv-heading29142_92cc18-5a\"]{font-style:normal;}.wp-block-kadence-advancedheading.kt-adv-heading29142_92cc18-5a mark.kt-highlight, .wp-block-kadence-advancedheading.kt-adv-heading29142_92cc18-5a[data-kb-block=\"kb-adv-heading29142_92cc18-5a\"] mark.kt-highlight{font-style:normal;color:#f76a0c;-webkit-box-decoration-break:clone;box-decoration-break:clone;padding-top:0px;padding-right:0px;padding-bottom:0px;padding-left:0px;}.wp-block-kadence-advancedheading.kt-adv-heading29142_92cc18-5a img.kb-inline-image, .wp-block-kadence-advancedheading.kt-adv-heading29142_92cc18-5a[data-kb-block=\"kb-adv-heading29142_92cc18-5a\"] img.kb-inline-image{width:150px;vertical-align:baseline;}<\/style>\n<h3 class=\"kt-adv-heading29142_92cc18-5a wp-block-kadence-advancedheading\" data-kb-block=\"kb-adv-heading29142_92cc18-5a\"><strong><strong>Impacto de las Transiciones Clim\u00e1ticas del Pale\u00f3geno en los Sistemas Sedimentarios de Iberia<\/strong><\/strong><\/h3>\n\n\n\n<p class=\"has-small-font-size\"><strong>PID2019-106440GB-C21 (2020-2024)<\/strong><\/p>\n\n\n\n<p><em><em>Sedimentolog\u00eda, Is\u00f3topos, Magnetostratigraf\u00eda&nbsp;<\/em><\/em><\/p>\n\n\n\n<p><strong>Direcci\u00f3n:<\/strong> Drs. Miguel Garc\u00e9s Crespo i Miguel L\u00f3pez-Blanco&nbsp;&#8211; Universitat de Barcelona (UB).<\/p>\n\n\n<style>.wp-block-kadence-advancedheading.kt-adv-heading29142_9db406-6e, .wp-block-kadence-advancedheading.kt-adv-heading29142_9db406-6e[data-kb-block=\"kb-adv-heading29142_9db406-6e\"]{font-style:normal;}.wp-block-kadence-advancedheading.kt-adv-heading29142_9db406-6e mark.kt-highlight, .wp-block-kadence-advancedheading.kt-adv-heading29142_9db406-6e[data-kb-block=\"kb-adv-heading29142_9db406-6e\"] mark.kt-highlight{font-style:normal;color:#f76a0c;-webkit-box-decoration-break:clone;box-decoration-break:clone;padding-top:0px;padding-right:0px;padding-bottom:0px;padding-left:0px;}.wp-block-kadence-advancedheading.kt-adv-heading29142_9db406-6e img.kb-inline-image, .wp-block-kadence-advancedheading.kt-adv-heading29142_9db406-6e[data-kb-block=\"kb-adv-heading29142_9db406-6e\"] img.kb-inline-image{width:150px;vertical-align:baseline;}<\/style>\n<h2 class=\"kt-adv-heading29142_9db406-6e wp-block-kadence-advancedheading has-theme-palette-1-color has-text-color\" data-kb-block=\"kb-adv-heading29142_9db406-6e\">Paleontolog\u00eda, Historia y Arqueolog\u00eda<\/h2>\n\n\n<style>.wp-block-kadence-advancedheading.kt-adv-heading29142_205368-1b, .wp-block-kadence-advancedheading.kt-adv-heading29142_205368-1b[data-kb-block=\"kb-adv-heading29142_205368-1b\"]{font-style:normal;}.wp-block-kadence-advancedheading.kt-adv-heading29142_205368-1b mark.kt-highlight, .wp-block-kadence-advancedheading.kt-adv-heading29142_205368-1b[data-kb-block=\"kb-adv-heading29142_205368-1b\"] mark.kt-highlight{font-style:normal;color:#f76a0c;-webkit-box-decoration-break:clone;box-decoration-break:clone;padding-top:0px;padding-right:0px;padding-bottom:0px;padding-left:0px;}.wp-block-kadence-advancedheading.kt-adv-heading29142_205368-1b img.kb-inline-image, .wp-block-kadence-advancedheading.kt-adv-heading29142_205368-1b[data-kb-block=\"kb-adv-heading29142_205368-1b\"] img.kb-inline-image{width:150px;vertical-align:baseline;}<\/style>\n<h3 class=\"kt-adv-heading29142_205368-1b wp-block-kadence-advancedheading\" data-kb-block=\"kb-adv-heading29142_205368-1b\"><strong><strong>Producci\u00f3n agraria, alimentaci\u00f3n y salud entre la Antig\u00fcedad Tard\u00eda y la Alta Edad Media en el nordeste de la pen\u00ednsula Ib\u00e9rica<\/strong><\/strong><\/h3>\n\n\n\n<p class=\"has-small-font-size\"><strong>ARQ001SOL-119-2022 (2022-2025)<\/strong><\/p>\n\n\n\n<p><em><br><em>Arqueolog\u00eda<\/em><\/em><\/p>\n\n\n\n<p>Proyecto de investigaci\u00f3n desde una aproximaci\u00f3n interdisciplinar de las continuidades y rupturas en los procesos hist\u00f3ricos de transici\u00f3n entre la Antig\u00fcedad Tard\u00eda y la Alta Edad Media en el noreste de la pen\u00ednsula Ib\u00e9rica. Esta aproximaci\u00f3n se realiza a partir de una metodolog\u00eda innovadora que cruza los datos obtenidos y generados del estudio arqueol\u00f3gico de yacimientos, del paisaje, de los individuos inhumados y de la documentaci\u00f3n latina para responder a cuestiones inherentes a los tres vectores interpretativos: la producci\u00f3n agraria, la alimentaci\u00f3n y la salud.<\/p>\n\n\n\n<p><strong>Direcci\u00f3n:<\/strong> Dr. Jes\u00fas Brufal Sucarrat&nbsp;&#8211; Universitat Aut\u00f2noma de Barcelona (UAB).<\/p>\n\n\n<style>.wp-block-kadence-advancedheading.kt-adv-heading29142_8a2a96-02, .wp-block-kadence-advancedheading.kt-adv-heading29142_8a2a96-02[data-kb-block=\"kb-adv-heading29142_8a2a96-02\"]{font-style:normal;}.wp-block-kadence-advancedheading.kt-adv-heading29142_8a2a96-02 mark.kt-highlight, .wp-block-kadence-advancedheading.kt-adv-heading29142_8a2a96-02[data-kb-block=\"kb-adv-heading29142_8a2a96-02\"] mark.kt-highlight{font-style:normal;color:#f76a0c;-webkit-box-decoration-break:clone;box-decoration-break:clone;padding-top:0px;padding-right:0px;padding-bottom:0px;padding-left:0px;}.wp-block-kadence-advancedheading.kt-adv-heading29142_8a2a96-02 img.kb-inline-image, .wp-block-kadence-advancedheading.kt-adv-heading29142_8a2a96-02[data-kb-block=\"kb-adv-heading29142_8a2a96-02\"] img.kb-inline-image{width:150px;vertical-align:baseline;}<\/style>\n<h3 class=\"kt-adv-heading29142_8a2a96-02 wp-block-kadence-advancedheading\" data-kb-block=\"kb-adv-heading29142_8a2a96-02\"><strong><strong><br><strong>El final de una Era y el surgimiento de los ecosistemas modernos<\/strong><\/strong><\/strong><\/h3>\n\n\n\n<p class=\"has-small-font-size\"><strong>ARQ001SOL-167-2022 (2022-2025)<\/strong><\/p>\n\n\n\n<p><em><em>Paleontolog\u00eda<\/em>&nbsp;<\/em><\/p>\n\n\n\n<p><strong>Direcci\u00f3n:<\/strong> Dr. Josep Fortuny&nbsp;&#8211; Institut Catal\u00e0 de Paleontologia Miquel Crusafont (ICP).<\/p>\n\n\n<style>.wp-block-kadence-advancedheading.kt-adv-heading29142_0ded8d-84, .wp-block-kadence-advancedheading.kt-adv-heading29142_0ded8d-84[data-kb-block=\"kb-adv-heading29142_0ded8d-84\"]{font-style:normal;}.wp-block-kadence-advancedheading.kt-adv-heading29142_0ded8d-84 mark.kt-highlight, .wp-block-kadence-advancedheading.kt-adv-heading29142_0ded8d-84[data-kb-block=\"kb-adv-heading29142_0ded8d-84\"] mark.kt-highlight{font-style:normal;color:#f76a0c;-webkit-box-decoration-break:clone;box-decoration-break:clone;padding-top:0px;padding-right:0px;padding-bottom:0px;padding-left:0px;}.wp-block-kadence-advancedheading.kt-adv-heading29142_0ded8d-84 img.kb-inline-image, .wp-block-kadence-advancedheading.kt-adv-heading29142_0ded8d-84[data-kb-block=\"kb-adv-heading29142_0ded8d-84\"] img.kb-inline-image{width:150px;vertical-align:baseline;}<\/style>\n<h3 class=\"kt-adv-heading29142_0ded8d-84 wp-block-kadence-advancedheading\" data-kb-block=\"kb-adv-heading29142_0ded8d-84\"><strong><br><strong>El Cret\u00e1ceo continental del Pirineo meridional catal\u00e1n: ecosistemas y evoluci\u00f3n faun\u00edstica<\/strong><\/strong><\/h3>\n\n\n\n<p class=\"has-small-font-size\"><strong>(2022-2025)<\/strong><\/p>\n\n\n\n<p><em><em>Paleontolog\u00eda<\/em>&nbsp;<\/em><\/p>\n\n\n\n<p><strong>Direcci\u00f3n: <\/strong>Dr. \u00c0ngel Galobart&nbsp;&#8211; Institut Catal\u00e0 de Paleontologia Miquel Crusafont (ICP).<\/p>\n\n\n<style>.wp-block-kadence-advancedheading.kt-adv-heading29142_22feaa-4c, .wp-block-kadence-advancedheading.kt-adv-heading29142_22feaa-4c[data-kb-block=\"kb-adv-heading29142_22feaa-4c\"]{font-style:normal;}.wp-block-kadence-advancedheading.kt-adv-heading29142_22feaa-4c mark.kt-highlight, .wp-block-kadence-advancedheading.kt-adv-heading29142_22feaa-4c[data-kb-block=\"kb-adv-heading29142_22feaa-4c\"] mark.kt-highlight{font-style:normal;color:#f76a0c;-webkit-box-decoration-break:clone;box-decoration-break:clone;padding-top:0px;padding-right:0px;padding-bottom:0px;padding-left:0px;}.wp-block-kadence-advancedheading.kt-adv-heading29142_22feaa-4c img.kb-inline-image, .wp-block-kadence-advancedheading.kt-adv-heading29142_22feaa-4c[data-kb-block=\"kb-adv-heading29142_22feaa-4c\"] img.kb-inline-image{width:150px;vertical-align:baseline;}<\/style>\n<h3 class=\"kt-adv-heading29142_22feaa-4c wp-block-kadence-advancedheading\" data-kb-block=\"kb-adv-heading29142_22feaa-4c\"><strong><strong>El Pale\u00f3geno catal\u00e1n y el origen de los primates<\/strong><\/strong><\/h3>\n\n\n\n<p class=\"has-small-font-size\"><strong>CLT_2022_EXP_ARQ001SOLC_00000197 (2022-2025)<\/strong><\/p>\n\n\n\n<p><em><em>Paleontolog\u00eda<\/em>&nbsp;<\/em><\/p>\n\n\n\n<p>Este estudio pretende recuperar restos de vertebrados continentales, invertebrados y car\u00f3fitos en cuencas catalanas a trav\u00e9s del muestreo intensivo de localidades del Pale\u00f3geno conocidas y localizaci\u00f3n de nuevos niveles fosil\u00edferos para incrementar el conocimiento sobre la taxonom\u00eda, las relaciones filogen\u00e9ticas y la paleobiolog\u00eda de diferentes grupos, con especial \u00e9nfasis en los primates. El objetivo es datar cuidadosamente y definir el paleoambiente de cada yacimiento a partir de la obtenci\u00f3n de datos.<\/p>\n\n\n\n<p><strong>Direcci\u00f3n: <\/strong>Dra. Judit Marig\u00f3&nbsp;&#8211; Institut Catal\u00e0 de Paleontologia Miquel Crusafont (ICP).<\/p>\n\n\n<style>.wp-block-kadence-advancedheading.kt-adv-heading29142_eb5c51-88, .wp-block-kadence-advancedheading.kt-adv-heading29142_eb5c51-88[data-kb-block=\"kb-adv-heading29142_eb5c51-88\"]{font-style:normal;}.wp-block-kadence-advancedheading.kt-adv-heading29142_eb5c51-88 mark.kt-highlight, .wp-block-kadence-advancedheading.kt-adv-heading29142_eb5c51-88[data-kb-block=\"kb-adv-heading29142_eb5c51-88\"] mark.kt-highlight{font-style:normal;color:#f76a0c;-webkit-box-decoration-break:clone;box-decoration-break:clone;padding-top:0px;padding-right:0px;padding-bottom:0px;padding-left:0px;}.wp-block-kadence-advancedheading.kt-adv-heading29142_eb5c51-88 img.kb-inline-image, .wp-block-kadence-advancedheading.kt-adv-heading29142_eb5c51-88[data-kb-block=\"kb-adv-heading29142_eb5c51-88\"] img.kb-inline-image{width:150px;vertical-align:baseline;}<\/style>\n<h3 class=\"kt-adv-heading29142_eb5c51-88 wp-block-kadence-advancedheading\" data-kb-block=\"kb-adv-heading29142_eb5c51-88\"><strong><strong>In territorio Orritense\u00bb. Evoluci\u00f3n del poblamiento prepirenaico de la antig\u00fcedad tard\u00eda en el mundo medieval<\/strong><\/strong><\/h3>\n\n\n\n<p class=\"has-small-font-size\"><strong>ARQ001SOL-129-2022 (2022-2025)<\/strong><\/p>\n\n\n\n<p><em>Arqueolog\u00eda<\/em><\/p>\n\n\n\n<p>El proyecto \u00abIn territorio Orritense\u00bb propone analizar los cambios acaecidos en el poblamiento, las formas de h\u00e1bitat, la explotaci\u00f3n de recursos y la ordenaci\u00f3n del territorio entre la tardoantig\u00fcedad y el mundo medieval en la zona del Prepirineo catal\u00e1n por medio de diversas intervenciones arqueol\u00f3gicas, entre ellas excavaciones en extensi\u00f3n, prospecciones visuales en superficie y prospecciones geof\u00edsicas. Tambi\u00e9n incluye la revisi\u00f3n de documentaci\u00f3n de archivo y un importante programa de conservaci\u00f3n, valorizaci\u00f3n y difusi\u00f3n de los restos conservados.<\/p>\n\n\n\n<p><strong>Direcci\u00f3n: <\/strong>Dr. Xavier Costa Badia&nbsp;&#8211; Ajuntament d&#8217;Isona i Conca Dell\u00e0<\/p>\n\n\n\n<p><strong>Con la colaboraci\u00f3n de: <\/strong>Universitat de Barcelona (LAMUB i SGR GEAH), Ajuntament de Tremp, Ajuntament de Talarn i Fundaci\u00f3 Catalunya &#8211; La Pedrera.<\/p>\n\n\n<style>.wp-block-kadence-advancedheading.kt-adv-heading29142_4ac61f-86, .wp-block-kadence-advancedheading.kt-adv-heading29142_4ac61f-86[data-kb-block=\"kb-adv-heading29142_4ac61f-86\"]{font-style:normal;}.wp-block-kadence-advancedheading.kt-adv-heading29142_4ac61f-86 mark.kt-highlight, .wp-block-kadence-advancedheading.kt-adv-heading29142_4ac61f-86[data-kb-block=\"kb-adv-heading29142_4ac61f-86\"] mark.kt-highlight{font-style:normal;color:#f76a0c;-webkit-box-decoration-break:clone;box-decoration-break:clone;padding-top:0px;padding-right:0px;padding-bottom:0px;padding-left:0px;}.wp-block-kadence-advancedheading.kt-adv-heading29142_4ac61f-86 img.kb-inline-image, .wp-block-kadence-advancedheading.kt-adv-heading29142_4ac61f-86[data-kb-block=\"kb-adv-heading29142_4ac61f-86\"] img.kb-inline-image{width:150px;vertical-align:baseline;}<\/style>\n<h3 class=\"kt-adv-heading29142_4ac61f-86 wp-block-kadence-advancedheading\" data-kb-block=\"kb-adv-heading29142_4ac61f-86\"><strong><strong>La ciudad de Aeso (Isona) y su territorio en las \u00e9pocas ib\u00e9rica y romana<\/strong><\/strong><\/h3>\n\n\n\n<p class=\"has-small-font-size\"><strong>CLT\/2022\/ARQ001SOLC\/165 (2022-2025)<\/strong><\/p>\n\n\n\n<p><em>Arqueolog\u00eda<\/em><\/p>\n\n\n\n<p>Proyecto que incluye excavaciones arqueol\u00f3gicas en la ciudad romana de Aeso (Isona) y en la villa romana de Llor\u00eds, estudiar y prospectar el territorio y la revisi\u00f3n del fondo muse\u00edstico relacionado.<\/p>\n\n\n\n<p><strong>Direcci\u00f3n:<\/strong> Dr. Ignasi Garc\u00e8s Estallo&nbsp;&#8211; Universitat de Barcelona (UB).<\/p>\n\n\n<style>.wp-block-kadence-advancedheading.kt-adv-heading29142_40ca66-97, .wp-block-kadence-advancedheading.kt-adv-heading29142_40ca66-97[data-kb-block=\"kb-adv-heading29142_40ca66-97\"]{font-style:normal;}.wp-block-kadence-advancedheading.kt-adv-heading29142_40ca66-97 mark.kt-highlight, .wp-block-kadence-advancedheading.kt-adv-heading29142_40ca66-97[data-kb-block=\"kb-adv-heading29142_40ca66-97\"] mark.kt-highlight{font-style:normal;color:#f76a0c;-webkit-box-decoration-break:clone;box-decoration-break:clone;padding-top:0px;padding-right:0px;padding-bottom:0px;padding-left:0px;}.wp-block-kadence-advancedheading.kt-adv-heading29142_40ca66-97 img.kb-inline-image, .wp-block-kadence-advancedheading.kt-adv-heading29142_40ca66-97[data-kb-block=\"kb-adv-heading29142_40ca66-97\"] img.kb-inline-image{width:150px;vertical-align:baseline;}<\/style>\n<h3 class=\"kt-adv-heading29142_40ca66-97 wp-block-kadence-advancedheading\" data-kb-block=\"kb-adv-heading29142_40ca66-97\"><strong><br><strong>De Ipsos Kastellos: H\u00e1bitat y fortalezas de monta\u00f1a en la Catalu\u00f1a Medieval (S. IX-XIII)<\/strong><\/strong><\/h3>\n\n\n\n<p class=\"has-small-font-size\"><strong>ARQ001SOL-161-2022 (2022-2025)<\/strong><\/p>\n\n\n\n<p><em>Arqueolog\u00eda<\/em><\/p>\n\n\n\n<p>El proyecto De Ipsos Kastellos tiene como objetivo principal investigar sobre la g\u00e9nesis y la evoluci\u00f3n de los h\u00e1bitats altomedievales vinculados a la presencia de castillos y otros elementos de fortificaci\u00f3n, en las zonas de media monta\u00f1a de la Catalu\u00f1a de poniente.<\/p>\n\n\n\n<p><strong>Direcci\u00f3n:<\/strong> Dra. Marta Sancho Planas&nbsp;&#8211; Universitat de Barcelona (LAMUB)<\/p>\n\n\n\n<p><strong>Con la colaboraci\u00f3n de:  <\/strong>Geoparc mundial de la UNESCO Or\u00edgens, Consell Comarcal del Pallars Juss\u00e0, Ajuntament de Gavet de la Conca, Ajuntament de la Pobla de Segur, Ajuntament de Castell de Mur, Centre d\u2019Estudis Lacetans i Universitat de Barcelona (SGR GEAH).<\/p>\n\n\n<style>.wp-block-kadence-advancedheading.kt-adv-heading29142_b2d0c5-1f, .wp-block-kadence-advancedheading.kt-adv-heading29142_b2d0c5-1f[data-kb-block=\"kb-adv-heading29142_b2d0c5-1f\"]{font-style:normal;}.wp-block-kadence-advancedheading.kt-adv-heading29142_b2d0c5-1f mark.kt-highlight, .wp-block-kadence-advancedheading.kt-adv-heading29142_b2d0c5-1f[data-kb-block=\"kb-adv-heading29142_b2d0c5-1f\"] mark.kt-highlight{font-style:normal;color:#f76a0c;-webkit-box-decoration-break:clone;box-decoration-break:clone;padding-top:0px;padding-right:0px;padding-bottom:0px;padding-left:0px;}.wp-block-kadence-advancedheading.kt-adv-heading29142_b2d0c5-1f img.kb-inline-image, .wp-block-kadence-advancedheading.kt-adv-heading29142_b2d0c5-1f[data-kb-block=\"kb-adv-heading29142_b2d0c5-1f\"] img.kb-inline-image{width:150px;vertical-align:baseline;}<\/style>\n<h3 class=\"kt-adv-heading29142_b2d0c5-1f wp-block-kadence-advancedheading\" data-kb-block=\"kb-adv-heading29142_b2d0c5-1f\"><strong><strong>Poblaci\u00f3n y modos de vida durante el Pleistoceno Superior y Holoceno en el Prepirineo Oriental<\/strong><\/strong><\/h3>\n\n\n\n<p class=\"has-small-font-size\"><strong>PID2019-104843GB-I00 (2020-2023)<\/strong><\/p>\n\n\n\n<p><em>Prehistoria<\/em><\/p>\n\n\n\n<p><strong>Direcci\u00f3n:<\/strong> Dr. Rafael Mora Torcal&nbsp;&#8211; Universitat Aut\u00f2noma de Barcelona (UAB).<\/p>\n\n\n<style>.wp-block-kadence-advancedheading.kt-adv-heading29142_2f93fe-d3, .wp-block-kadence-advancedheading.kt-adv-heading29142_2f93fe-d3[data-kb-block=\"kb-adv-heading29142_2f93fe-d3\"]{font-style:normal;}.wp-block-kadence-advancedheading.kt-adv-heading29142_2f93fe-d3 mark.kt-highlight, .wp-block-kadence-advancedheading.kt-adv-heading29142_2f93fe-d3[data-kb-block=\"kb-adv-heading29142_2f93fe-d3\"] mark.kt-highlight{font-style:normal;color:#f76a0c;-webkit-box-decoration-break:clone;box-decoration-break:clone;padding-top:0px;padding-right:0px;padding-bottom:0px;padding-left:0px;}.wp-block-kadence-advancedheading.kt-adv-heading29142_2f93fe-d3 img.kb-inline-image, .wp-block-kadence-advancedheading.kt-adv-heading29142_2f93fe-d3[data-kb-block=\"kb-adv-heading29142_2f93fe-d3\"] img.kb-inline-image{width:150px;vertical-align:baseline;}<\/style>\n<h3 class=\"kt-adv-heading29142_2f93fe-d3 wp-block-kadence-advancedheading\" data-kb-block=\"kb-adv-heading29142_2f93fe-d3\"><strong><strong>Poblamiento humano en el Prepirineo oriental durante el Pleistoceno Superior y Holoceno<\/strong><\/strong><\/h3>\n\n\n\n<p class=\"has-small-font-size\"><strong>CLT_2022_EXP_ARQ001SOLC_00000105 (2022-2026)<\/strong><\/p>\n\n\n\n<p><em>Prehistoria<\/em><\/p>\n\n\n\n<p><strong>Direcci\u00f3n: <\/strong>Drs. Rafael Mora Torcal&nbsp;i Jorge Mart\u00ednez-Moreno &#8211; Universitat Aut\u00f2noma de Barcelona (UAB).<\/p>\n\n\n<style>.wp-block-kadence-advancedheading.kt-adv-heading29142_06d258-03, .wp-block-kadence-advancedheading.kt-adv-heading29142_06d258-03[data-kb-block=\"kb-adv-heading29142_06d258-03\"]{font-style:normal;}.wp-block-kadence-advancedheading.kt-adv-heading29142_06d258-03 mark.kt-highlight, .wp-block-kadence-advancedheading.kt-adv-heading29142_06d258-03[data-kb-block=\"kb-adv-heading29142_06d258-03\"] mark.kt-highlight{font-style:normal;color:#f76a0c;-webkit-box-decoration-break:clone;box-decoration-break:clone;padding-top:0px;padding-right:0px;padding-bottom:0px;padding-left:0px;}.wp-block-kadence-advancedheading.kt-adv-heading29142_06d258-03 img.kb-inline-image, .wp-block-kadence-advancedheading.kt-adv-heading29142_06d258-03[data-kb-block=\"kb-adv-heading29142_06d258-03\"] img.kb-inline-image{width:150px;vertical-align:baseline;}<\/style>\n<h3 class=\"kt-adv-heading29142_06d258-03 wp-block-kadence-advancedheading\" data-kb-block=\"kb-adv-heading29142_06d258-03\"><strong>Poblamiento y formas de vida durante el Pleistoceno Final y Holoceno en el Prepirineo Oriental. Anal\u00edticas del registro Neol\u00edtico de Cova Gran, Cova del Tabac y Font del Ros<\/strong><\/h3>\n\n\n\n<p class=\"has-small-font-size\"><strong>Fundaci\u00f3n Palarq. Convocatoria de anal\u00edticas 2022-2023<\/strong><\/p>\n\n\n\n<p><em>Prehistoria<\/em><\/p>\n\n\n\n<p><strong>Direcci\u00f3n:<\/strong> Drs. Rafael Mora Torcal, Jorge Mart\u00ednez-Moreno i Paloma Gonz\u00e1lez Marc\u00e9n &#8211; Universitat Aut\u00f2noma de Barcelona (UAB).<\/p>\n\n\n<style>.wp-block-kadence-advancedheading.kt-adv-heading29142_04adcc-ea, .wp-block-kadence-advancedheading.kt-adv-heading29142_04adcc-ea[data-kb-block=\"kb-adv-heading29142_04adcc-ea\"]{font-style:normal;}.wp-block-kadence-advancedheading.kt-adv-heading29142_04adcc-ea mark.kt-highlight, .wp-block-kadence-advancedheading.kt-adv-heading29142_04adcc-ea[data-kb-block=\"kb-adv-heading29142_04adcc-ea\"] mark.kt-highlight{font-style:normal;color:#f76a0c;-webkit-box-decoration-break:clone;box-decoration-break:clone;padding-top:0px;padding-right:0px;padding-bottom:0px;padding-left:0px;}.wp-block-kadence-advancedheading.kt-adv-heading29142_04adcc-ea img.kb-inline-image, .wp-block-kadence-advancedheading.kt-adv-heading29142_04adcc-ea[data-kb-block=\"kb-adv-heading29142_04adcc-ea\"] img.kb-inline-image{width:150px;vertical-align:baseline;}<\/style>\n<h3 class=\"kt-adv-heading29142_04adcc-ea wp-block-kadence-advancedheading\" data-kb-block=\"kb-adv-heading29142_04adcc-ea\"><strong>Campus Joven de Arqueolog\u00eda \u2013 INVESTIGA.EDU<\/strong><\/h3>\n\n\n\n<p class=\"has-small-font-size\"><strong>FCT-21-17031 (2022-2023)<\/strong><\/p>\n\n\n\n<p><em><em>Prehistoria, Arqueolog\u00eda, Medio natural, Paleontolog\u00eda<\/em><\/em><\/p>\n\n\n\n<p>Programa de innovaci\u00f3n educativa que pretende acercar la investigaci\u00f3n cient\u00edfica a los centros educativos.<\/p>\n\n\n\n<p><strong>Direcci\u00f3n:  <\/strong>Dra. Paloma Gonz\u00e1lez Marc\u00e9n &#8211; Universitat Aut\u00f2noma de Barcelona (UAB).<\/p>\n\n\n<style>.wp-block-kadence-advancedheading.kt-adv-heading29142_5df6a3-4f, .wp-block-kadence-advancedheading.kt-adv-heading29142_5df6a3-4f[data-kb-block=\"kb-adv-heading29142_5df6a3-4f\"]{font-style:normal;}.wp-block-kadence-advancedheading.kt-adv-heading29142_5df6a3-4f mark.kt-highlight, .wp-block-kadence-advancedheading.kt-adv-heading29142_5df6a3-4f[data-kb-block=\"kb-adv-heading29142_5df6a3-4f\"] mark.kt-highlight{font-style:normal;color:#f76a0c;-webkit-box-decoration-break:clone;box-decoration-break:clone;padding-top:0px;padding-right:0px;padding-bottom:0px;padding-left:0px;}.wp-block-kadence-advancedheading.kt-adv-heading29142_5df6a3-4f img.kb-inline-image, .wp-block-kadence-advancedheading.kt-adv-heading29142_5df6a3-4f[data-kb-block=\"kb-adv-heading29142_5df6a3-4f\"] img.kb-inline-image{width:150px;vertical-align:baseline;}<\/style>\n<h3 class=\"kt-adv-heading29142_5df6a3-4f wp-block-kadence-advancedheading\" data-kb-block=\"kb-adv-heading29142_5df6a3-4f\"><strong><strong>Competencia, co-evoluci\u00f3n y comensalismo: el uso de ambientes k\u00e1rsticos por humanos y carn\u00edvoros durante el Paleol\u00edtico Medio<\/strong><\/strong><\/h3>\n\n\n\n<p class=\"has-small-font-size\"><strong>ARQ001SOL-183-2022 (2022-2025)<\/strong><\/p>\n\n\n\n<p><em><em>Cuaternario, Evoluci\u00f3n humana, Paleontolog\u00eda, Arqueolog\u00eda<\/em><\/em><\/p>\n\n\n\n<p>A partir del estudio de las ocupaciones neandertales en las cuevas del Pallars, el objetivo principal del proyecto pretende contribuir a la reconstrucci\u00f3n del paisaje paleol\u00edtico en esta \u00e1rea geogr\u00e1fica tanto, desde el punto de vista geol\u00f3gico y geomorfol\u00f3gico como paleoecol\u00f3gico.<\/p>\n\n\n\n<p><strong>Direcci\u00f3n: <\/strong>Dr. Jordi Rosell Ard\u00e8vol &#8211; IPHES-CERCA.<\/p>\n\n\n<style>.wp-block-kadence-advancedheading.kt-adv-heading29142_2d2a2b-c2, .wp-block-kadence-advancedheading.kt-adv-heading29142_2d2a2b-c2[data-kb-block=\"kb-adv-heading29142_2d2a2b-c2\"]{font-style:normal;}.wp-block-kadence-advancedheading.kt-adv-heading29142_2d2a2b-c2 mark.kt-highlight, .wp-block-kadence-advancedheading.kt-adv-heading29142_2d2a2b-c2[data-kb-block=\"kb-adv-heading29142_2d2a2b-c2\"] mark.kt-highlight{font-style:normal;color:#f76a0c;-webkit-box-decoration-break:clone;box-decoration-break:clone;padding-top:0px;padding-right:0px;padding-bottom:0px;padding-left:0px;}.wp-block-kadence-advancedheading.kt-adv-heading29142_2d2a2b-c2 img.kb-inline-image, .wp-block-kadence-advancedheading.kt-adv-heading29142_2d2a2b-c2[data-kb-block=\"kb-adv-heading29142_2d2a2b-c2\"] img.kb-inline-image{width:150px;vertical-align:baseline;}<\/style>\n<h2 class=\"kt-adv-heading29142_2d2a2b-c2 wp-block-kadence-advancedheading has-theme-palette-1-color has-text-color\" data-kb-block=\"kb-adv-heading29142_2d2a2b-c2\">Astronom\u00eda<\/h2>\n\n\n<style>.wp-block-kadence-advancedheading.kt-adv-heading29142_7ab3f4-37, .wp-block-kadence-advancedheading.kt-adv-heading29142_7ab3f4-37[data-kb-block=\"kb-adv-heading29142_7ab3f4-37\"]{font-style:normal;}.wp-block-kadence-advancedheading.kt-adv-heading29142_7ab3f4-37 mark.kt-highlight, .wp-block-kadence-advancedheading.kt-adv-heading29142_7ab3f4-37[data-kb-block=\"kb-adv-heading29142_7ab3f4-37\"] mark.kt-highlight{font-style:normal;color:#f76a0c;-webkit-box-decoration-break:clone;box-decoration-break:clone;padding-top:0px;padding-right:0px;padding-bottom:0px;padding-left:0px;}.wp-block-kadence-advancedheading.kt-adv-heading29142_7ab3f4-37 img.kb-inline-image, .wp-block-kadence-advancedheading.kt-adv-heading29142_7ab3f4-37[data-kb-block=\"kb-adv-heading29142_7ab3f4-37\"] img.kb-inline-image{width:150px;vertical-align:baseline;}<\/style>\n<h3 class=\"kt-adv-heading29142_7ab3f4-37 wp-block-kadence-advancedheading\" data-kb-block=\"kb-adv-heading29142_7ab3f4-37\"><strong><a href=\"https:\/\/pirineoslanuit.org\/\"><strong>Pirineos La Nuit<\/strong><\/a><strong>: Estrategia Pirenaica para la protecci\u00f3n i mejora de la calidad del medio nocturno<\/strong><\/strong><\/h3>\n\n\n\n<p class=\"has-small-font-size\"><strong>EFA 233\/16 PLN. POCTEFA (2014-2023)<\/strong><\/p>\n\n\n\n<p><em><em>Astronom\u00eda, Contaminaci\u00f3n Lum\u00ednica<\/em><\/em><\/p>\n\n\n\n<p>Pirineos La Nuit pretende mejorar la calidad de los ecosistemas transfronterizos mediante la protecci\u00f3n y la mejora de un aspecto muy concreto: la oscuridad natural nocturna. El aumento de la contaminaci\u00f3n lum\u00ednica supone la p\u00e9rdida de ese valor natural que es, a su vez, un factor natural determinante en el estado de la biodiversidad, los ecosistemas y la salud de las personas. El resultado final y principal es la elaboraci\u00f3n de una estrategia para la protecci\u00f3n y mejora de la calidad del medio nocturno que sirva a la vez de referencia y hoja de ruta para otros enclaves o zonas que quieran abordar la misma problem\u00e1tica.<\/p>\n\n\n\n<p><strong>Direcci\u00f3n del Proyecto: <\/strong>NICDO &#8211; Planetario de Pamplona.<\/p>\n\n\n\n<p><strong>Otros socios del proyecto<\/strong>: Consell Comarcal de la Noguera, Gesti\u00f3n Ambiental de Navarra S.A., Pic du Midi, \u00c0 Ciel Ouvert i CPIE 65.<\/p>\n<\/div><\/div>\n\n<\/div><\/div>","protected":false},"excerpt":{"rendered":"<p>La investigaci\u00f3n es fundamental para los Geoparques. En la actualidad se est\u00e1n desarrollando los siguientes proyectos de investigaci\u00f3n en el Geoparque Or\u00edgens: Ciencias de la Tierra Un museo natural abierto en los Pirineos: experiencia de realidad virtual para la difusi\u00f3n y conservaci\u00f3n del patrimonio geol\u00f3gico y cultural (VIGEOCULT) PLEC2021-00793 (2021-2024) Geolog\u00eda estructural, Sedimentolog\u00eda, Paleontolog\u00eda, Historia,&#8230;<\/p>\n","protected":false},"author":2,"featured_media":0,"parent":0,"menu_order":0,"comment_status":"closed","ping_status":"closed","template":"","meta":{"_acf_changed":false,"_kad_blocks_custom_css":"","_kad_blocks_head_custom_js":"","_kad_blocks_body_custom_js":"","_kad_blocks_footer_custom_js":"","_kad_post_transparent":"","_kad_post_title":"show","_kad_post_layout":"","_kad_post_sidebar_id":"","_kad_post_content_style":"","_kad_post_vertical_padding":"","_kad_post_feature":"","_kad_post_feature_position":"","_kad_post_header":false,"_kad_post_footer":false,"_kad_post_classname":"","footnotes":""},"class_list":["post-29142","page","type-page","status-publish","hentry"],"acf":[],"taxonomy_info":[],"featured_image_src_large":false,"author_info":{"display_name":"Geoparc mundial UNESCO Or\u00edgens","author_link":"https:\/\/www.geoparcorigens.cat\/es\/author\/moon\/"},"comment_info":0,"_links":{"self":[{"href":"https:\/\/www.geoparcorigens.cat\/es\/wp-json\/wp\/v2\/pages\/29142","targetHints":{"allow":["GET"]}}],"collection":[{"href":"https:\/\/www.geoparcorigens.cat\/es\/wp-json\/wp\/v2\/pages"}],"about":[{"href":"https:\/\/www.geoparcorigens.cat\/es\/wp-json\/wp\/v2\/types\/page"}],"author":[{"embeddable":true,"href":"https:\/\/www.geoparcorigens.cat\/es\/wp-json\/wp\/v2\/users\/2"}],"replies":[{"embeddable":true,"href":"https:\/\/www.geoparcorigens.cat\/es\/wp-json\/wp\/v2\/comments?post=29142"}],"version-history":[{"count":0,"href":"https:\/\/www.geoparcorigens.cat\/es\/wp-json\/wp\/v2\/pages\/29142\/revisions"}],"wp:attachment":[{"href":"https:\/\/www.geoparcorigens.cat\/es\/wp-json\/wp\/v2\/media?parent=29142"}],"curies":[{"name":"wp","href":"https:\/\/api.w.org\/{rel}","templated":true}]}}