{"id":29150,"date":"2024-12-11T15:55:29","date_gmt":"2024-12-11T14:55:29","guid":{"rendered":"https:\/\/www.geoparcorigens.cat\/publicacions\/"},"modified":"2025-01-13T18:21:18","modified_gmt":"2025-01-13T17:21:18","slug":"publicacions","status":"publish","type":"page","link":"https:\/\/www.geoparcorigens.cat\/es\/publicacions\/","title":{"rendered":"Publicaciones"},"content":{"rendered":"<style>.kb-row-layout-id29150_1b4a51-09 > .kt-row-column-wrap{align-content:start;}:where(.kb-row-layout-id29150_1b4a51-09 > .kt-row-column-wrap) > .wp-block-kadence-column{justify-content:start;}.kb-row-layout-id29150_1b4a51-09 > .kt-row-column-wrap{column-gap:var(--global-kb-gap-lg, 4rem);row-gap:var(--global-kb-gap-none, 0rem );max-width:900px;margin-left:auto;margin-right:auto;padding-top:var(--global-kb-spacing-xxl, 5rem);padding-bottom:var(--global-kb-spacing-xxl, 5rem);grid-template-columns:repeat(2, minmax(0, 1fr));}.kb-row-layout-id29150_1b4a51-09 > .kt-row-layout-overlay{opacity:0.30;}@media all and (max-width: 1024px){.kb-row-layout-id29150_1b4a51-09 > .kt-row-column-wrap{column-gap:var(--global-kb-gap-md, 2rem);row-gap:var(--global-kb-gap-md, 2rem);padding-top:var(--global-kb-spacing-lg, 3rem);padding-right:var(--global-kb-spacing-xs, 1rem);padding-bottom:var(--global-kb-spacing-lg, 3rem);padding-left:var(--global-kb-spacing-xs, 1rem);grid-template-columns:repeat(2, minmax(0, 1fr));}}@media all and (max-width: 767px){.kb-row-layout-id29150_1b4a51-09 > .kt-row-column-wrap{padding-top:var(--global-kb-spacing-md, 2rem);padding-bottom:var(--global-kb-spacing-md, 2rem);grid-template-columns:minmax(0, 1fr);}}<\/style><div class=\"kb-row-layout-wrap kb-row-layout-id29150_1b4a51-09 alignfull wp-block-kadence-rowlayout\"><div class=\"kt-row-column-wrap kt-has-2-columns kt-row-layout-equal kt-tab-layout-inherit kt-mobile-layout-row kt-row-valign-top\">\n<style>.kadence-column29150_b00e25-10 > .kt-inside-inner-col,.kadence-column29150_b00e25-10 > .kt-inside-inner-col:before{border-top-left-radius:0px;border-top-right-radius:0px;border-bottom-right-radius:0px;border-bottom-left-radius:0px;}.kadence-column29150_b00e25-10 > .kt-inside-inner-col{column-gap:var(--global-kb-gap-sm, 1rem);}.kadence-column29150_b00e25-10 > .kt-inside-inner-col{flex-direction:column;}.kadence-column29150_b00e25-10 > .kt-inside-inner-col > .aligncenter{width:100%;}.kadence-column29150_b00e25-10 > .kt-inside-inner-col:before{opacity:0.3;}.kadence-column29150_b00e25-10{position:relative;}@media all and (max-width: 1024px){.kadence-column29150_b00e25-10 > .kt-inside-inner-col{flex-direction:column;justify-content:center;}}@media all and (max-width: 767px){.kadence-column29150_b00e25-10 > .kt-inside-inner-col{flex-direction:column;justify-content:center;}}<\/style>\n<div class=\"wp-block-kadence-column kadence-column29150_b00e25-10\"><div class=\"kt-inside-inner-col\">\n<p>Por su geodiversidad, calidad de afloramientos, facilidad de acceso y seguridad, este territorio cuenta con el&nbsp;reconocimiento internacional de laboratorio natural de geolog\u00eda&nbsp;reflejado en innumerables tesis doctorales y m\u00faltiples de publicaciones cient\u00edficas, que se van ampliando continuamente.<\/p>\n\n\n\n<p>La sede cient\u00edfica del Geoparque Or\u00edgens situada en el Centre de Suport Territorial dels Pirineus de Institut Cartogr\u00e0fic i Geol\u00f2gic de Catalunya dispone de una amplia biblioteca donde se puede consultar la bibliograf\u00eda relacionada con el territorio Geoparc y una Cartoteca Digital con m\u00e1s de 92.000 archivos para consultar mapas de toda Catalu\u00f1a.<\/p>\n<\/div><\/div>\n\n\n<style>.kadence-column29150_d8dfab-ff > .kt-inside-inner-col,.kadence-column29150_d8dfab-ff > .kt-inside-inner-col:before{border-top-left-radius:0px;border-top-right-radius:0px;border-bottom-right-radius:0px;border-bottom-left-radius:0px;}.kadence-column29150_d8dfab-ff > .kt-inside-inner-col{column-gap:var(--global-kb-gap-sm, 1rem);}.kadence-column29150_d8dfab-ff > .kt-inside-inner-col{flex-direction:column;}.kadence-column29150_d8dfab-ff > .kt-inside-inner-col > .aligncenter{width:100%;}.kadence-column29150_d8dfab-ff > .kt-inside-inner-col:before{opacity:0.3;}.kadence-column29150_d8dfab-ff{position:relative;}@media all and (max-width: 1024px){.kadence-column29150_d8dfab-ff > .kt-inside-inner-col{flex-direction:column;justify-content:center;}}@media all and (max-width: 767px){.kadence-column29150_d8dfab-ff > .kt-inside-inner-col{flex-direction:column;justify-content:center;}}<\/style>\n<div class=\"wp-block-kadence-column kadence-column29150_d8dfab-ff\"><div class=\"kt-inside-inner-col\"><style>.kb-table-of-content-nav.kb-table-of-content-id29150_491830-6c .kb-table-of-content-wrap{padding-top:0px;padding-right:var(--global-kb-spacing-sm, 1.5rem);padding-bottom:var(--global-kb-spacing-sm, 1.5rem);padding-left:var(--global-kb-spacing-sm, 1.5rem);}.kb-table-of-content-nav.kb-table-of-content-id29150_491830-6c .kb-table-of-contents-title-wrap{padding-top:0px;padding-right:0px;padding-bottom:0px;padding-left:0px;}.kb-table-of-content-nav.kb-table-of-content-id29150_491830-6c .kb-table-of-contents-title{font-weight:regular;font-style:normal;}.kb-table-of-content-nav.kb-table-of-content-id29150_491830-6c .kb-table-of-content-wrap .kb-table-of-content-list{font-weight:regular;font-style:normal;margin-top:var(--global-kb-spacing-sm, 1.5rem);margin-right:0px;margin-bottom:0px;margin-left:0px;}<\/style>\n\n<style>.wp-block-kadence-advancedbtn.kb-btns29150_585f33-41{gap:var(--global-kb-gap-xs, 0.5rem );justify-content:center;align-items:center;}.kt-btns29150_585f33-41 .kt-button{font-weight:normal;font-style:normal;}.kt-btns29150_585f33-41 .kt-btn-wrap-0{margin-right:5px;}.wp-block-kadence-advancedbtn.kt-btns29150_585f33-41 .kt-btn-wrap-0 .kt-button{color:#555555;border-color:#555555;}.wp-block-kadence-advancedbtn.kt-btns29150_585f33-41 .kt-btn-wrap-0 .kt-button:hover, .wp-block-kadence-advancedbtn.kt-btns29150_585f33-41 .kt-btn-wrap-0 .kt-button:focus{color:#ffffff;border-color:#444444;}.wp-block-kadence-advancedbtn.kt-btns29150_585f33-41 .kt-btn-wrap-0 .kt-button::before{display:none;}.wp-block-kadence-advancedbtn.kt-btns29150_585f33-41 .kt-btn-wrap-0 .kt-button:hover, .wp-block-kadence-advancedbtn.kt-btns29150_585f33-41 .kt-btn-wrap-0 .kt-button:focus{background:#444444;}<\/style>\n<div class=\"wp-block-kadence-advancedbtn kb-buttons-wrap kb-btns29150_585f33-41\"><style>ul.menu .wp-block-kadence-advancedbtn .kb-btn29150_c54c86-05.kb-button{width:initial;}.wp-block-kadence-advancedbtn .kb-btn29150_c54c86-05.kb-button{border-top-left-radius:500px;border-top-right-radius:500px;border-bottom-right-radius:500px;border-bottom-left-radius:500px;}.wp-block-kadence-advancedbtn .kb-btn29150_c54c86-05.kb-button:hover, .wp-block-kadence-advancedbtn .kb-btn29150_c54c86-05.kb-button:focus{color:#ffffff;background:#8e6569;}<\/style><a class=\"kb-button kt-button button kb-btn29150_c54c86-05 kt-btn-size-small kt-btn-width-type-auto kb-btn-global-inherit  kt-btn-has-text-true kt-btn-has-svg-false  wp-block-button__link wp-block-kadence-singlebtn\" href=\"https:\/\/www.zotero.org\/geoparcorigens\/collections\/24EXP9MF\" target=\"_blank\" rel=\"noreferrer noopener\"><span class=\"kt-btn-inner-text\">Ves a la biblioteca del Geoparc Or\u00edgens<\/span><\/a>\n\n<style>ul.menu .wp-block-kadence-advancedbtn .kb-btn29150_84dffc-f7.kb-button{width:initial;}.wp-block-kadence-advancedbtn .kb-btn29150_84dffc-f7.kb-button{border-top-left-radius:500px;border-top-right-radius:500px;border-bottom-right-radius:500px;border-bottom-left-radius:500px;}.wp-block-kadence-advancedbtn .kb-btn29150_84dffc-f7.kb-button:hover, .wp-block-kadence-advancedbtn .kb-btn29150_84dffc-f7.kb-button:focus{color:#ffffff;background:#8e6569;}<\/style><a class=\"kb-button kt-button button kb-btn29150_84dffc-f7 kt-btn-size-small kt-btn-width-type-auto kb-btn-global-inherit  kt-btn-has-text-true kt-btn-has-svg-false  wp-block-button__link wp-block-kadence-singlebtn\" href=\"https:\/\/cartotecadigital.icgc.cat\/\" target=\"_blank\" rel=\"noreferrer noopener\"><span class=\"kt-btn-inner-text\">Ves a la Cartoteca Digital de l&#8217;ICGC<\/span><\/a><\/div>\n<\/div><\/div>\n\n<\/div><\/div>\n\n<style>.kb-row-layout-id29150_910424-44 > .kt-row-column-wrap{align-content:start;}:where(.kb-row-layout-id29150_910424-44 > .kt-row-column-wrap) > .wp-block-kadence-column{justify-content:start;}.kb-row-layout-id29150_910424-44 > .kt-row-column-wrap{column-gap:var(--global-kb-gap-md, 2rem);row-gap:var(--global-kb-gap-none, 0rem );max-width:900px;margin-left:auto;margin-right:auto;padding-top:var(--global-kb-spacing-xxl, 5rem);padding-bottom:var(--global-kb-spacing-xxl, 5rem);grid-template-columns:minmax(0, 1fr);}.kb-row-layout-id29150_910424-44 > .kt-row-layout-overlay{opacity:0.30;}@media all and (max-width: 1024px){.kb-row-layout-id29150_910424-44 > .kt-row-column-wrap{padding-top:var(--global-kb-spacing-lg, 3rem);padding-right:var(--global-kb-spacing-xs, 1rem);padding-bottom:var(--global-kb-spacing-lg, 3rem);padding-left:var(--global-kb-spacing-xs, 1rem);grid-template-columns:minmax(0, 1fr);}}@media all and (max-width: 767px){.kb-row-layout-id29150_910424-44 > .kt-row-column-wrap{padding-top:var(--global-kb-spacing-md, 2rem);padding-bottom:var(--global-kb-spacing-md, 2rem);grid-template-columns:minmax(0, 1fr);}}<\/style><div class=\"kb-row-layout-wrap kb-row-layout-id29150_910424-44 alignfull wp-block-kadence-rowlayout\"><div class=\"kt-row-column-wrap kt-has-1-columns kt-row-layout-equal kt-tab-layout-inherit kt-mobile-layout-row kt-row-valign-top\">\n<style>.kadence-column29150_ad82bd-bd > .kt-inside-inner-col,.kadence-column29150_ad82bd-bd > .kt-inside-inner-col:before{border-top-left-radius:0px;border-top-right-radius:0px;border-bottom-right-radius:0px;border-bottom-left-radius:0px;}.kadence-column29150_ad82bd-bd > .kt-inside-inner-col{column-gap:var(--global-kb-gap-sm, 1rem);}.kadence-column29150_ad82bd-bd > .kt-inside-inner-col{flex-direction:column;}.kadence-column29150_ad82bd-bd > .kt-inside-inner-col > .aligncenter{width:100%;}.kadence-column29150_ad82bd-bd > .kt-inside-inner-col:before{opacity:0.3;}.kadence-column29150_ad82bd-bd{position:relative;}@media all and (max-width: 1024px){.kadence-column29150_ad82bd-bd > .kt-inside-inner-col{flex-direction:column;justify-content:center;}}@media all and (max-width: 767px){.kadence-column29150_ad82bd-bd > .kt-inside-inner-col{flex-direction:column;justify-content:center;}}<\/style>\n<div class=\"wp-block-kadence-column kadence-column29150_ad82bd-bd\"><div class=\"kt-inside-inner-col\"><style>.wp-block-kadence-advancedheading.kt-adv-heading29150_5ecc93-5c, .wp-block-kadence-advancedheading.kt-adv-heading29150_5ecc93-5c[data-kb-block=\"kb-adv-heading29150_5ecc93-5c\"]{font-style:normal;}.wp-block-kadence-advancedheading.kt-adv-heading29150_5ecc93-5c mark.kt-highlight, .wp-block-kadence-advancedheading.kt-adv-heading29150_5ecc93-5c[data-kb-block=\"kb-adv-heading29150_5ecc93-5c\"] mark.kt-highlight{font-style:normal;color:#f76a0c;-webkit-box-decoration-break:clone;box-decoration-break:clone;padding-top:0px;padding-right:0px;padding-bottom:0px;padding-left:0px;}.wp-block-kadence-advancedheading.kt-adv-heading29150_5ecc93-5c img.kb-inline-image, .wp-block-kadence-advancedheading.kt-adv-heading29150_5ecc93-5c[data-kb-block=\"kb-adv-heading29150_5ecc93-5c\"] img.kb-inline-image{width:150px;vertical-align:baseline;}<\/style>\n<h2 class=\"kt-adv-heading29150_5ecc93-5c wp-block-kadence-advancedheading\" data-kb-block=\"kb-adv-heading29150_5ecc93-5c\">Libros<\/h2>\n\n\n\n<ul class=\"wp-block-list\">\n<li>Bordonau, J., 2005.&nbsp;<strong>El relleu i el modelat glacial als Pirineus<\/strong>. Horitz\u00f3, 8: 15-22.<\/li>\n\n\n\n<li>Escol\u00e0 i Boada, O. 1970.&nbsp;<strong>Cat\u00e1logo Espeleol\u00f3gico del Montsec<\/strong>. Espele\u00f2leg (11-12): 453-541. ERE del CEC. Barcelona.<\/li>\n\n\n\n<li>Institut Cartogr\u00e0fic i Geol\u00f2gic de Catalunya. 2010).<strong>&nbsp;Atles Geol\u00f2gic de Catalunya<\/strong>. ISBN: 978-84-393-8330-7. Generalitat de Catalunya.<\/li>\n\n\n\n<li>Luterbacher, H. 1970.&nbsp;<strong>Environmental distribution of Early Tertiary microfossils, Tremp Basin, Northeastern Spain<\/strong>. Edit. Esso Production \u2013 European Laboratoires, 1-48.<\/li>\n\n\n\n<li>Mart\u00ednez, A. (2013).&nbsp;<strong>Parque Nacional de Aig\u00fcestortes i Estany de Sant Maurici \u2013 Gu\u00eda Geol\u00f3gica<\/strong>. IGME.<\/li>\n\n\n\n<li>Peris\u00e9, E i Gimeno, M. (2022).&nbsp;<strong>Mines i miners.<\/strong>&nbsp;Garsineu Edicions. Tremp.<\/li>\n\n\n\n<li>Remacha, S. (2021).&nbsp;<strong>L\u2019hospital de cartr\u00f3 de Capdella<\/strong>. Eumo Editorial. Museu de la Ci\u00e8ncia i a T\u00e8cnica de Catalunya. Museu Mol\u00ed Paperer de Capellades.<\/li>\n\n\n\n<li>Rosell, J (2014)&nbsp;<strong>Gestaci\u00f3 i naixement de la Serra del Montsec&nbsp;<\/strong>Garsineu Edicions. Tremp<\/li>\n\n\n\n<li>Rosell, J. (2018)&nbsp;<strong>El substrat geol\u00f2gic del poble d\u2019\u00c0ger: \u00c0ger sense cases<\/strong>. Garsineu Edicions, Tremp.<\/li>\n\n\n\n<li>Rosell, J. (2020)&nbsp;<strong>Guia de punts d\u2019inter\u00e8s geol\u00f2gic de la Vall d\u2019\u00c0ger<\/strong>. Garsineu Edicions, Tremp.<\/li>\n\n\n\n<li>Rosell, J. i Llompart, C. (1988).&nbsp;<strong>Guia geol\u00f2gica del Montsec i e la Vall d\u2019\u00c0ger<\/strong>. Centre Excursionista de Catalunya amb el suport de l\u2019Institut d\u2019Estudis Ilerdencs. Ed. Montblanc-Mart\u00ed, Barcelona, 168 pp.<\/li>\n<\/ul>\n<\/div><\/div>\n\n<\/div><\/div>\n\n<style>.kb-row-layout-id29150_e933f5-78 > .kt-row-column-wrap{align-content:start;}:where(.kb-row-layout-id29150_e933f5-78 > .kt-row-column-wrap) > .wp-block-kadence-column{justify-content:start;}.kb-row-layout-id29150_e933f5-78 > .kt-row-column-wrap{column-gap:var(--global-kb-gap-md, 2rem);row-gap:var(--global-kb-gap-none, 0rem );max-width:900px;margin-left:auto;margin-right:auto;padding-top:var(--global-kb-spacing-xxl, 5rem);padding-bottom:var(--global-kb-spacing-xxl, 5rem);grid-template-columns:minmax(0, 1fr);}.kb-row-layout-id29150_e933f5-78 > .kt-row-layout-overlay{opacity:0.30;}@media all and (max-width: 1024px){.kb-row-layout-id29150_e933f5-78 > .kt-row-column-wrap{padding-top:var(--global-kb-spacing-lg, 3rem);padding-right:var(--global-kb-spacing-xs, 1rem);padding-bottom:var(--global-kb-spacing-lg, 3rem);padding-left:var(--global-kb-spacing-xs, 1rem);grid-template-columns:minmax(0, 1fr);}}@media all and (max-width: 767px){.kb-row-layout-id29150_e933f5-78 > .kt-row-column-wrap{padding-top:var(--global-kb-spacing-md, 2rem);grid-template-columns:minmax(0, 1fr);}}<\/style><div class=\"kb-row-layout-wrap kb-row-layout-id29150_e933f5-78 alignfull wp-block-kadence-rowlayout\"><div class=\"kt-row-column-wrap kt-has-1-columns kt-row-layout-equal kt-tab-layout-inherit kt-mobile-layout-row kt-row-valign-top\">\n<style>.kadence-column29150_e10031-c5 > .kt-inside-inner-col,.kadence-column29150_e10031-c5 > .kt-inside-inner-col:before{border-top-left-radius:0px;border-top-right-radius:0px;border-bottom-right-radius:0px;border-bottom-left-radius:0px;}.kadence-column29150_e10031-c5 > .kt-inside-inner-col{column-gap:var(--global-kb-gap-sm, 1rem);}.kadence-column29150_e10031-c5 > .kt-inside-inner-col{flex-direction:column;}.kadence-column29150_e10031-c5 > .kt-inside-inner-col > .aligncenter{width:100%;}.kadence-column29150_e10031-c5 > .kt-inside-inner-col:before{opacity:0.3;}.kadence-column29150_e10031-c5{position:relative;}@media all and (max-width: 1024px){.kadence-column29150_e10031-c5 > .kt-inside-inner-col{flex-direction:column;justify-content:center;}}@media all and (max-width: 767px){.kadence-column29150_e10031-c5 > .kt-inside-inner-col{flex-direction:column;justify-content:center;}}<\/style>\n<div class=\"wp-block-kadence-column kadence-column29150_e10031-c5\"><div class=\"kt-inside-inner-col\">\n<h2 class=\"wp-block-heading\">Cap\u00edtulos en libros<\/h2>\n\n\n\n<p>Bond, R. M. G., and K. R. McClay, 1995, Inversion of a lower Cretaceous extensional basin, south central Pyrenees, Spain, in J. G. Buchanan and P. G. Buchanan, eds., Basin inversion: Geological Society (London) Special Publication 88, p. 415\u2013431.<\/p>\n\n\n\n<p>Calvet, M. (2004). The Quaternary glaciation of the Pyrenees. In Developments in Quaternary Sciences (Vol. 2, pp. 119-128). Elsevier.<\/p>\n\n\n\n<p>Casanovas, M.L. (1998). Antecendentes de los estudios paleontol\u00f3gicos en el Eoceno Superior de la Pobla de Segur. In: Lopez-Mart\u00ednez, N., Civis, J., Daams, R. (Eds.), Geolog\u00eda y Paleontolog\u00eda del Eoceno de la Pobla de Segur (Lleida). Edicions de la Universitat de Lleida, Lleida, pp. 41-47.<\/p>\n\n\n\n<p>Cuevas, J. L., Dreyer, T. Mercad\u00e9, L. (1991). En: Guidebook of 4th Intern. Conference on Fluvial Sedimentology (M. Marzo y C. Puigdef\u00e0bregas, Eds),.Publicaciones Servei Geol\u00f2gic de Catalunya, 2\u00aa Edici\u00f3, 23-26 y 103-105.<\/p>\n\n\n\n<p>D\u00edez-Canseco, D., Arz, J.A., Benito, M., D\u00edaz-Molina, M., Arenillas, I., 2014. Tidal influence in redbeds: a palaeoenvironmental and biochronostratigraphic reconstruction of the Lower Tremp Formation (South-Central Pyrenees, Spain) around the Cretaceous\/Paleogene boundary. Sedimentary Geology 312, 31\u201349.<\/p>\n\n\n\n<p>Femenias-Gual, J., Minwer-Barakat, R., Marig\u00f3, J., Poyatos-Mor\u00e9, M., &amp; Moy\u00e0-Sol\u00e0, S. (2017). Agerinia marandati sp. nov., a new early Eocene primate from the Iberian Peninsula, sheds new light on the evolution of the genus Agerinia. PeerJ, 5, e3239.<\/p>\n\n\n\n<p>Garc\u00eda Veigas, J. (1997). First continental evaporitic phase in the South Pyrenean Central area: Tremp Gypsum (Garumn Facies, Upper Paleocene; Allochtonous Zone). In: Busson, G., &amp; Schreiber, B. C. (eds.) Sedimentary deposition in rift and foreland basins in France and Spain (Paleogene and Lower Neogene). Columbia University Press, 335-342.<\/p>\n\n\n\n<p>Marti, J., 1995. Volcanisme des Pyren\u00e9es Catalanes, in Magmatisme Hercynien, Synth\u00e8se G\u00e9ologique et G\u00e9ophysique des Pyren\u00e9es (Barnolas, A. et Chiron, J.C., eds), Tome 1 \u2013 Cycle Hercynien, Edition BRGM-ITGE, Orl\u00e9ans et Madrid, : 383-395.<\/p>\n\n\n\n<p>Mu\u00f1oz, J. A. (1992) Evolution of a continental collision belt: ECORS-Pyrenees crustal balanced cross-section. In: McClay, K. R. &amp; Buchanan, P. G. (Eds.), Thrust Tectonics. Chapman &amp; Hall, London, 235\u2013246<\/p>\n\n\n\n<p>Mutti, E., Rosell, J., Allen, G.P., Fonnesu, F. i Sgavetti, M. (1985). The Eocene Baronia tide dominated delta-shelf system in the Ager basin. In: Excursion Guidebook, IAS 6th European Regional Meeting (M.D. Mil\u00e0 i J. Rosell, Eds.): 579-625.<\/p>\n\n\n\n<p>Ogg, J.G., Hinnov, L.A., 2012. Cretaceous. In: Gradstein, F.M., Ogg, J.G., Schmitz, M.D., Ogg, G.M. (Eds.), The Geological Time Scale. Elsevier, Amsterdam, pp. 793\u2013853.<\/p>\n\n\n\n<p>Puigdef\u00e0bregas, C., Mu\u00f1oz, J. A. &amp; Verg\u00e9s, J. (1992). Thrusting and foreland basin evolution in the southern Pyrenees. In: McClay, K.R.,Buchanan, P.G. (Eds.), Thrust Tectonics. Chapman &amp; Hall, London, 247\u2013254 .<\/p>\n\n\n\n<p>Serrat, D.; Bordonau, J.; Br\u00fa, J.; Furdada, G.; G\u00f3mez, A.; Mart\u00ed, J.; Mart\u00ed, M.; Salvador, F.; Ventura, J. i Vilaplana, J.M. (1994) S\u00edntesi cartogr\u00e1fica del glaciarismo surpirenaico oriental; EL GLACIARISMO SURPIRENAICO: NUEVAS APORTACIONES (C. Mart\u00ed Bono &amp; J.M. Garc\u00eda Ruiz, Eds.), Geoforma Ediciones, 9-16.<\/p>\n\n\n\n<p>SIM\u00d3, A., (1989). Upper Cretaceous platform-to-basin depositional sequence development, Tremp basin, south-central Pyrenees, Spain, in P. D. Crevello, J. L. Wilson, J. F. Sarg, and J. F. Read, eds., Controls on carbonate platforms and basin development: SEPM Special Publication 44, p. 365\u2013378.<\/p>\n<\/div><\/div>\n\n<\/div><\/div>\n\n<style>.kb-row-layout-id29150_2e7aeb-ab > .kt-row-column-wrap{align-content:start;}:where(.kb-row-layout-id29150_2e7aeb-ab > .kt-row-column-wrap) > .wp-block-kadence-column{justify-content:start;}.kb-row-layout-id29150_2e7aeb-ab > .kt-row-column-wrap{column-gap:var(--global-kb-gap-md, 2rem);row-gap:var(--global-kb-gap-none, 0rem );max-width:900px;margin-left:auto;margin-right:auto;padding-top:var(--global-kb-spacing-xxl, 5rem);padding-bottom:var(--global-kb-spacing-xxl, 5rem);grid-template-columns:minmax(0, 1fr);}.kb-row-layout-id29150_2e7aeb-ab > .kt-row-layout-overlay{opacity:0.30;}@media all and (max-width: 1024px){.kb-row-layout-id29150_2e7aeb-ab > .kt-row-column-wrap{padding-top:var(--global-kb-spacing-lg, 3rem);padding-right:var(--global-kb-spacing-xs, 1rem);padding-bottom:var(--global-kb-spacing-lg, 3rem);padding-left:var(--global-kb-spacing-xs, 1rem);grid-template-columns:minmax(0, 1fr);}}@media all and (max-width: 767px){.kb-row-layout-id29150_2e7aeb-ab > .kt-row-column-wrap{padding-top:var(--global-kb-spacing-md, 2rem);grid-template-columns:minmax(0, 1fr);}}<\/style><div class=\"kb-row-layout-wrap kb-row-layout-id29150_2e7aeb-ab alignfull wp-block-kadence-rowlayout\"><div class=\"kt-row-column-wrap kt-has-1-columns kt-row-layout-equal kt-tab-layout-inherit kt-mobile-layout-row kt-row-valign-top\">\n<style>.kadence-column29150_1e5009-92 > .kt-inside-inner-col,.kadence-column29150_1e5009-92 > .kt-inside-inner-col:before{border-top-left-radius:0px;border-top-right-radius:0px;border-bottom-right-radius:0px;border-bottom-left-radius:0px;}.kadence-column29150_1e5009-92 > .kt-inside-inner-col{column-gap:var(--global-kb-gap-sm, 1rem);}.kadence-column29150_1e5009-92 > .kt-inside-inner-col{flex-direction:column;}.kadence-column29150_1e5009-92 > .kt-inside-inner-col > .aligncenter{width:100%;}.kadence-column29150_1e5009-92 > .kt-inside-inner-col:before{opacity:0.3;}.kadence-column29150_1e5009-92{position:relative;}@media all and (max-width: 1024px){.kadence-column29150_1e5009-92 > .kt-inside-inner-col{flex-direction:column;justify-content:center;}}@media all and (max-width: 767px){.kadence-column29150_1e5009-92 > .kt-inside-inner-col{flex-direction:column;justify-content:center;}}<\/style>\n<div class=\"wp-block-kadence-column kadence-column29150_1e5009-92\"><div class=\"kt-inside-inner-col\">\n<h2 class=\"wp-block-heading\">Art\u00edculos cient\u00edficos<\/h2>\n\n\n\n<p>Bad\u00eda, D.; Mart\u00ed, C. (1999). Suelos de Fragen (Pirineo Central). INIA-CPNA-IEA, Huesca. 190 pp.<\/p>\n\n\n\n<p>Bataller, J.R. La Colecci\u00f3n de Minerales, Rocas, F\u00f3siles y Objetos de Prehistoria del Ilmo. Sr. D. Luis M. Vidal y Carreras. Instituci\u00f3n Catalana de Historia Natural.<\/p>\n\n\n\n<p>Borr\u00e0s, J; Mi\u00f1arro, J.M.; Talavera, F (1979). Cat\u00e0leg Espeleol\u00f2gic de Catalunya (Vol.3). Ed. Pol\u00edglota. Barcelona.<\/p>\n\n\n\n<p>Corella, J. P., Benito, G., Rodriguez-Lloveras, X., Brauer, A., &amp; Valero-Garc\u00e9s, B. L. (2014). Annually-resolved lake record of extreme hydro-meteorological events since AD 1347 in NE Iberian Peninsula. Quaternary Science Reviews, 93, 77-90.<\/p>\n\n\n\n<p>Esteban, J.J., Aranguren, A., Cuevas, J.F., Tub\u00eda, J.M., Hilario, A., Larionov, A. and Sergeev, S (2015). Relaci\u00f3n temporal entre metamorfismo y magmatismo en el macizo de Lys-Caillaouas (pirineo central). Geogaceta, number 58, pages 71-74.<\/p>\n\n\n\n<p>Fernandez, O., Mu\u00f1oz, J. A. Arbu\u00e9s, P. and Falivene, O. (2012). 3-D structure and evolution of an oblique system of relaying folds: The Ainsa basin (Spanish Pyrenees): Journal of the Geological Society, v. 169, p. 545\u2013559.<\/p>\n\n\n\n<p>Gili, E.; L\u00f3pez, G.; Obrador, A.; Skelton, P.W. y Vicens, E. 1994. Observaciones sobre la posici\u00f3n estratigr\u00e1fica de las formaciones de rudistas de Sant Corneli (cuenca cret\u00e1cica surpirenaica central). Geogaceta, 15: 34-36; Madrid.<\/p>\n\n\n\n<p>Guti\u00e9rrez, F., Linares, R., Roqu\u00e9, C., Zarroca, M., Rosell, J., Galve, J. P., &amp; Carbonel, D. (2012). Investigating gravitational grabens related to lateral spreading and evaporite dissolution subsidence by means of detailed mapping, trenching, and electrical resistivity tomography (Spanish Pyrenees). Lithosphere, 4(4), 331-353.<\/p>\n\n\n\n<p>Linares, R., Rosell, J., Roqu\u00e9, C., &amp; Guti\u00e9rrez, F. (2009). Origin and evolution of tufa mounds related to artesian karstic springs in Isona area (Pyrenees, NE Spain). Geodinamica Acta, 22(5-6\/1-3), 129.<\/p>\n\n\n\n<p>Llompart, C. (1977). Paleoeocolog\u00eda de la fauna de moluscos ilerdienses de un sector de la Vall d\u2019\u00c0ger (prov. de Lleida). U.A.B. Publicaciones de Geolog\u00eda, n\u00ba 7, 247 p. Bellaterra (Barcelona).<\/p>\n\n\n\n<p>Martinius, A.W., (1995). Macrofauna associations and formation of shell concentrations in the Early Eocene Roda Formation (southern Pyrenees, Spain). Scripta Geologica, 108.<\/p>\n\n\n\n<p>Marzo, M., Nijman, W. y Puidef\u00e0bregas, C. (1988). Architecture of the Castissent fluvial sheet sandstones, Eocene, South Pyrenees, Spain. Sedimentology, 35(5): 719-728.<\/p>\n\n\n\n<p>McClay, K., Mu\u00f1oz, J.A., and Garc\u00eda-Senz, J. (2004). Extensional salt tectonics in a contractional orogen: A newly identified tectonic event in the Spanish Pyrenees Geology, September, v. 32, p. 737-740.<\/p>\n\n\n\n<p>Mujal, E., Fortuny, J., Oms, O., Bolet, A., Galobart, A., and Anad\u00f3n. P. (2016). Palaeoenvironmental reconstruction and early Permian ichnoassemblage from the NE Iberian Peninsula (Pyrenean Basin). Geological Magazine de la Cambridge University Press, Volume 153, Issue 4, pp. 578-600.<\/p>\n\n\n\n<p>Mutti, E., Rosell, J., Guibaudo, G. y Obrador, A. (1975). The paleogene of the Ager Basin. En: Sedimentary evolution of the Paleogene South Central Pyrenean basin. Guide-booke of I.A.S., 9th International Congress: 1-6. Nice.<\/p>\n\n\n\n<p>Oms, O., Remacha, E. y Bosch, A. (2000). Control tect\u00f3nico en la sedimentaci\u00f3n del Alogrupo Castissent entre el coll de Montllobar y el r\u00edo Is\u00e1bena (Eoceno surpirenaico central). Geotemas, 2 (1): 161-163.<\/p>\n\n\n\n<p>Pellicer XM, Linares R, Guti\u00e9rrez F, Comas X, Roqu\u00e9 C, Carbonel D, Zarroca M, Rodr\u00edguez JAP (2014). Morpho-stratigraphic characterization of a tufa mound complex in the Spanish Pyrenees using ground penetrating radar and trenching, implications for studies in Mars. Earth and Planetary Science Letters 388: 197-210.<\/p>\n\n\n\n<p>Poblet, J., Mu\u00f1oz, J. A. Trav\u00e9, A. and Serra-Kiel, J. (1998) Quantifying the kinematics of detachment folds using three-dimensional geometry: Application to the Mediano anticline (Pyrenees, Spain): Geological Society of America Bulletin, v. 110, p. 111\u2013125.<\/p>\n\n\n\n<p>Riera, V., Oms, O., Gaete, R. y Galobart, \u00c0. (2009). The end-Cretaceous dinosaur succession in Europe: The Tremp Basin record (Spain). Palaeogeography, Palaeoclimatology, Palaeoecology 283: 160-171.<\/p>\n\n\n\n<p>Robles, S. (1984). El complejo sedimentario aluvial y lacustre de edad pale\u00f3gena de la Pobla de Segur, entre los r\u00edos Noguera Pallaresa y Flamisell. Ilerda, 45: 119-144.<\/p>\n\n\n\n<p>Rosell, J y Puigdef\u00e0bregas, J. (1975). (Eds.). The sedimentary evolution of the Paleogene south Pyrenean Basin. Guia de Campo IX International IAS Congress. Editores. Niza. 111 pp. Verg\u00e9s, J. y Mu\u00f1oz, J. A. 1990. Thrust sequences in the South Central Pyrenees. Bulletin de la Societ\u00e9 G\u00e9ologique de France, v.8, p.265-271.<\/p>\n\n\n\n<p>Sell\u00e8s, A. G., A. Galobart (2015). Reassessing the endemic European Upper Cretaceous dinosaur egg Cairanoolithus. Historical Biology: 1-14.<\/p>\n\n\n\n<p>Sell\u00e9s, A.G., Vila, B. &amp; Galobart, \u00c0. (2014). Diversity of theropod ootaxa and its implications for the latest Cretaceous dinosaur turnover in southwestern Europe. Cretaceous Research 49: 45-54.<\/p>\n\n\n\n<p>Sell\u00e9s, A.G., Vila, B., Galobart, \u00c0. (2014). Spheroolithus europaeus, oosp. nov. (late Maastrichtian, Catalonia), the youngest oological record of hadrosauroids in Eurasia. Journal of Vertebrate Palaeontology. Volume 34, Issue 3, pages: 725-729.<\/p>\n\n\n\n<p>Serra-Kiel, J.; Canudo, J.I.; Dinar\u00e9s, J.; Molina, E.; Ortiz, N.; Pascual, J.O.; Sams\u00f3, J.M. y Tosequella, J. (1994). Cronoestratigraf\u00eda de los sedimentos marinos del Terciario inferior de la Cuenca de Graus-Tremp (Zona Central Surpirenaica). Rev. Soc. Geol. Espa\u00f1a, 7 (3-4).<\/p>\n\n\n\n<p>Tavani, S., Storti, F., Fernandez-Bell\u00f3n, O., Mu\u00f1oz J. A. and Salvini, F. (2006) 3-D deformation pattern analysis and evolution of the A\u00f1isclo anticline, southern Pyrenees: Journal of Structural Geology, v. 28, p. 695\u2013712.<\/p>\n\n\n\n<p>Teixell, A., (1996) The Ans\u00f3 transect of the southern Pyrenees: basement and cover thrust geometries. J. Geol. Soc. Lond. 153, 301\u2013310.<\/p>\n\n\n\n<p>Verg\u00e9s, J. y Mu\u00f1oz, J. A. (1990) Thrust sequences in the South Central Pyrenees. Bulletin de la Societ\u00e9 G\u00e9ologique de France, v.8, p.265-271.<\/p>\n<\/div><\/div>\n\n<\/div><\/div>\n\n<style>.kb-row-layout-id29150_322eef-4d > .kt-row-column-wrap{align-content:start;}:where(.kb-row-layout-id29150_322eef-4d > .kt-row-column-wrap) > .wp-block-kadence-column{justify-content:start;}.kb-row-layout-id29150_322eef-4d > .kt-row-column-wrap{column-gap:var(--global-kb-gap-md, 2rem);row-gap:var(--global-kb-gap-none, 0rem );max-width:900px;margin-left:auto;margin-right:auto;padding-top:var(--global-kb-spacing-xxl, 5rem);padding-bottom:var(--global-kb-spacing-xxl, 5rem);grid-template-columns:minmax(0, 1fr);}.kb-row-layout-id29150_322eef-4d > .kt-row-layout-overlay{opacity:0.30;}@media all and (max-width: 1024px){.kb-row-layout-id29150_322eef-4d > .kt-row-column-wrap{padding-top:var(--global-kb-spacing-lg, 3rem);padding-right:var(--global-kb-spacing-xs, 1rem);padding-bottom:var(--global-kb-spacing-lg, 3rem);padding-left:var(--global-kb-spacing-xs, 1rem);grid-template-columns:minmax(0, 1fr);}}@media all and (max-width: 767px){.kb-row-layout-id29150_322eef-4d > .kt-row-column-wrap{padding-top:var(--global-kb-spacing-md, 2rem);grid-template-columns:minmax(0, 1fr);}}<\/style><div class=\"kb-row-layout-wrap kb-row-layout-id29150_322eef-4d alignfull wp-block-kadence-rowlayout\"><div class=\"kt-row-column-wrap kt-has-1-columns kt-row-layout-equal kt-tab-layout-inherit kt-mobile-layout-row kt-row-valign-top\">\n<style>.kadence-column29150_45c86d-c2 > .kt-inside-inner-col,.kadence-column29150_45c86d-c2 > .kt-inside-inner-col:before{border-top-left-radius:0px;border-top-right-radius:0px;border-bottom-right-radius:0px;border-bottom-left-radius:0px;}.kadence-column29150_45c86d-c2 > .kt-inside-inner-col{column-gap:var(--global-kb-gap-sm, 1rem);}.kadence-column29150_45c86d-c2 > .kt-inside-inner-col{flex-direction:column;}.kadence-column29150_45c86d-c2 > .kt-inside-inner-col > .aligncenter{width:100%;}.kadence-column29150_45c86d-c2 > .kt-inside-inner-col:before{opacity:0.3;}.kadence-column29150_45c86d-c2{position:relative;}@media all and (max-width: 1024px){.kadence-column29150_45c86d-c2 > .kt-inside-inner-col{flex-direction:column;justify-content:center;}}@media all and (max-width: 767px){.kadence-column29150_45c86d-c2 > .kt-inside-inner-col{flex-direction:column;justify-content:center;}}<\/style>\n<div class=\"wp-block-kadence-column kadence-column29150_45c86d-c2\"><div class=\"kt-inside-inner-col\">\n<h2 class=\"wp-block-heading\">Tesis doctorales<\/h2>\n\n\n\n<p>Canudo, J. I. 1990. Los foramin\u00edferos planct\u00f3nicos del Paleoceno \u2013 Eoceno en el Prepirineo meridional i su comparaci\u00f3n con la Cordillera B\u00e9tica. Tesis Doctoral, Universidad de Zaragoza (in\u00e9dita).<\/p>\n\n\n\n<p>Fondevilla Moreu, V. (2017). Registre geol\u00f2gic, paleoambients i successi\u00f3 dels darrers dinosaures del sud-oest europeu. Tesi doctoral, Universitat Autonoma de Barcelona.<\/p>\n\n\n\n<p>Fonnesu, F., 1984.&nbsp; Estratigraf\u00eda f\u00edsica y an\u00e1lisis de facies de la Secuencia de F\u00edgols entre el R\u00edo Noguera Pallaresa e Iscles (provs. de L\u00e9rida y Huesca). Tesis Doctoral, Univ. Aut\u00f3noma de Barcelona.<\/p>\n\n\n\n<p>Fontdevilla V., 2017, Registre geol\u00f2gic, paleoambients i successi\u00f3 dels darrers dinosaures dels su-oest europeu. Tesis doctoral. Universitat Aut\u00f2noma de Barcelona.<\/p>\n\n\n\n<p>G\u00d3MEZ-GARRIDO, A. (1987). Foramin\u00edferos planct\u00f3nicos del Cret\u00e1cico Superior surpirenaico. Tesi Doctoral, Universitat Aut\u00f2noma de Barcelona, Departament de Geologia.<\/p>\n\n\n\n<p>Linares, R. (1995): La Geolog\u00eda Ambiental de la depresi\u00f3n de Tremp-Isona (Pallars Juss\u00e0). Tesis doctoral. Publicaciones de la Universitat Aut\u00f2noma de Barcelona, Bellaterra: 235 p. 11 mapas.<\/p>\n\n\n\n<p>Lucena, G. (2015). Revisi\u00f3n de la fauna de rudistas de las Collades de Basturs (L\u00e9rida, Pirineos Centro-Meridionales). Tesis Doctoral. Universidad Aut\u00f3noma de Barcelona; Bellaterra.<\/p>\n\n\n\n<p>Mart\u00ednez, R. (1982a). Ammonoideos cret\u00e1cicos del Prepirineo de la provincia de Lleida. Tesis Doctoral. Publicaciones de Geolog\u00eda N\u00ba 17, Univ. Auton. Barcelona, 197 p.<\/p>\n\n\n\n<p>Marzo, M., 1980. El Buntsandstein de los Catal\u00e1nides. Estratigraf\u00eda y procesos de sedimentaci\u00f3n. Tesi doctoral, Universitat de Barcelona, Barcelona, 317 p.<\/p>\n\n\n\n<p>MELLERE, D. (1992). I conglomerati di Pobla de Segur: Stratigrafia fisica e relazioni tettonica-sedimentazione. Tesi di Dottorato in Scienze della Terra, Universita degli Studi di Padova, 203 pp.<\/p>\n\n\n\n<p>Mujal E., 2017. Registre sedimentari i icnol\u00f2gic del fini-Carbon\u00edfer, Permi\u00e0 i Tri\u00e0sic continentals dels Pirineus Catalans, Tesi doctoral, UAB, 334 pp.<\/p>\n\n\n\n<p>Ortiz, N. 1993. Los microforamin\u00edferos bent\u00f3nicos del tr\u00e1nsito Paleoceno-Eoceno y sus implicaciones bioestratigr\u00e1ficas y paleoecol\u00f3gicas. Tesis doctoral. Universidad de Zaragoza (in\u00e9dita). 1-274.<\/p>\n\n\n\n<p>Peitz, C. (2000). Fortpflanzungsgiologische und systematische Implikationen von Dinosauriergelegen aus dem Maastricht von Katalonien (NE-Spainien) sowie die Sedimentologie ihrer Fundstellen. Tesis Doctoral, Universidad de Bonn. 126 pp.<\/p>\n\n\n\n<p>Pe\u00f1a JL., 1983. La conca de Tremp y sus sierras prepirenaicas comprendidas entre los r\u00edos Segre i Noguera Ribagorzana: Estudio geomorfol\u00f3gico. Tesis doctoral,&nbsp; EI.<\/p>\n\n\n\n<p><a><\/a>Poch J., 2019. Revisi\u00f3n y proposta de mejora del modelo de gesti\u00f3n de la geodiversidad de los Geoparques Mundiales de la UNESCO, Tesis doctoral, UAB, 302 pp.<\/p>\n\n\n\n<p>Pocov\u00ed, A. (1978a). Estudio geol\u00f3gico de las Sierras Marginales Catalanas (Prepirineo de L\u00e9rida). Tesis Doctoral, Universitat de Barcelona, 219 pp.<\/p>\n\n\n\n<p>Riera, V 2010. Estudio integrado (geolog\u00eda y paleontolog\u00eda) de la sucesi\u00f3n de dinosaurios (Maastrichtiense) de la vertiente surpirenaica. Tesis doctoral, UAB.<\/p>\n\n\n\n<p>SAURA, E. (2005). An\u00e1lisi estructural de la zona de les Nogueres (Pirineus Centrals). Tesi Doctoral. Universitat Aut\u00f2noma de Barcelona. 355 pp.<\/p>\n\n\n\n<p>Troya L., 2015. Rudistas (Hippuritida, Bivalvia) del Cenomaniense-Coniaciense (Cret\u00e1cico superior) del Pirineo meridional-central. Paleontolog\u00eda y bioestratigraf\u00eda.&nbsp; Tesis doctoral, Universitat Autonoma de Barcelona.<\/p>\n\n\n\n<p>Zamorano, M. (1993). Los sistemas deltaicos del Ilerdiense superior-Cuisiense de la cuenca de Ager (Fm. Ametlla). Prepirineo de Lleida. Tesis Doctoral, Univ. Aut\u00f2noma de Barcelona, 161 p. Bellaterra.<\/p>\n<\/div><\/div>\n\n<\/div><\/div>\n\n<style>.kb-row-layout-id29150_33160b-fc > .kt-row-column-wrap{align-content:start;}:where(.kb-row-layout-id29150_33160b-fc > .kt-row-column-wrap) > .wp-block-kadence-column{justify-content:start;}.kb-row-layout-id29150_33160b-fc > .kt-row-column-wrap{column-gap:var(--global-kb-gap-md, 2rem);row-gap:var(--global-kb-gap-none, 0rem );max-width:900px;margin-left:auto;margin-right:auto;padding-top:var(--global-kb-spacing-xxl, 5rem);padding-bottom:var(--global-kb-spacing-xxl, 5rem);grid-template-columns:minmax(0, 1fr);}.kb-row-layout-id29150_33160b-fc > .kt-row-layout-overlay{opacity:0.30;}@media all and (max-width: 1024px){.kb-row-layout-id29150_33160b-fc > .kt-row-column-wrap{padding-top:var(--global-kb-spacing-lg, 3rem);padding-right:var(--global-kb-spacing-xs, 1rem);padding-bottom:var(--global-kb-spacing-lg, 3rem);padding-left:var(--global-kb-spacing-xs, 1rem);grid-template-columns:minmax(0, 1fr);}}@media all and (max-width: 767px){.kb-row-layout-id29150_33160b-fc > .kt-row-column-wrap{padding-top:var(--global-kb-spacing-md, 2rem);grid-template-columns:minmax(0, 1fr);}}<\/style><div class=\"kb-row-layout-wrap kb-row-layout-id29150_33160b-fc alignfull wp-block-kadence-rowlayout\"><div class=\"kt-row-column-wrap kt-has-1-columns kt-row-layout-equal kt-tab-layout-inherit kt-mobile-layout-row kt-row-valign-top\">\n<style>.kadence-column29150_37f1cc-08 > .kt-inside-inner-col,.kadence-column29150_37f1cc-08 > .kt-inside-inner-col:before{border-top-left-radius:0px;border-top-right-radius:0px;border-bottom-right-radius:0px;border-bottom-left-radius:0px;}.kadence-column29150_37f1cc-08 > .kt-inside-inner-col{column-gap:var(--global-kb-gap-sm, 1rem);}.kadence-column29150_37f1cc-08 > .kt-inside-inner-col{flex-direction:column;}.kadence-column29150_37f1cc-08 > .kt-inside-inner-col > .aligncenter{width:100%;}.kadence-column29150_37f1cc-08 > .kt-inside-inner-col:before{opacity:0.3;}.kadence-column29150_37f1cc-08{position:relative;}@media all and (max-width: 1024px){.kadence-column29150_37f1cc-08 > .kt-inside-inner-col{flex-direction:column;justify-content:center;}}@media all and (max-width: 767px){.kadence-column29150_37f1cc-08 > .kt-inside-inner-col{flex-direction:column;justify-content:center;}}<\/style>\n<div class=\"wp-block-kadence-column kadence-column29150_37f1cc-08\"><div class=\"kt-inside-inner-col\">\n<h2 class=\"wp-block-heading\">Trabajos de Final de Master y Final de Grado<\/h2>\n\n\n\n<p>Abanco, C. (2009). Validaci\u00f3 de mapes de susceptibilitat d\u2019esllavissaments elaborats mitjan\u00e7ant diferents t\u00e8cniques a la zona de Sant Salvador de Tol\u00f3; caracteritzaci\u00f3 de les zones inestables i estudi de la seva activitat. Tesina Doctoral. Universitat Polit\u00e9cnica de Catalunya. Barcelona.<\/p>\n\n\n\n<p>Arilla Osuna, M. (2012). El poblament prehist\u00f2ric i tardorom\u00e0 al paratge de Montcort\u00e8s i Pla de Corts: una s\u00edntesi (Bachelor\u2019s thesis).<\/p>\n\n\n\n<p>Blasi Arana, I. (2019). Should knowledge be sociallized? Open-air paleontological sites: opportunity for divulgation or spoliation,. Case study: Tremp Basin (Lleida province). TFG. Universitat Aut\u00f2noma de Barcelona.<\/p>\n\n\n\n<p>Ceperuelo S\u00e1nchez, J. (2019). Estratigrafia del garumni\u00e0 vermell inferior del sector de Talarn (Maastrichti\u00e0 de la Conca de Tremp). TFG. Universitat Aut\u00f2noma de Barcelona.<\/p>\n\n\n\n<p>Dom\u00e8nech Surinyach, G. (2011). Obtenci\u00f3 de mapes de perillositat d\u2019esllavissades a partir del c\u00e0lcul de la susceptibilitat mitjan\u00e7ant un model determinista (Master\u2019s thesis, Universitat Polit\u00e8cnica de Catalunya).<\/p>\n\n\n\n<p>Estella Escobar, H. (2017). Santoni\u00e0-Campani\u00e0 de Sallent, Coll de Narg\u00f3 (Alt Urgell). TFG. Universitat Aut\u00f2noma de Barcelona.<\/p>\n\n\n\n<p>Garc\u00eda Veigas, J. (1988): La formaci\u00f3n evapor\u00edtica de la facies garumniense de la Conca de Tremp (Lleida). Tesis de Licenciatura Univ. Aut\u00f3noma de Barcelona, in\u00e9dita.<\/p>\n\n\n\n<p>Gij\u00f3n Celdr\u00e1n, E. (2017). Geoqu\u00edmica del l\u00edmite Cret\u00e1cico-Pale\u00f3geno en Tremp. TFG. Universitat Aut\u00f2noma de Barcelona.<\/p>\n\n\n\n<p>&nbsp;Lest\u00f3n Cadavieco, D. (2015). Pumped hydroelectricity storage modeling in long term oriented studies of the secondary regulation market in the spanish electricity system. Master Thesis.<\/p>\n\n\n\n<p>Lozano, S. (2018) Understanding the Mesozoic extensional structure and its influence on the subsequent inversion in the Organy\u00e0 Basin, (Central Pyrenees). Master research Project. Universitat de Barcelona.<\/p>\n\n\n\n<p>Oller, P. (1992) Les allaus i el seu risc a la Vall Fosca (Pallars Juss\u00e0); Tesi de Llicenciatura de la Universitat de Barcelona, 151 p.<\/p>\n\n\n\n<p>Pantaleoni Reluy N. (2018). Mapa de susceptibilitat del risc a moviments de massa a una zona determinada dde la Conca de Tremp. TFG. Universitat Aut\u00f2noma de Barcelona.<\/p>\n<\/div><\/div>\n\n<\/div><\/div>\n\n<style>.kb-row-layout-id29150_1ca271-b3 > .kt-row-column-wrap{align-content:start;}:where(.kb-row-layout-id29150_1ca271-b3 > .kt-row-column-wrap) > .wp-block-kadence-column{justify-content:start;}.kb-row-layout-id29150_1ca271-b3 > .kt-row-column-wrap{column-gap:var(--global-kb-gap-md, 2rem);row-gap:var(--global-kb-gap-none, 0rem );max-width:900px;margin-left:auto;margin-right:auto;padding-top:var(--global-kb-spacing-xxl, 5rem);padding-bottom:var(--global-kb-spacing-xxl, 5rem);grid-template-columns:minmax(0, 1fr);}.kb-row-layout-id29150_1ca271-b3 > .kt-row-layout-overlay{opacity:0.30;}@media all and (max-width: 1024px){.kb-row-layout-id29150_1ca271-b3 > .kt-row-column-wrap{padding-top:var(--global-kb-spacing-lg, 3rem);padding-right:var(--global-kb-spacing-xs, 1rem);padding-bottom:var(--global-kb-spacing-xl, 4rem);padding-left:var(--global-kb-spacing-xs, 1rem);grid-template-columns:minmax(0, 1fr);}}@media all and (max-width: 767px){.kb-row-layout-id29150_1ca271-b3 > .kt-row-column-wrap{padding-top:var(--global-kb-spacing-md, 2rem);grid-template-columns:minmax(0, 1fr);}}<\/style><div class=\"kb-row-layout-wrap kb-row-layout-id29150_1ca271-b3 alignfull wp-block-kadence-rowlayout\"><div class=\"kt-row-column-wrap kt-has-1-columns kt-row-layout-equal kt-tab-layout-inherit kt-mobile-layout-row kt-row-valign-top\">\n<style>.kadence-column29150_240d55-4b > .kt-inside-inner-col,.kadence-column29150_240d55-4b > .kt-inside-inner-col:before{border-top-left-radius:0px;border-top-right-radius:0px;border-bottom-right-radius:0px;border-bottom-left-radius:0px;}.kadence-column29150_240d55-4b > .kt-inside-inner-col{column-gap:var(--global-kb-gap-sm, 1rem);}.kadence-column29150_240d55-4b > .kt-inside-inner-col{flex-direction:column;}.kadence-column29150_240d55-4b > .kt-inside-inner-col > .aligncenter{width:100%;}.kadence-column29150_240d55-4b > .kt-inside-inner-col:before{opacity:0.3;}.kadence-column29150_240d55-4b{position:relative;}@media all and (max-width: 1024px){.kadence-column29150_240d55-4b > .kt-inside-inner-col{flex-direction:column;justify-content:center;}}@media all and (max-width: 767px){.kadence-column29150_240d55-4b > .kt-inside-inner-col{flex-direction:column;justify-content:center;}}<\/style>\n<div class=\"wp-block-kadence-column kadence-column29150_240d55-4b\"><div class=\"kt-inside-inner-col\">\n<h2 class=\"wp-block-heading\">Mapas<\/h2>\n\n\n\n<p>Pi, E.; Sams\u00f3, J. M.; Arbu\u00e9s, P.; Cuevas, J. L.; Mercad\u00e9, Ll.; Barber\u00e0, X.; Corregidor. J.; Escuer, J.; Sol\u00e0, J.; Montaner, J. i Ber\u00e1stegui, X. (2004). Full de Vilamitjana. 290-1-1 (65-23) [document cartogr\u00e0fic]. escala 1:25000. Institut Cartogr\u00e0fic de Catalunya (ICC), Servei Geol\u00f2gic de Catalunya (IGC), Barcelona. S\u00e8rie Mapa Geol\u00f2gic de Catalunya 1:25000.<\/p>\n\n\n\n<p>Institut Cartogr\u00e0fic i Geol\u00f2gic de Catalunya (2003) Mapa geol\u00f2gic num. 290-1-2 (Llimiana). Mapa Geol\u00f2gic de Catalunya E. 1:25.000. Institut Geol\u00f2gic de Catalunya: Barcelona.<\/p>\n\n\n\n<p>Institut Cartogr\u00e0fic i Geol\u00f2gic de Catalunya (2011)&nbsp; Mapa per la prevenci\u00f3 de riscos geol\u00f2gics escal 1:25,000 \u2013 full num. 290-2-1 (Isona). Institut Geol\u00f2gic de Catalunya: Barcelona.<\/p>\n\n\n\n<p>Institut Cartogr\u00e0fic i Geol\u00f2gic de Catalunya (2011) Mapa geoantr\u00f2pic num. 290-1-2 (Llimiana). Mapa Geol\u00f2gic de Catalunya E. 1:25.000. Institut Geol\u00f2gic de Catalunya: Barcelona.<\/p>\n\n\n\n<p>Institut Cartogr\u00e0fic i Geol\u00f2gic de Catalunya (2016) Geotreball VI. Mapa per la prevenci\u00f3 dels riscos geol\u00f2gics de Sant Salvador de Tol\u00f3 (290-2-2). Barcelona.<\/p>\n\n\n\n<p>Linares R., Roqu\u00e9 C., Copons R., 2010. Mapa geoantr\u00f2pic num. 290-2-1(Isona). Mapa Geol\u00f2gic de Catalunya E. 1:25.000. Institut Geol\u00f2gic de Catalunya: Barcelona.<\/p>\n\n\n\n<p>Linares, R., Roqu\u00e9, C., Copons, R., 2011. Mapa geoantr\u00f2pic num. 290-1-2 (Llimiana). Mapa Geol\u00f2gic de Catalunya E. 1:25.000. I.G.C, Barcelona.<\/p>\n\n\n\n<p>L\u00f3pez Olmedo, F., Ard\u00e8vol, L., Hern\u00e1iz, P. P., Cabra, P., Sol\u00e9, J., &nbsp;Olivares, J., Leyva, F., 2016.&nbsp; Memoria y mapa geol\u00f3gico de Espa\u00f1a a escala 1:50.000 Hoja de Ar\u00e9n n\u00b0 251 (32-11), Insituto Tecnol\u00f3gico y Geominero de Espa\u00f1a, Madrid, 2a Serie MAGNA.<\/p>\n\n\n\n<p>Pi i Palom\u00e9s, E., Bad\u00eda, R., Sams\u00f3, J. M\u00aa.,Arbu\u00e9s, P., Caus, E., Cuevas, J. L., Barber\u00e0, X., Corregidor, J., Florensa, R.M\u00aa., Saula, E., Sol\u00e0, J., y Montaner, J.(2002).Mapa geol\u00f2gic de Catalunya1:25.000, hoja 290-2-2 (Sant Salvador de Tol\u00f3). ICC<\/p>\n\n\n\n<p>Pi i Palom\u00e9s, E., Colomer, M., Sams\u00f3, J.M\u00aa., Caus, E., Arbu\u00e9s, P., Cuevas, J. L.,Mercad\u00e9, L., Barber\u00e0, X., Corregidor, J.,Escuer, J., Sol\u00e0, J., Montaner, J., y Be-r\u00e1stegui, X. (2003). Mapa geol\u00f2gic de Catalunya 1:25.000, hoja 290-1-2 (Llimiana). ICC.<\/p>\n\n\n\n<p>Picart, J., Carrera, N., Sol\u00e9, J., Montaner, J., Rivas, G., Mu\u00f1oz, J. A., Serra, L., Beamud, E., Arbu\u00e9s, P., Mencos, J. &amp; Perea, H., 2009. Tremp 252\u20101\u20102 (65\u201022). 1:25000. S\u00e8rie Mapa Geol\u00f2gic de Catalunya 1:25000, Geotreball 1. Institut Cartogr\u00e0fic de Catalunya (ICC) Servei Geol\u00f2gic de Catalunya (IGC).<\/p>\n\n\n\n<p>Rosell, J. (1967). Estudio geol\u00f3gico del sector del Prepirineo comprendido entre los r\u00edos Segre y Noguera Ribagorzana (prov. de L\u00e9rida). Pirineos, 21, 9-214.<\/p>\n\n\n\n<p>Rosell, J. (1970). \u201cExplicaci\u00f3n a la hoja n\u00b0252 Tremp, mapa Geol\u00f3gico de Espa\u00f1a 1:50.000\u201d . Inst. Geol. y Min. de Espa\u00f1a. 16 pp.<\/p>\n\n\n\n<p>Rosell, J. (1994). Mapa geol\u00f3gico de Espa\u00f1a Esc. 1\/50.000 Hoja 252 Tremp. Instituto Tecnol\u00f3gico Geominero de Espa\u00f1a, 63 pp. Madrid.<\/p>\n\n\n\n<p>Rosell, J. (1996): Hoja geol\u00f3gica num. 290 (Isona). Mapa Geol\u00f3gico de Espa\u00f1a E. 1:50.000. Segunda serie, I.G.M.E., Madrid.<\/p>\n<\/div><\/div>\n\n<\/div><\/div>","protected":false},"excerpt":{"rendered":"<p>Por su geodiversidad, calidad de afloramientos, facilidad de acceso y seguridad, este territorio cuenta con el&nbsp;reconocimiento internacional de laboratorio natural de geolog\u00eda&nbsp;reflejado en innumerables tesis doctorales y m\u00faltiples de publicaciones cient\u00edficas, que se van ampliando continuamente. La sede cient\u00edfica del Geoparque Or\u00edgens situada en el Centre de Suport Territorial dels Pirineus de Institut Cartogr\u00e0fic i&#8230;<\/p>\n","protected":false},"author":1,"featured_media":0,"parent":0,"menu_order":0,"comment_status":"closed","ping_status":"closed","template":"","meta":{"_acf_changed":false,"_kad_blocks_custom_css":"","_kad_blocks_head_custom_js":"","_kad_blocks_body_custom_js":"","_kad_blocks_footer_custom_js":"","_kad_post_transparent":"","_kad_post_title":"show","_kad_post_layout":"","_kad_post_sidebar_id":"","_kad_post_content_style":"","_kad_post_vertical_padding":"","_kad_post_feature":"","_kad_post_feature_position":"","_kad_post_header":false,"_kad_post_footer":false,"_kad_post_classname":"","footnotes":""},"class_list":["post-29150","page","type-page","status-publish","hentry"],"acf":[],"taxonomy_info":[],"featured_image_src_large":false,"author_info":{"display_name":"09254GP","author_link":"https:\/\/www.geoparcorigens.cat\/es\/author\/administrador\/"},"comment_info":0,"_links":{"self":[{"href":"https:\/\/www.geoparcorigens.cat\/es\/wp-json\/wp\/v2\/pages\/29150","targetHints":{"allow":["GET"]}}],"collection":[{"href":"https:\/\/www.geoparcorigens.cat\/es\/wp-json\/wp\/v2\/pages"}],"about":[{"href":"https:\/\/www.geoparcorigens.cat\/es\/wp-json\/wp\/v2\/types\/page"}],"author":[{"embeddable":true,"href":"https:\/\/www.geoparcorigens.cat\/es\/wp-json\/wp\/v2\/users\/1"}],"replies":[{"embeddable":true,"href":"https:\/\/www.geoparcorigens.cat\/es\/wp-json\/wp\/v2\/comments?post=29150"}],"version-history":[{"count":0,"href":"https:\/\/www.geoparcorigens.cat\/es\/wp-json\/wp\/v2\/pages\/29150\/revisions"}],"wp:attachment":[{"href":"https:\/\/www.geoparcorigens.cat\/es\/wp-json\/wp\/v2\/media?parent=29150"}],"curies":[{"name":"wp","href":"https:\/\/api.w.org\/{rel}","templated":true}]}}