{"id":29174,"date":"2024-12-09T14:34:33","date_gmt":"2024-12-09T13:34:33","guid":{"rendered":"https:\/\/www.geoparcorigens.cat\/espais-naturals\/"},"modified":"2025-01-13T17:42:52","modified_gmt":"2025-01-13T16:42:52","slug":"espais-naturals","status":"publish","type":"page","link":"https:\/\/www.geoparcorigens.cat\/es\/espais-naturals\/","title":{"rendered":"Espacios naturales"},"content":{"rendered":"<style>.kb-row-layout-id29174_c1c70c-03 > .kt-row-column-wrap{align-content:start;}:where(.kb-row-layout-id29174_c1c70c-03 > .kt-row-column-wrap) > .wp-block-kadence-column{justify-content:start;}.kb-row-layout-id29174_c1c70c-03 > .kt-row-column-wrap{column-gap:var(--global-kb-gap-lg, 4rem);row-gap:var(--global-kb-gap-none, 0rem );max-width:var( --global-content-width, 1290px );padding-left:var(--global-content-edge-padding);padding-right:var(--global-content-edge-padding);padding-top:var(--global-kb-spacing-xxl, 5rem);padding-bottom:var(--global-kb-spacing-xxl, 5rem);grid-template-columns:repeat(2, minmax(0, 1fr));}.kb-row-layout-id29174_c1c70c-03 > .kt-row-layout-overlay{opacity:0.30;}@media all and (max-width: 1024px){.kb-row-layout-id29174_c1c70c-03 > .kt-row-column-wrap{column-gap:var(--global-kb-gap-md, 2rem);row-gap:var(--global-kb-gap-md, 2rem);padding-top:var(--global-kb-spacing-md, 2rem);grid-template-columns:minmax(0, 1fr);}}@media all and (max-width: 767px){.kb-row-layout-id29174_c1c70c-03 > .kt-row-column-wrap{column-gap:var(--global-kb-gap-md, 2rem);row-gap:var(--global-kb-gap-md, 2rem);grid-template-columns:minmax(0, 1fr);}}<\/style><div class=\"kb-row-layout-wrap kb-row-layout-id29174_c1c70c-03 alignfull wp-block-kadence-rowlayout\"><div class=\"kt-row-column-wrap kt-has-2-columns kt-row-layout-equal kt-tab-layout-row kt-mobile-layout-row kt-row-valign-top kb-theme-content-width\">\n<style>.kadence-column29174_641bde-32 > .kt-inside-inner-col,.kadence-column29174_641bde-32 > .kt-inside-inner-col:before{border-top-left-radius:0px;border-top-right-radius:0px;border-bottom-right-radius:0px;border-bottom-left-radius:0px;}.kadence-column29174_641bde-32 > .kt-inside-inner-col{column-gap:var(--global-kb-gap-sm, 1rem);}.kadence-column29174_641bde-32 > .kt-inside-inner-col{flex-direction:column;}.kadence-column29174_641bde-32 > .kt-inside-inner-col > .aligncenter{width:100%;}.kadence-column29174_641bde-32 > .kt-inside-inner-col:before{opacity:0.3;}.kadence-column29174_641bde-32{position:relative;}@media all and (max-width: 1024px){.kadence-column29174_641bde-32 > .kt-inside-inner-col{flex-direction:column;justify-content:center;}}@media all and (max-width: 767px){.kadence-column29174_641bde-32 > .kt-inside-inner-col{flex-direction:column;justify-content:center;}}<\/style>\n<div class=\"wp-block-kadence-column kadence-column29174_641bde-32\"><div class=\"kt-inside-inner-col\"><style>.kb-table-of-content-nav.kb-table-of-content-id29174_5dcb3c-13 .kb-table-of-content-wrap{padding-top:var(--global-kb-spacing-sm, 1.5rem);padding-right:var(--global-kb-spacing-sm, 1.5rem);padding-bottom:var(--global-kb-spacing-sm, 1.5rem);padding-left:var(--global-kb-spacing-sm, 1.5rem);background-color:var(--global-palette1, #3182CE);border-top-left-radius:10px;border-top-right-radius:10px;border-bottom-right-radius:10px;border-bottom-left-radius:10px;}.kb-table-of-content-nav.kb-table-of-content-id29174_5dcb3c-13 .kb-table-of-contents-title-wrap{padding-top:0px;padding-right:0px;padding-bottom:0px;padding-left:0px;}.kb-table-of-content-nav.kb-table-of-content-id29174_5dcb3c-13 .kb-table-of-contents-title{font-weight:regular;font-style:normal;}.kb-table-of-content-nav.kb-table-of-content-id29174_5dcb3c-13 .kb-table-of-content-wrap .kb-table-of-content-list{font-weight:regular;font-style:normal;margin-top:var(--global-kb-spacing-sm, 1.5rem);margin-right:0px;margin-bottom:0px;margin-left:0px;}.kb-table-of-content-nav.kb-table-of-content-id29174_5dcb3c-13 .kb-toggle-icon-style-basiccircle .kb-table-of-contents-icon-trigger:after, .kb-table-of-content-nav.kb-table-of-content-id29174_5dcb3c-13 .kb-toggle-icon-style-basiccircle .kb-table-of-contents-icon-trigger:before, .kb-table-of-content-nav.kb-table-of-content-id29174_5dcb3c-13 .kb-toggle-icon-style-arrowcircle .kb-table-of-contents-icon-trigger:after, .kb-table-of-content-nav.kb-table-of-content-id29174_5dcb3c-13 .kb-toggle-icon-style-arrowcircle .kb-table-of-contents-icon-trigger:before, .kb-table-of-content-nav.kb-table-of-content-id29174_5dcb3c-13 .kb-toggle-icon-style-xclosecircle .kb-table-of-contents-icon-trigger:after, .kb-table-of-content-nav.kb-table-of-content-id29174_5dcb3c-13 .kb-toggle-icon-style-xclosecircle .kb-table-of-contents-icon-trigger:before{background-color:var(--global-palette1, #3182CE);}<\/style>\n\n<style>.kb-image29174_35745c-8c .kb-image-has-overlay:after{opacity:0.3;}<\/style>\n<figure class=\"wp-block-kadence-image kb-image29174_35745c-8c\"><img decoding=\"async\" src=\"https:\/\/www.geoparcorigens.cat\/wp-content\/uploads\/2016\/06\/Mapa_Xnat_2000_v2.2_baixa-01-724x1024.jpg\" alt=\"mapa_xnat_2000_v2-2_baixa-01\" class=\"kb-img wp-image-3115\"\/><\/figure>\n\n\n\n<p><em><strong>Los ENP (Espacios Naturales Protegidos) est\u00e1n dentro del Plan de Espacios de Inter\u00e9s Natural (PEIN) y son a la vez espacios Red Natura 2000 (ZEC + ZEPA)<\/strong><\/em><strong>.<\/strong><\/p>\n\n\n\n<ul class=\"wp-block-list\">\n<li><strong>Zona perif\u00e9rica del\u00a0<\/strong><a href=\"http:\/\/www.catalunya.com\/parc-nacional-daiguestortes-i-estany-de-sant-maurici-17-17001-573521?language=es\" target=\"_blank\" rel=\"noreferrer noopener\"><strong>Parque Nacional de Aig\u00fcestortes y Estany de Sant Maurici<\/strong><\/a><strong>:\u00a0<\/strong>La parte alta de la Vall Fosca forma parte de esta zona perif\u00e9rica, desde la cual se accede a la zona sur del \u00fanico Parque Nacional de Catalu\u00f1a.<\/li>\n\n\n\n<li><strong>Espacios en custodia del territorio (Mur, Brugal, Collegats, Costa Ampla, Castell d\u2019Enc\u00fas):\u00a0<\/strong>Espacios naturales gestionados por\u00a0la Estaci\u00f3 Biol\u00f2gica del Pallars Juss\u00e0, una asociaci\u00f3n sin \u00e1nimo de lucro, que garantiza su conservaci\u00f3n y realiza tareas educativas y de divulgaci\u00f3n.<\/li>\n<\/ul>\n<\/div><\/div>\n\n\n<style>.kadence-column29174_85182c-ce > .kt-inside-inner-col,.kadence-column29174_85182c-ce > .kt-inside-inner-col:before{border-top-left-radius:0px;border-top-right-radius:0px;border-bottom-right-radius:0px;border-bottom-left-radius:0px;}.kadence-column29174_85182c-ce > .kt-inside-inner-col{column-gap:var(--global-kb-gap-sm, 1rem);}.kadence-column29174_85182c-ce > .kt-inside-inner-col{flex-direction:column;}.kadence-column29174_85182c-ce > .kt-inside-inner-col > .aligncenter{width:100%;}.kadence-column29174_85182c-ce > .kt-inside-inner-col:before{opacity:0.3;}.kadence-column29174_85182c-ce{position:relative;}@media all and (max-width: 1024px){.kadence-column29174_85182c-ce > .kt-inside-inner-col{flex-direction:column;justify-content:center;}}@media all and (max-width: 767px){.kadence-column29174_85182c-ce > .kt-inside-inner-col{flex-direction:column;justify-content:center;}}<\/style>\n<div class=\"wp-block-kadence-column kadence-column29174_85182c-ce\"><div class=\"kt-inside-inner-col\"><style>.wp-block-kadence-advancedheading.kt-adv-heading29174_c4480d-d5, .wp-block-kadence-advancedheading.kt-adv-heading29174_c4480d-d5[data-kb-block=\"kb-adv-heading29174_c4480d-d5\"]{font-style:normal;}.wp-block-kadence-advancedheading.kt-adv-heading29174_c4480d-d5 mark.kt-highlight, .wp-block-kadence-advancedheading.kt-adv-heading29174_c4480d-d5[data-kb-block=\"kb-adv-heading29174_c4480d-d5\"] mark.kt-highlight{font-style:normal;color:#f76a0c;-webkit-box-decoration-break:clone;box-decoration-break:clone;padding-top:0px;padding-right:0px;padding-bottom:0px;padding-left:0px;}.wp-block-kadence-advancedheading.kt-adv-heading29174_c4480d-d5 img.kb-inline-image, .wp-block-kadence-advancedheading.kt-adv-heading29174_c4480d-d5[data-kb-block=\"kb-adv-heading29174_c4480d-d5\"] img.kb-inline-image{width:150px;vertical-align:baseline;}<\/style>\n<h2 class=\"kt-adv-heading29174_c4480d-d5 wp-block-kadence-advancedheading\" data-kb-block=\"kb-adv-heading29174_c4480d-d5\"><strong>Espacios naturales protegidos (ENP)\u00a0<\/strong>m\u00e1s importantes del Geoparque Or\u00edgens<\/h2>\n\n\n<style>.wp-block-kadence-advancedheading.kt-adv-heading29174_2d73ee-15, .wp-block-kadence-advancedheading.kt-adv-heading29174_2d73ee-15[data-kb-block=\"kb-adv-heading29174_2d73ee-15\"]{font-style:normal;}.wp-block-kadence-advancedheading.kt-adv-heading29174_2d73ee-15 mark.kt-highlight, .wp-block-kadence-advancedheading.kt-adv-heading29174_2d73ee-15[data-kb-block=\"kb-adv-heading29174_2d73ee-15\"] mark.kt-highlight{font-style:normal;color:#f76a0c;-webkit-box-decoration-break:clone;box-decoration-break:clone;padding-top:0px;padding-right:0px;padding-bottom:0px;padding-left:0px;}.wp-block-kadence-advancedheading.kt-adv-heading29174_2d73ee-15 img.kb-inline-image, .wp-block-kadence-advancedheading.kt-adv-heading29174_2d73ee-15[data-kb-block=\"kb-adv-heading29174_2d73ee-15\"] img.kb-inline-image{width:150px;vertical-align:baseline;}<\/style>\n<h3 class=\"kt-adv-heading29174_2d73ee-15 wp-block-kadence-advancedheading\" data-kb-block=\"kb-adv-heading29174_2d73ee-15\"><strong><a href=\"http:\/\/www.pallarsjussa.net\/ca\/boumort\" target=\"_blank\" rel=\"noreferrer noopener\">ENP Serra de Boumort<\/a><\/strong><\/h3>\n\n\n\n<p>La Reserva Nacional de Caza de Boumort (RNC) fue creada con la finalidad de proteger, fomentar y aprovechar las especies animales en estado salvaje que la habitan y de preservar los\u00a0ecosistemas\u00a0a los que pertenecen.\u00a0Tiene una extensi\u00f3n de 13.097 ha y en ella se puede encontrar un paisaje prepirenaico con sierras abruptas y un relieve accidentado que da lugar a fuertes contrastes que favorecen una gran diversidad.<\/p>\n\n\n<style>.wp-block-kadence-advancedbtn.kb-btns29174_a11765-03{gap:var(--global-kb-gap-xs, 0.5rem );justify-content:center;align-items:center;}.kt-btns29174_a11765-03 .kt-button{font-weight:normal;font-style:normal;}.kt-btns29174_a11765-03 .kt-btn-wrap-0{margin-right:5px;}.wp-block-kadence-advancedbtn.kt-btns29174_a11765-03 .kt-btn-wrap-0 .kt-button{color:#555555;border-color:#555555;}.wp-block-kadence-advancedbtn.kt-btns29174_a11765-03 .kt-btn-wrap-0 .kt-button:hover, .wp-block-kadence-advancedbtn.kt-btns29174_a11765-03 .kt-btn-wrap-0 .kt-button:focus{color:#ffffff;border-color:#444444;}.wp-block-kadence-advancedbtn.kt-btns29174_a11765-03 .kt-btn-wrap-0 .kt-button::before{display:none;}.wp-block-kadence-advancedbtn.kt-btns29174_a11765-03 .kt-btn-wrap-0 .kt-button:hover, .wp-block-kadence-advancedbtn.kt-btns29174_a11765-03 .kt-btn-wrap-0 .kt-button:focus{background:#444444;}<\/style>\n<div class=\"wp-block-kadence-advancedbtn kb-buttons-wrap kb-btns29174_a11765-03\"><style>ul.menu .wp-block-kadence-advancedbtn .kb-btn29174_8d2350-4b.kb-button{width:initial;}<\/style><a class=\"kb-button kt-button button kb-btn29174_8d2350-4b kt-btn-size-small kt-btn-width-type-auto kb-btn-global-fill  kt-btn-has-text-true kt-btn-has-svg-false  wp-block-kadence-singlebtn\" href=\"https:\/\/www.geoparcorigens.cat\/es\/wp-content\/uploads\/123_Text-presentacio_RNC-Boumort.pdf\" target=\"_blank\" rel=\"noreferrer noopener\"><span class=\"kt-btn-inner-text\">M\u00e1s informaci\u00f3n<\/span><\/a>\n\n<style>ul.menu .wp-block-kadence-advancedbtn .kb-btn29174_8cff82-c1.kb-button{width:initial;}<\/style><a class=\"kb-button kt-button button kb-btn29174_8cff82-c1 kt-btn-size-small kt-btn-width-type-auto kb-btn-global-fill  kt-btn-has-text-true kt-btn-has-svg-false  wp-block-kadence-singlebtn\" href=\"https:\/\/www.geoparcorigens.cat\/es\/wp-content\/uploads\/122_La-visita-a-la-reserva.pdf\" target=\"_blank\" rel=\"noreferrer noopener\"><span class=\"kt-btn-inner-text\">Gu\u00eda de Boumort<\/span><\/a><\/div>\n\n\n<style>.wp-block-kadence-advancedheading.kt-adv-heading29174_1de4df-ff, .wp-block-kadence-advancedheading.kt-adv-heading29174_1de4df-ff[data-kb-block=\"kb-adv-heading29174_1de4df-ff\"]{font-style:normal;}.wp-block-kadence-advancedheading.kt-adv-heading29174_1de4df-ff mark.kt-highlight, .wp-block-kadence-advancedheading.kt-adv-heading29174_1de4df-ff[data-kb-block=\"kb-adv-heading29174_1de4df-ff\"] mark.kt-highlight{font-style:normal;color:#f76a0c;-webkit-box-decoration-break:clone;box-decoration-break:clone;padding-top:0px;padding-right:0px;padding-bottom:0px;padding-left:0px;}.wp-block-kadence-advancedheading.kt-adv-heading29174_1de4df-ff img.kb-inline-image, .wp-block-kadence-advancedheading.kt-adv-heading29174_1de4df-ff[data-kb-block=\"kb-adv-heading29174_1de4df-ff\"] img.kb-inline-image{width:150px;vertical-align:baseline;}<\/style>\n<h3 class=\"kt-adv-heading29174_1de4df-ff wp-block-kadence-advancedheading\" data-kb-block=\"kb-adv-heading29174_1de4df-ff\"><strong><a href=\"http:\/\/www.catalunya.com\/espai-natural-protegit-de-collegats-queralt-17-17001-569293?language=ca\" target=\"_blank\" rel=\"noreferrer noopener\">ENP Collegats \u2013 Queralt<\/a><\/strong><\/h3>\n\n\n\n<p>El ca\u00f1\u00f3n\u00a0de Collegats con una longitud de 5 km es una estrecha brecha\u00a0entre altas paredes de roca, por donde el r\u00edo\u00a0Noguera Pallaresa se abre camino. Conjuntamente con los\u00a0<em>Rocs de Queralt<\/em>, forman parte de un espacio natural de inter\u00e9s nacional.<\/p>\n\n\n<style>.wp-block-kadence-advancedheading.kt-adv-heading29174_dc0013-c1, .wp-block-kadence-advancedheading.kt-adv-heading29174_dc0013-c1[data-kb-block=\"kb-adv-heading29174_dc0013-c1\"]{font-style:normal;}.wp-block-kadence-advancedheading.kt-adv-heading29174_dc0013-c1 mark.kt-highlight, .wp-block-kadence-advancedheading.kt-adv-heading29174_dc0013-c1[data-kb-block=\"kb-adv-heading29174_dc0013-c1\"] mark.kt-highlight{font-style:normal;color:#f76a0c;-webkit-box-decoration-break:clone;box-decoration-break:clone;padding-top:0px;padding-right:0px;padding-bottom:0px;padding-left:0px;}.wp-block-kadence-advancedheading.kt-adv-heading29174_dc0013-c1 img.kb-inline-image, .wp-block-kadence-advancedheading.kt-adv-heading29174_dc0013-c1[data-kb-block=\"kb-adv-heading29174_dc0013-c1\"] img.kb-inline-image{width:150px;vertical-align:baseline;}<\/style>\n<h3 class=\"kt-adv-heading29174_dc0013-c1 wp-block-kadence-advancedheading\" data-kb-block=\"kb-adv-heading29174_dc0013-c1\"><strong>ENP Estany de Montcort\u00e9s<\/strong><\/h3>\n\n\n\n<p>Las aguas del lago provienen de un manantial\u00a0interno. Tiene una profundidad que oscila\u00a0entre los\u00a020\u00a0y los\u00a040 metros. Esta\u00a0zona lacustre es una de las reservas de aves acu\u00e1ticas m\u00e1s importantes del Pirineo y acoge una gran variedad de aves migratorias. \u00a0Adem\u00e1s dispone de algunas especies de flora y fauna poco representadas en el territorio pirenaico.<\/p>\n\n\n<style>.wp-block-kadence-advancedheading.kt-adv-heading29174_ed0780-b8, .wp-block-kadence-advancedheading.kt-adv-heading29174_ed0780-b8[data-kb-block=\"kb-adv-heading29174_ed0780-b8\"]{font-style:normal;}.wp-block-kadence-advancedheading.kt-adv-heading29174_ed0780-b8 mark.kt-highlight, .wp-block-kadence-advancedheading.kt-adv-heading29174_ed0780-b8[data-kb-block=\"kb-adv-heading29174_ed0780-b8\"] mark.kt-highlight{font-style:normal;color:#f76a0c;-webkit-box-decoration-break:clone;box-decoration-break:clone;padding-top:0px;padding-right:0px;padding-bottom:0px;padding-left:0px;}.wp-block-kadence-advancedheading.kt-adv-heading29174_ed0780-b8 img.kb-inline-image, .wp-block-kadence-advancedheading.kt-adv-heading29174_ed0780-b8[data-kb-block=\"kb-adv-heading29174_ed0780-b8\"] img.kb-inline-image{width:150px;vertical-align:baseline;}<\/style>\n<h3 class=\"kt-adv-heading29174_ed0780-b8 wp-block-kadence-advancedheading\" data-kb-block=\"kb-adv-heading29174_ed0780-b8\"><strong><a href=\"http:\/\/www.catalunya.com\/espai-natural-protegit-de-la-vall-alta-de-serradell-terreta-serra-de-sant-gervas-17-17001-572884?language=ca\" target=\"_blank\" rel=\"noreferrer noopener\">ENP Vall Alta Serradell \u2013 Terreta \u2013 Serra de Sant Gerv\u00e0s<\/a><\/strong><\/h3>\n\n\n\n<p><strong>\u00a0<\/strong>Las aguas del lago provienen de un manantial\u00a0interno. Tiene una profundidad que oscila\u00a0entre los\u00a020\u00a0y los\u00a040 metros. Esta\u00a0zona lacustre es una de las reservas de aves acu\u00e1ticas m\u00e1s importantes del Pirineo y acoge una gran variedad de aves migratorias. \u00a0Adem\u00e1s dispone de algunas especies de flora y fauna poco representadas en el territorio pirenaico.<\/p>\n\n\n<style>.wp-block-kadence-advancedheading.kt-adv-heading29174_1a669d-10, .wp-block-kadence-advancedheading.kt-adv-heading29174_1a669d-10[data-kb-block=\"kb-adv-heading29174_1a669d-10\"]{font-style:normal;}.wp-block-kadence-advancedheading.kt-adv-heading29174_1a669d-10 mark.kt-highlight, .wp-block-kadence-advancedheading.kt-adv-heading29174_1a669d-10[data-kb-block=\"kb-adv-heading29174_1a669d-10\"] mark.kt-highlight{font-style:normal;color:#f76a0c;-webkit-box-decoration-break:clone;box-decoration-break:clone;padding-top:0px;padding-right:0px;padding-bottom:0px;padding-left:0px;}.wp-block-kadence-advancedheading.kt-adv-heading29174_1a669d-10 img.kb-inline-image, .wp-block-kadence-advancedheading.kt-adv-heading29174_1a669d-10[data-kb-block=\"kb-adv-heading29174_1a669d-10\"] img.kb-inline-image{width:150px;vertical-align:baseline;}<\/style>\n<h3 class=\"kt-adv-heading29174_1a669d-10 wp-block-kadence-advancedheading\" data-kb-block=\"kb-adv-heading29174_1a669d-10\"><strong><a href=\"http:\/\/www.catalunya.com\/espai-natural-protegit-dels-estanys-de-basturs-17-17001-572295?language=ca\" target=\"_blank\" rel=\"noreferrer noopener\">ENP Estanys de Basturs<\/a><\/strong><\/h3>\n\n\n\n<p>Ecosistema singular y muy fr\u00e1gil que ocupa un espacio de casi 37 ha. Actualmente consta de dos lagunas bien constituidas: una de forma casi circular, m\u00e1s grande, con la cubeta c\u00f3nica, y otra m\u00e1s peque\u00f1a (Estany Xic), situada al noroeste de la primera.<\/p>\n\n\n<style>.wp-block-kadence-advancedheading.kt-adv-heading29174_5f7eaa-42, .wp-block-kadence-advancedheading.kt-adv-heading29174_5f7eaa-42[data-kb-block=\"kb-adv-heading29174_5f7eaa-42\"]{font-style:normal;}.wp-block-kadence-advancedheading.kt-adv-heading29174_5f7eaa-42 mark.kt-highlight, .wp-block-kadence-advancedheading.kt-adv-heading29174_5f7eaa-42[data-kb-block=\"kb-adv-heading29174_5f7eaa-42\"] mark.kt-highlight{font-style:normal;color:#f76a0c;-webkit-box-decoration-break:clone;box-decoration-break:clone;padding-top:0px;padding-right:0px;padding-bottom:0px;padding-left:0px;}.wp-block-kadence-advancedheading.kt-adv-heading29174_5f7eaa-42 img.kb-inline-image, .wp-block-kadence-advancedheading.kt-adv-heading29174_5f7eaa-42[data-kb-block=\"kb-adv-heading29174_5f7eaa-42\"] img.kb-inline-image{width:150px;vertical-align:baseline;}<\/style>\n<h3 class=\"kt-adv-heading29174_5f7eaa-42 wp-block-kadence-advancedheading\" data-kb-block=\"kb-adv-heading29174_5f7eaa-42\"><strong><a href=\"http:\/\/www.catalunya.com\/espai-natural-protegit-de-la-serra-de-turp-i-mora-comtal-valldan-17-17001-572602?language=ca\" target=\"_blank\" rel=\"noreferrer noopener\">ENP Serra de Turp i Mora Condal \u2013 Valldan<\/a><\/strong><\/h3>\n\n\n<style>.wp-block-kadence-advancedheading.kt-adv-heading29174_8579af-9d, .wp-block-kadence-advancedheading.kt-adv-heading29174_8579af-9d[data-kb-block=\"kb-adv-heading29174_8579af-9d\"]{font-style:normal;}.wp-block-kadence-advancedheading.kt-adv-heading29174_8579af-9d mark.kt-highlight, .wp-block-kadence-advancedheading.kt-adv-heading29174_8579af-9d[data-kb-block=\"kb-adv-heading29174_8579af-9d\"] mark.kt-highlight{font-style:normal;color:#f76a0c;-webkit-box-decoration-break:clone;box-decoration-break:clone;padding-top:0px;padding-right:0px;padding-bottom:0px;padding-left:0px;}.wp-block-kadence-advancedheading.kt-adv-heading29174_8579af-9d img.kb-inline-image, .wp-block-kadence-advancedheading.kt-adv-heading29174_8579af-9d[data-kb-block=\"kb-adv-heading29174_8579af-9d\"] img.kb-inline-image{width:150px;vertical-align:baseline;}<\/style>\n<h3 class=\"kt-adv-heading29174_8579af-9d wp-block-kadence-advancedheading\" data-kb-block=\"kb-adv-heading29174_8579af-9d\"><strong><a href=\"http:\/\/www.catalunya.com\/espai-natural-protegit-de-la-serra-daubenc-i-roc-de-cogul-17-17001-572719?language=ca\" target=\"_blank\" rel=\"noreferrer noopener\">ENP Serra d\u2019Auben\u00e7 i Roc de Cogul&nbsp;<\/a><\/strong><\/h3>\n\n\n<style>.wp-block-kadence-advancedheading.kt-adv-heading29174_2fd307-51, .wp-block-kadence-advancedheading.kt-adv-heading29174_2fd307-51[data-kb-block=\"kb-adv-heading29174_2fd307-51\"]{font-style:normal;}.wp-block-kadence-advancedheading.kt-adv-heading29174_2fd307-51 mark.kt-highlight, .wp-block-kadence-advancedheading.kt-adv-heading29174_2fd307-51[data-kb-block=\"kb-adv-heading29174_2fd307-51\"] mark.kt-highlight{font-style:normal;color:#f76a0c;-webkit-box-decoration-break:clone;box-decoration-break:clone;padding-top:0px;padding-right:0px;padding-bottom:0px;padding-left:0px;}.wp-block-kadence-advancedheading.kt-adv-heading29174_2fd307-51 img.kb-inline-image, .wp-block-kadence-advancedheading.kt-adv-heading29174_2fd307-51[data-kb-block=\"kb-adv-heading29174_2fd307-51\"] img.kb-inline-image{width:150px;vertical-align:baseline;}<\/style>\n<h3 class=\"kt-adv-heading29174_2fd307-51 wp-block-kadence-advancedheading\" data-kb-block=\"kb-adv-heading29174_2fd307-51\"><strong><a href=\"http:\/\/www.catalunya.com\/espai-natural-protegit-de-la-serra-del-montsec-17-17001-15?language=ca\" target=\"_blank\" rel=\"noreferrer noopener\">ENP Serres del Montsec, Sant Mamet i Mitjana<\/a><\/strong><\/h3>\n\n\n\n<p>Dentro de este espacio destaca Montrebei, considerado uno de los lugares de m\u00e1s valor natural y paisajista de Catalu\u00f1a. Las paredes del ca\u00f1\u00f3n llegan a m\u00e1s de 500 m de ca\u00edda vertical, con puntos donde la anchura m\u00ednima del ca\u00f1\u00f3n es de tan solo 20 m. Tiene una extensi\u00f3n de unas 600 ha.<\/p>\n\n\n<style>.wp-block-kadence-advancedheading.kt-adv-heading29174_54900c-e8, .wp-block-kadence-advancedheading.kt-adv-heading29174_54900c-e8[data-kb-block=\"kb-adv-heading29174_54900c-e8\"]{font-style:normal;}.wp-block-kadence-advancedheading.kt-adv-heading29174_54900c-e8 mark.kt-highlight, .wp-block-kadence-advancedheading.kt-adv-heading29174_54900c-e8[data-kb-block=\"kb-adv-heading29174_54900c-e8\"] mark.kt-highlight{font-style:normal;color:#f76a0c;-webkit-box-decoration-break:clone;box-decoration-break:clone;padding-top:0px;padding-right:0px;padding-bottom:0px;padding-left:0px;}.wp-block-kadence-advancedheading.kt-adv-heading29174_54900c-e8 img.kb-inline-image, .wp-block-kadence-advancedheading.kt-adv-heading29174_54900c-e8[data-kb-block=\"kb-adv-heading29174_54900c-e8\"] img.kb-inline-image{width:150px;vertical-align:baseline;}<\/style>\n<h3 class=\"kt-adv-heading29174_54900c-e8 wp-block-kadence-advancedheading\" data-kb-block=\"kb-adv-heading29174_54900c-e8\"><strong>ENP Vessants de la Noguera Ribagor\u00e7ana<\/strong><\/h3>\n\n\n<style>.wp-block-kadence-advancedheading.kt-adv-heading29174_878b42-95, .wp-block-kadence-advancedheading.kt-adv-heading29174_878b42-95[data-kb-block=\"kb-adv-heading29174_878b42-95\"]{font-style:normal;}.wp-block-kadence-advancedheading.kt-adv-heading29174_878b42-95 mark.kt-highlight, .wp-block-kadence-advancedheading.kt-adv-heading29174_878b42-95[data-kb-block=\"kb-adv-heading29174_878b42-95\"] mark.kt-highlight{font-style:normal;color:#f76a0c;-webkit-box-decoration-break:clone;box-decoration-break:clone;padding-top:0px;padding-right:0px;padding-bottom:0px;padding-left:0px;}.wp-block-kadence-advancedheading.kt-adv-heading29174_878b42-95 img.kb-inline-image, .wp-block-kadence-advancedheading.kt-adv-heading29174_878b42-95[data-kb-block=\"kb-adv-heading29174_878b42-95\"] img.kb-inline-image{width:150px;vertical-align:baseline;}<\/style>\n<h3 class=\"kt-adv-heading29174_878b42-95 wp-block-kadence-advancedheading\" data-kb-block=\"kb-adv-heading29174_878b42-95\"><strong><a href=\"http:\/\/www.catalunya.com\/espai-natural-protegit-de-laiguabarreig-segre-noguera-pallaresa-17-17001-572891?language=ca\" target=\"_blank\" rel=\"noreferrer noopener\">ENP Aiguabarreig Segre \u2013 Noguera Pallaresa<\/a><\/strong><\/h3>\n\n\n<style>.wp-block-kadence-advancedheading.kt-adv-heading29174_c2159b-0a, .wp-block-kadence-advancedheading.kt-adv-heading29174_c2159b-0a[data-kb-block=\"kb-adv-heading29174_c2159b-0a\"]{font-style:normal;}.wp-block-kadence-advancedheading.kt-adv-heading29174_c2159b-0a mark.kt-highlight, .wp-block-kadence-advancedheading.kt-adv-heading29174_c2159b-0a[data-kb-block=\"kb-adv-heading29174_c2159b-0a\"] mark.kt-highlight{font-style:normal;color:#f76a0c;-webkit-box-decoration-break:clone;box-decoration-break:clone;padding-top:0px;padding-right:0px;padding-bottom:0px;padding-left:0px;}.wp-block-kadence-advancedheading.kt-adv-heading29174_c2159b-0a img.kb-inline-image, .wp-block-kadence-advancedheading.kt-adv-heading29174_c2159b-0a[data-kb-block=\"kb-adv-heading29174_c2159b-0a\"] img.kb-inline-image{width:150px;vertical-align:baseline;}<\/style>\n<h3 class=\"kt-adv-heading29174_c2159b-0a wp-block-kadence-advancedheading\" data-kb-block=\"kb-adv-heading29174_c2159b-0a\"><strong><a href=\"http:\/\/www.catalunya.com\/espai-natural-protegit-de-la-serra-llarga-secans-de-la-noguera-17-17001-573080?language=ca\" target=\"_blank\" rel=\"noreferrer noopener\">ENP Secans de La Noguera<\/a><\/strong><\/h3>\n\n\n<style>.wp-block-kadence-advancedheading.kt-adv-heading29174_e6e669-de, .wp-block-kadence-advancedheading.kt-adv-heading29174_e6e669-de[data-kb-block=\"kb-adv-heading29174_e6e669-de\"]{font-style:normal;}.wp-block-kadence-advancedheading.kt-adv-heading29174_e6e669-de mark.kt-highlight, .wp-block-kadence-advancedheading.kt-adv-heading29174_e6e669-de[data-kb-block=\"kb-adv-heading29174_e6e669-de\"] mark.kt-highlight{font-style:normal;color:#f76a0c;-webkit-box-decoration-break:clone;box-decoration-break:clone;padding-top:0px;padding-right:0px;padding-bottom:0px;padding-left:0px;}.wp-block-kadence-advancedheading.kt-adv-heading29174_e6e669-de img.kb-inline-image, .wp-block-kadence-advancedheading.kt-adv-heading29174_e6e669-de[data-kb-block=\"kb-adv-heading29174_e6e669-de\"] img.kb-inline-image{width:150px;vertical-align:baseline;}<\/style>\n<h3 class=\"kt-adv-heading29174_e6e669-de wp-block-kadence-advancedheading\" data-kb-block=\"kb-adv-heading29174_e6e669-de\"><strong><a href=\"http:\/\/www.catalunya.com\/espai-natural-protegit-de-les-valls-del-sio---llobregos-17-17001-572416?language=ca\" target=\"_blank\" rel=\"noreferrer noopener\">ENP Valls del Si\u00f3 \u2013 Llobreg\u00f3s<\/a><\/strong><\/h3>\n\n\n<style>.wp-block-kadence-advancedheading.kt-adv-heading29174_6fb161-67, .wp-block-kadence-advancedheading.kt-adv-heading29174_6fb161-67[data-kb-block=\"kb-adv-heading29174_6fb161-67\"]{font-style:normal;}.wp-block-kadence-advancedheading.kt-adv-heading29174_6fb161-67 mark.kt-highlight, .wp-block-kadence-advancedheading.kt-adv-heading29174_6fb161-67[data-kb-block=\"kb-adv-heading29174_6fb161-67\"] mark.kt-highlight{font-style:normal;color:#f76a0c;-webkit-box-decoration-break:clone;box-decoration-break:clone;padding-top:0px;padding-right:0px;padding-bottom:0px;padding-left:0px;}.wp-block-kadence-advancedheading.kt-adv-heading29174_6fb161-67 img.kb-inline-image, .wp-block-kadence-advancedheading.kt-adv-heading29174_6fb161-67[data-kb-block=\"kb-adv-heading29174_6fb161-67\"] img.kb-inline-image{width:150px;vertical-align:baseline;}<\/style>\n<h3 class=\"kt-adv-heading29174_6fb161-67 wp-block-kadence-advancedheading\" data-kb-block=\"kb-adv-heading29174_6fb161-67\"><strong>Alt Pallars<\/strong><\/h3>\n<\/div><\/div>\n\n<\/div><\/div>","protected":false},"excerpt":{"rendered":"<p>Los ENP (Espacios Naturales Protegidos) est\u00e1n dentro del Plan de Espacios de Inter\u00e9s Natural (PEIN) y son a la vez espacios Red Natura 2000 (ZEC + ZEPA). Espacios naturales protegidos (ENP)\u00a0m\u00e1s importantes del Geoparque Or\u00edgens ENP Serra de Boumort La Reserva Nacional de Caza de Boumort (RNC) fue creada con la finalidad de proteger, fomentar&#8230;<\/p>\n","protected":false},"author":1,"featured_media":0,"parent":0,"menu_order":0,"comment_status":"closed","ping_status":"closed","template":"","meta":{"_acf_changed":false,"_kad_blocks_custom_css":"","_kad_blocks_head_custom_js":"","_kad_blocks_body_custom_js":"","_kad_blocks_footer_custom_js":"","_kad_post_transparent":"","_kad_post_title":"show","_kad_post_layout":"","_kad_post_sidebar_id":"","_kad_post_content_style":"","_kad_post_vertical_padding":"","_kad_post_feature":"","_kad_post_feature_position":"","_kad_post_header":false,"_kad_post_footer":false,"_kad_post_classname":"","footnotes":""},"class_list":["post-29174","page","type-page","status-publish","hentry"],"acf":[],"taxonomy_info":[],"featured_image_src_large":false,"author_info":{"display_name":"09254GP","author_link":"https:\/\/www.geoparcorigens.cat\/es\/author\/administrador\/"},"comment_info":0,"_links":{"self":[{"href":"https:\/\/www.geoparcorigens.cat\/es\/wp-json\/wp\/v2\/pages\/29174","targetHints":{"allow":["GET"]}}],"collection":[{"href":"https:\/\/www.geoparcorigens.cat\/es\/wp-json\/wp\/v2\/pages"}],"about":[{"href":"https:\/\/www.geoparcorigens.cat\/es\/wp-json\/wp\/v2\/types\/page"}],"author":[{"embeddable":true,"href":"https:\/\/www.geoparcorigens.cat\/es\/wp-json\/wp\/v2\/users\/1"}],"replies":[{"embeddable":true,"href":"https:\/\/www.geoparcorigens.cat\/es\/wp-json\/wp\/v2\/comments?post=29174"}],"version-history":[{"count":0,"href":"https:\/\/www.geoparcorigens.cat\/es\/wp-json\/wp\/v2\/pages\/29174\/revisions"}],"wp:attachment":[{"href":"https:\/\/www.geoparcorigens.cat\/es\/wp-json\/wp\/v2\/media?parent=29174"}],"curies":[{"name":"wp","href":"https:\/\/api.w.org\/{rel}","templated":true}]}}