{"id":33560,"date":"2024-11-11T16:49:07","date_gmt":"2024-11-11T15:49:07","guid":{"rendered":"https:\/\/www.geoparcorigens.cat\/activitat\/maridatge-pallares\/"},"modified":"2025-01-27T08:41:00","modified_gmt":"2025-01-27T07:41:00","slug":"maridatge-pallares","status":"publish","type":"activitat","link":"https:\/\/www.geoparcorigens.cat\/fr\/activit\u00e9e\/maridatge-pallares\/","title":{"rendered":"Accord mets et vins Pallar\u00e8s \u00e0 la cave El Vinyer"},"content":{"rendered":"<p>Avec cette exp\u00e9rience, nous ferons ensemble un voyage \u00e0 travers le Pallars \u00e0 travers sa gastronomie.<\/p>\n<p>Apr\u00e8s une promenade dans les vignobles et une visite de la cave, nous nous attablerons pour d\u00e9guster nos vins, accompagn\u00e9s des fantastiques produits agroalimentaires du Pallars.<\/p>\n","protected":false},"excerpt":{"rendered":"<p>Voyagez par le Pallars \u00e0 travers de sa gastronomie. Balade dans le vignoble et visite de la cave, suivies d\u2019une d\u00e9gustation de vins en accord avec des produits agroalimentaires du Pallars.<\/p>\n","protected":false},"featured_media":33561,"template":"","meta":{"_acf_changed":false,"_kad_blocks_custom_css":"","_kad_blocks_head_custom_js":"","_kad_blocks_body_custom_js":"","_kad_blocks_footer_custom_js":"","_kad_post_transparent":"","_kad_post_title":"","_kad_post_layout":"","_kad_post_sidebar_id":"","_kad_post_content_style":"","_kad_post_vertical_padding":"","_kad_post_feature":"","_kad_post_feature_position":"","_kad_post_header":false,"_kad_post_footer":false,"_kad_post_classname":"","footnotes":""},"categoria-activitat":[408,414],"tag-activitat":[],"class_list":["post-33560","activitat","type-activitat","status-publish","has-post-thumbnail","hentry","categoria-activitat-enologie-fr","categoria-activitat-tourisme-gastronomique-fr"],"acf":[],"taxonomy_info":{"categoria-activitat":[{"value":408,"label":"Enologie"},{"value":414,"label":"Tourisme gastronomique"}]},"featured_image_src_large":["https:\/\/www.geoparcorigens.cat\/wp-content\/uploads\/MaridatgePallares2_elvinyer.jpg",1000,667,false],"author_info":[],"comment_info":"","_links":{"self":[{"href":"https:\/\/www.geoparcorigens.cat\/fr\/wp-json\/wp\/v2\/activitat\/33560","targetHints":{"allow":["GET"]}}],"collection":[{"href":"https:\/\/www.geoparcorigens.cat\/fr\/wp-json\/wp\/v2\/activitat"}],"about":[{"href":"https:\/\/www.geoparcorigens.cat\/fr\/wp-json\/wp\/v2\/types\/activitat"}],"version-history":[{"count":0,"href":"https:\/\/www.geoparcorigens.cat\/fr\/wp-json\/wp\/v2\/activitat\/33560\/revisions"}],"wp:featuredmedia":[{"embeddable":true,"href":"https:\/\/www.geoparcorigens.cat\/fr\/wp-json\/wp\/v2\/media\/33561"}],"wp:attachment":[{"href":"https:\/\/www.geoparcorigens.cat\/fr\/wp-json\/wp\/v2\/media?parent=33560"}],"wp:term":[{"taxonomy":"categoria-activitat","embeddable":true,"href":"https:\/\/www.geoparcorigens.cat\/fr\/wp-json\/wp\/v2\/categoria-activitat?post=33560"},{"taxonomy":"tag-activitat","embeddable":true,"href":"https:\/\/www.geoparcorigens.cat\/fr\/wp-json\/wp\/v2\/tag-activitat?post=33560"}],"curies":[{"name":"wp","href":"https:\/\/api.w.org\/{rel}","templated":true}]}}