{"id":33595,"date":"2024-11-08T17:44:15","date_gmt":"2024-11-08T16:44:15","guid":{"rendered":"https:\/\/www.geoparcorigens.cat\/activitat\/setmana-de-la-ciencia\/"},"modified":"2025-02-24T07:22:36","modified_gmt":"2025-02-24T06:22:36","slug":"setmana-de-la-ciencia","status":"publish","type":"activitat","link":"https:\/\/www.geoparcorigens.cat\/fr\/activit\u00e9e\/setmana-de-la-ciencia\/","title":{"rendered":"Semaine de la Science"},"content":{"rendered":"<p>Chaque ann\u00e9e en novembre, dans le cadre de la F\u00eate de la science, des activit\u00e9s sont organis\u00e9es partout en Catalogne. C\u2019est une initiative de communication scientifique et technologique coordonn\u00e9e par la Fondation catalane pour la recherche et l\u2019innovation.<\/p>\n<p>Toutes les activit\u00e9s sont gratuites.<\/p>\n","protected":false},"excerpt":{"rendered":"<p>En novembre, dans le cadre de la F\u00eate de la science, des pr\u00e9sentations sont organis\u00e9es pour faire conna\u00eetre les recherches qui s\u2019effectuent au territoire. Cette initiative est coordonn\u00e9e par la Fondation catalane pour la recherche et l\u2019innovation.<\/p>\n","protected":false},"featured_media":33596,"template":"","meta":{"_acf_changed":false,"_kad_blocks_custom_css":"","_kad_blocks_head_custom_js":"","_kad_blocks_body_custom_js":"","_kad_blocks_footer_custom_js":"","_kad_post_transparent":"","_kad_post_title":"","_kad_post_layout":"","_kad_post_sidebar_id":"","_kad_post_content_style":"","_kad_post_vertical_padding":"","_kad_post_feature":"","_kad_post_feature_position":"","_kad_post_header":false,"_kad_post_footer":false,"_kad_post_classname":"","footnotes":""},"categoria-activitat":[363,399],"tag-activitat":[],"class_list":["post-33595","activitat","type-activitat","status-publish","has-post-thumbnail","hentry","categoria-activitat-activites-fr","categoria-activitat-activites-annuelles-fr"],"acf":[],"taxonomy_info":{"categoria-activitat":[{"value":363,"label":"Activit\u00e9s"},{"value":399,"label":"Activit\u00e9s annuelles"}]},"featured_image_src_large":["https:\/\/www.geoparcorigens.cat\/wp-content\/uploads\/SC2018_arqueoleg-per-un-dia-3.jpg",1000,562,false],"author_info":[],"comment_info":"","_links":{"self":[{"href":"https:\/\/www.geoparcorigens.cat\/fr\/wp-json\/wp\/v2\/activitat\/33595","targetHints":{"allow":["GET"]}}],"collection":[{"href":"https:\/\/www.geoparcorigens.cat\/fr\/wp-json\/wp\/v2\/activitat"}],"about":[{"href":"https:\/\/www.geoparcorigens.cat\/fr\/wp-json\/wp\/v2\/types\/activitat"}],"version-history":[{"count":0,"href":"https:\/\/www.geoparcorigens.cat\/fr\/wp-json\/wp\/v2\/activitat\/33595\/revisions"}],"wp:featuredmedia":[{"embeddable":true,"href":"https:\/\/www.geoparcorigens.cat\/fr\/wp-json\/wp\/v2\/media\/33596"}],"wp:attachment":[{"href":"https:\/\/www.geoparcorigens.cat\/fr\/wp-json\/wp\/v2\/media?parent=33595"}],"wp:term":[{"taxonomy":"categoria-activitat","embeddable":true,"href":"https:\/\/www.geoparcorigens.cat\/fr\/wp-json\/wp\/v2\/categoria-activitat?post=33595"},{"taxonomy":"tag-activitat","embeddable":true,"href":"https:\/\/www.geoparcorigens.cat\/fr\/wp-json\/wp\/v2\/tag-activitat?post=33595"}],"curies":[{"name":"wp","href":"https:\/\/api.w.org\/{rel}","templated":true}]}}