{"id":33635,"date":"2024-11-08T17:44:15","date_gmt":"2024-11-08T16:44:15","guid":{"rendered":"https:\/\/www.geoparcorigens.cat\/activitat\/dia-internacional-per-la-reduccio-de-risc-de-desastres\/"},"modified":"2025-01-27T08:42:55","modified_gmt":"2025-01-27T07:42:55","slug":"dia-internacional-per-la-reduccio-de-risc-de-desastres","status":"publish","type":"activitat","link":"https:\/\/www.geoparcorigens.cat\/fr\/activit\u00e9e\/dia-internacional-per-la-reduccio-de-risc-de-desastres\/","title":{"rendered":"Journ\u00e9e internationale de pr\u00e9vention des catastrophes"},"content":{"rendered":"<p>La Journ\u00e9e internationale de pr\u00e9vention des catastrophes a pour but d\u2019augmenter le taux de sensibilisation sur l\u2019utilisation des connaissances et des pratiques traditionnelles, aborig\u00e8nes et locales afin de compl\u00e9menter les connaissances scientifiques dans la gestion du risque des catastrophes et trouver des mani\u00e8res pour inclure les communaut\u00e9s locales dans l\u2019application du Cadre de Sendai pour la r\u00e9duction des risques de catastrophe.<\/p>\n","protected":false},"excerpt":{"rendered":"<p>La Journ\u00e9e internationale de pr\u00e9vention des catastrophes se c\u00e9l\u00e8bre le 13 octobre et comm\u00e9more les actions que la soci\u00e9t\u00e9, \u00e0 niveau mondial, r\u00e9alise pour minimiser les dommages occasionn\u00e9s par les d\u00e9sastres naturels.<\/p>\n","protected":false},"featured_media":33636,"template":"","meta":{"_acf_changed":false,"_kad_blocks_custom_css":"","_kad_blocks_head_custom_js":"","_kad_blocks_body_custom_js":"","_kad_blocks_footer_custom_js":"","_kad_post_transparent":"","_kad_post_title":"","_kad_post_layout":"","_kad_post_sidebar_id":"","_kad_post_content_style":"","_kad_post_vertical_padding":"","_kad_post_feature":"","_kad_post_feature_position":"","_kad_post_header":false,"_kad_post_footer":false,"_kad_post_classname":"","footnotes":""},"categoria-activitat":[363,586],"tag-activitat":[],"class_list":["post-33635","activitat","type-activitat","status-publish","has-post-thumbnail","hentry","categoria-activitat-activites-fr","categoria-activitat-journees-internationals-cat"],"acf":[],"taxonomy_info":{"categoria-activitat":[{"value":363,"label":"Activit\u00e9s"},{"value":586,"label":"Journ\u00e9es internationals"}]},"featured_image_src_large":["https:\/\/www.geoparcorigens.cat\/wp-content\/uploads\/DIDR_Puigcercos-1024x576.jpg",1024,576,true],"author_info":[],"comment_info":"","_links":{"self":[{"href":"https:\/\/www.geoparcorigens.cat\/fr\/wp-json\/wp\/v2\/activitat\/33635","targetHints":{"allow":["GET"]}}],"collection":[{"href":"https:\/\/www.geoparcorigens.cat\/fr\/wp-json\/wp\/v2\/activitat"}],"about":[{"href":"https:\/\/www.geoparcorigens.cat\/fr\/wp-json\/wp\/v2\/types\/activitat"}],"version-history":[{"count":0,"href":"https:\/\/www.geoparcorigens.cat\/fr\/wp-json\/wp\/v2\/activitat\/33635\/revisions"}],"wp:featuredmedia":[{"embeddable":true,"href":"https:\/\/www.geoparcorigens.cat\/fr\/wp-json\/wp\/v2\/media\/33636"}],"wp:attachment":[{"href":"https:\/\/www.geoparcorigens.cat\/fr\/wp-json\/wp\/v2\/media?parent=33635"}],"wp:term":[{"taxonomy":"categoria-activitat","embeddable":true,"href":"https:\/\/www.geoparcorigens.cat\/fr\/wp-json\/wp\/v2\/categoria-activitat?post=33635"},{"taxonomy":"tag-activitat","embeddable":true,"href":"https:\/\/www.geoparcorigens.cat\/fr\/wp-json\/wp\/v2\/tag-activitat?post=33635"}],"curies":[{"name":"wp","href":"https:\/\/api.w.org\/{rel}","templated":true}]}}