{"id":33639,"date":"2024-11-08T17:44:14","date_gmt":"2024-11-08T16:44:14","guid":{"rendered":"https:\/\/www.geoparcorigens.cat\/activitat\/els-estanys-ocults-de-lalta-vall-fosca\/"},"modified":"2025-01-27T08:44:15","modified_gmt":"2025-01-27T07:44:15","slug":"els-estanys-ocults-de-lalta-vall-fosca","status":"publish","type":"activitat","link":"https:\/\/www.geoparcorigens.cat\/fr\/activit\u00e9e\/els-estanys-ocults-de-lalta-vall-fosca\/","title":{"rendered":"Les lacs cach\u00e9s de l&rsquo;Alta Vall Fosca"},"content":{"rendered":"<p>Il s&rsquo;agit d&rsquo;une randonn\u00e9e assez exigeante de deux jours qui parcourt la partie la plus haute de la Vall Fosca. La t\u00eate de la Vall Fosca est compos\u00e9e de plus de 30 lacs d&rsquo;origine glaciaire.<\/p>\n<p>Dans ce d\u00e9cor alpin se trouve un grand nombre d&rsquo;animaux repr\u00e9sentatifs de la faune du parc, comme l\u2019isard, la marmotte, le lagop\u00e8de alpin, le gypa\u00e8te barbu et le vautour fauve. Plus haut, il y a des esp\u00e8ces v\u00e9g\u00e9tales telles que les gentianes, l&rsquo;arnica ou les orchid\u00e9es, entre autres.<\/p>\n","protected":false},"excerpt":{"rendered":"<p> Excursion de deux jours par la partie sup\u00e9rieure de la Vall Fosca. La t\u00eate de la Vall Fosca est form\u00e9e de plus de 30 lacs d\u2019origine glaciaire, terrain qui h\u00e9berge un grand nombre d\u2019animaux autochtones.<\/p>\n","protected":false},"featured_media":33640,"template":"","meta":{"_acf_changed":false,"_kad_blocks_custom_css":"","_kad_blocks_head_custom_js":"","_kad_blocks_body_custom_js":"","_kad_blocks_footer_custom_js":"","_kad_post_transparent":"","_kad_post_title":"","_kad_post_layout":"","_kad_post_sidebar_id":"","_kad_post_content_style":"","_kad_post_vertical_padding":"","_kad_post_feature":"","_kad_post_feature_position":"","_kad_post_header":false,"_kad_post_footer":false,"_kad_post_classname":"","footnotes":""},"categoria-activitat":[381,378],"tag-activitat":[],"class_list":["post-33639","activitat","type-activitat","status-publish","has-post-thumbnail","hentry","categoria-activitat-randonnee-fr","categoria-activitat-tourisme-actif-fr"],"acf":[],"taxonomy_info":{"categoria-activitat":[{"value":381,"label":"Randonn\u00e9e"},{"value":378,"label":"Tourisme actif"}]},"featured_image_src_large":["https:\/\/www.geoparcorigens.cat\/wp-content\/uploads\/EstanysOcultsVallFosca_RamonDies.jpeg",640,479,false],"author_info":[],"comment_info":"","_links":{"self":[{"href":"https:\/\/www.geoparcorigens.cat\/fr\/wp-json\/wp\/v2\/activitat\/33639","targetHints":{"allow":["GET"]}}],"collection":[{"href":"https:\/\/www.geoparcorigens.cat\/fr\/wp-json\/wp\/v2\/activitat"}],"about":[{"href":"https:\/\/www.geoparcorigens.cat\/fr\/wp-json\/wp\/v2\/types\/activitat"}],"version-history":[{"count":0,"href":"https:\/\/www.geoparcorigens.cat\/fr\/wp-json\/wp\/v2\/activitat\/33639\/revisions"}],"wp:featuredmedia":[{"embeddable":true,"href":"https:\/\/www.geoparcorigens.cat\/fr\/wp-json\/wp\/v2\/media\/33640"}],"wp:attachment":[{"href":"https:\/\/www.geoparcorigens.cat\/fr\/wp-json\/wp\/v2\/media?parent=33639"}],"wp:term":[{"taxonomy":"categoria-activitat","embeddable":true,"href":"https:\/\/www.geoparcorigens.cat\/fr\/wp-json\/wp\/v2\/categoria-activitat?post=33639"},{"taxonomy":"tag-activitat","embeddable":true,"href":"https:\/\/www.geoparcorigens.cat\/fr\/wp-json\/wp\/v2\/tag-activitat?post=33639"}],"curies":[{"name":"wp","href":"https:\/\/api.w.org\/{rel}","templated":true}]}}