{"id":33659,"date":"2024-11-08T17:44:14","date_gmt":"2024-11-08T16:44:14","guid":{"rendered":"https:\/\/www.geoparcorigens.cat\/activitat\/descobreix-la-vall-dager\/"},"modified":"2025-01-27T08:53:23","modified_gmt":"2025-01-27T07:53:23","slug":"descobreix-la-vall-dager","status":"publish","type":"activitat","link":"https:\/\/www.geoparcorigens.cat\/fr\/activit\u00e9e\/descobreix-la-vall-dager\/","title":{"rendered":"D\u00e9couvrez la Vall d&rsquo;\u00c0ger"},"content":{"rendered":"<p>Casa Caminer est un g\u00eete rural ind\u00e9pendant, situ\u00e9 dans le village d&rsquo;Agull\u00f3, avec une capacit\u00e9 pour 2 \u00e0 14 personnes. Profitez de votre s\u00e9jour pour faire des itin\u00e9raires culturels et d\u00e9couvrir les ermitages romans, les arbres uniques et le patrimoine naturel de la r\u00e9gion. Vous pourrez r\u00e9aliser des visites guid\u00e9es de la Coll\u00e9giale de Sant Pere et des itin\u00e9raires th\u00e9matiques d\u2019histoire locale.<\/p>\n","protected":false},"excerpt":{"rendered":"<p>Visites guid\u00e9es \u00e0 la Col\u00b7legiata de Sant Pere et itin\u00e9raires d\u2019histoire locale, o\u00f9 vous d\u00e9couvrirez les ermitages romans, les arbres uniques et le patrimoine de la r\u00e9gion.<\/p>\n","protected":false},"featured_media":33660,"template":"","meta":{"_acf_changed":false,"_kad_blocks_custom_css":"","_kad_blocks_head_custom_js":"","_kad_blocks_body_custom_js":"","_kad_blocks_footer_custom_js":"","_kad_post_transparent":"","_kad_post_title":"","_kad_post_layout":"","_kad_post_sidebar_id":"","_kad_post_content_style":"","_kad_post_vertical_padding":"","_kad_post_feature":"","_kad_post_feature_position":"","_kad_post_header":false,"_kad_post_footer":false,"_kad_post_classname":"","footnotes":""},"categoria-activitat":[363,372],"tag-activitat":[],"class_list":["post-33659","activitat","type-activitat","status-publish","has-post-thumbnail","hentry","categoria-activitat-activites-fr","categoria-activitat-histoire-contribution-humaine-fr"],"acf":[],"taxonomy_info":{"categoria-activitat":[{"value":363,"label":"Activit\u00e9s"},{"value":372,"label":"Histoire et contribution humaine"}]},"featured_image_src_large":["https:\/\/www.geoparcorigens.cat\/wp-content\/uploads\/AgerColegiata_Xavi-Badia-1024x683.jpg",1024,683,true],"author_info":[],"comment_info":"","_links":{"self":[{"href":"https:\/\/www.geoparcorigens.cat\/fr\/wp-json\/wp\/v2\/activitat\/33659","targetHints":{"allow":["GET"]}}],"collection":[{"href":"https:\/\/www.geoparcorigens.cat\/fr\/wp-json\/wp\/v2\/activitat"}],"about":[{"href":"https:\/\/www.geoparcorigens.cat\/fr\/wp-json\/wp\/v2\/types\/activitat"}],"version-history":[{"count":0,"href":"https:\/\/www.geoparcorigens.cat\/fr\/wp-json\/wp\/v2\/activitat\/33659\/revisions"}],"wp:featuredmedia":[{"embeddable":true,"href":"https:\/\/www.geoparcorigens.cat\/fr\/wp-json\/wp\/v2\/media\/33660"}],"wp:attachment":[{"href":"https:\/\/www.geoparcorigens.cat\/fr\/wp-json\/wp\/v2\/media?parent=33659"}],"wp:term":[{"taxonomy":"categoria-activitat","embeddable":true,"href":"https:\/\/www.geoparcorigens.cat\/fr\/wp-json\/wp\/v2\/categoria-activitat?post=33659"},{"taxonomy":"tag-activitat","embeddable":true,"href":"https:\/\/www.geoparcorigens.cat\/fr\/wp-json\/wp\/v2\/tag-activitat?post=33659"}],"curies":[{"name":"wp","href":"https:\/\/api.w.org\/{rel}","templated":true}]}}