{"id":33910,"date":"2024-11-08T17:44:11","date_gmt":"2024-11-08T16:44:11","guid":{"rendered":"https:\/\/www.geoparcorigens.cat\/activitat\/museu-dels-raiers-de-coll-de-nargo\/"},"modified":"2025-01-27T09:07:55","modified_gmt":"2025-01-27T08:07:55","slug":"museu-dels-raiers-de-coll-de-nargo","status":"publish","type":"activitat","link":"https:\/\/www.geoparcorigens.cat\/fr\/activit\u00e9e\/museu-dels-raiers-de-coll-de-nargo\/","title":{"rendered":"Mus\u00e9e des raiers de Coll de Narg\u00f3"},"content":{"rendered":"<p>L\u2019ancienne chapelle de la Mara de D\u00e9u del Roser (Notre Dame de Roser), sainte patronne des radeleurs, accueille actuellement le Mus\u00e9e des radeleurs, un petit espace avec des panneaux informatifs qui d\u00e9crivent le processus de fabrication et l\u2019utilisation des radeaux et des objets relationn\u00e9s avec le m\u00e9tier. Chaque ann\u00e9e a lieu la f\u00eate de descente des radeleurs \u00e0 Coll de Narg\u00f3.<\/p>\n<p>Ce m\u00e9tier a \u00e9t\u00e9 d\u00e9clar\u00e9 Patrimoine Culturel Immat\u00e9riel de l&rsquo;Humanit\u00e9 par l&rsquo;UNESCO.<\/p>\n","protected":false},"excerpt":{"rendered":"<p>D\u00e9crit le processus de la fabrication et l\u2019utilisation des radeaux, avec une exposition des outils utilis\u00e9s par les radeleurs, leurs objets personnels, leur mat\u00e9riel de p\u00eache et leurs v\u00eatements. Ce m\u00e9tier a \u00e9t\u00e9 d\u00e9clar\u00e9 Patrimoine Culturel Immat\u00e9riel de l&rsquo;Humanit\u00e9 par l&rsquo;UNESCO.<\/p>\n","protected":false},"featured_media":33911,"template":"","meta":{"_acf_changed":false,"_kad_blocks_custom_css":"","_kad_blocks_head_custom_js":"","_kad_blocks_body_custom_js":"","_kad_blocks_footer_custom_js":"","_kad_post_transparent":"","_kad_post_title":"","_kad_post_layout":"","_kad_post_sidebar_id":"","_kad_post_content_style":"","_kad_post_vertical_padding":"","_kad_post_feature":"","_kad_post_feature_position":"","_kad_post_header":false,"_kad_post_footer":false,"_kad_post_classname":"","footnotes":""},"categoria-activitat":[369,348],"tag-activitat":[],"class_list":["post-33910","activitat","type-activitat","status-publish","has-post-thumbnail","hentry","categoria-activitat-fetes-et-traditions-fr","categoria-activitat-tous-les-musees-fr"],"acf":[],"taxonomy_info":{"categoria-activitat":[{"value":369,"label":"F\u00eates et traditions"},{"value":348,"label":"Tous les mus\u00e9es"}]},"featured_image_src_large":["https:\/\/www.geoparcorigens.cat\/wp-content\/uploads\/Museu-Raiers-Coll-de-Nargo_HoraciCapelFernandez-1024x683.jpg",1024,683,true],"author_info":[],"comment_info":"","_links":{"self":[{"href":"https:\/\/www.geoparcorigens.cat\/fr\/wp-json\/wp\/v2\/activitat\/33910","targetHints":{"allow":["GET"]}}],"collection":[{"href":"https:\/\/www.geoparcorigens.cat\/fr\/wp-json\/wp\/v2\/activitat"}],"about":[{"href":"https:\/\/www.geoparcorigens.cat\/fr\/wp-json\/wp\/v2\/types\/activitat"}],"version-history":[{"count":0,"href":"https:\/\/www.geoparcorigens.cat\/fr\/wp-json\/wp\/v2\/activitat\/33910\/revisions"}],"wp:featuredmedia":[{"embeddable":true,"href":"https:\/\/www.geoparcorigens.cat\/fr\/wp-json\/wp\/v2\/media\/33911"}],"wp:attachment":[{"href":"https:\/\/www.geoparcorigens.cat\/fr\/wp-json\/wp\/v2\/media?parent=33910"}],"wp:term":[{"taxonomy":"categoria-activitat","embeddable":true,"href":"https:\/\/www.geoparcorigens.cat\/fr\/wp-json\/wp\/v2\/categoria-activitat?post=33910"},{"taxonomy":"tag-activitat","embeddable":true,"href":"https:\/\/www.geoparcorigens.cat\/fr\/wp-json\/wp\/v2\/tag-activitat?post=33910"}],"curies":[{"name":"wp","href":"https:\/\/api.w.org\/{rel}","templated":true}]}}