{"id":34074,"date":"2023-09-02T16:25:52","date_gmt":"2023-09-02T14:25:52","guid":{"rendered":"https:\/\/www.geoparcorigens.cat\/entitat\/cal-tomas\/"},"modified":"2025-01-24T12:03:10","modified_gmt":"2025-01-24T11:03:10","slug":"cal-tomas","status":"publish","type":"entitat","link":"https:\/\/www.geoparcorigens.cat\/fr\/entit\u00e9e\/cal-tomas\/","title":{"rendered":"Cal Tom\u00e0s"},"content":{"rendered":"<p>Cal Tom\u00e0s est une entreprise familiale avec plus de cent ans d&rsquo;exp\u00e9rience. Ses arri\u00e8re-grands-parents ont ouvert la premi\u00e8re boucherie de la r\u00e9gion. Aujourd&rsquo;hui, la quatri\u00e8me g\u00e9n\u00e9ration, Laura et Miquel, \u00e9l\u00e8vent plus de cinq cents t\u00eates de b\u00e9tail et continuent de fabriquer des saucisses de porc de haute qualit\u00e9 en suivant des recettes traditionnelles.<\/p>\n<p>Ils pratiquent l&rsquo;\u00e9levage biologique bas\u00e9 sur l&rsquo;agriculture r\u00e9g\u00e9n\u00e9rative. Ils ne labourent pas les champs pour \u00e9viter l&rsquo;\u00e9rosion et implantent des p\u00e2turages permanents pour nourrir leurs vaches et veaux, dont 85 % de l&rsquo;alimentation est \u00e0 base de fourrage. Gr\u00e2ce \u00e0 la s\u00e9lection des animaux, les races les plus pris\u00e9es et les p\u00e2turages naturels, ils obtiennent une viande de qualit\u00e9, saine et au go\u00fbt unique.<\/p>\n","protected":false},"excerpt":{"rendered":"<p>Producteur de charcuterie artisanale et de b\u0153uf biologique. Vente de produits locaux.<\/p>\n","protected":false},"featured_media":34075,"parent":0,"menu_order":0,"template":"","meta":{"_acf_changed":false,"_kad_blocks_custom_css":"","_kad_blocks_head_custom_js":"","_kad_blocks_body_custom_js":"","_kad_blocks_footer_custom_js":"","_kad_post_transparent":"","_kad_post_title":"","_kad_post_layout":"","_kad_post_sidebar_id":"","_kad_post_content_style":"","_kad_post_vertical_padding":"","_kad_post_feature":"","_kad_post_feature_position":"","_kad_post_header":false,"_kad_post_footer":false,"_kad_post_classname":"","footnotes":""},"class_list":["post-34074","entitat","type-entitat","status-publish","has-post-thumbnail","hentry","tematica-agroalimentaire-fr"],"acf":[],"taxonomy_info":{"tematica":[{"value":474,"label":"Agroalimentaire"}]},"featured_image_src_large":["https:\/\/www.geoparcorigens.cat\/wp-content\/uploads\/26_cal-tomas_web-1024x1024.jpg",1024,1024,true],"author_info":[],"comment_info":"","_links":{"self":[{"href":"https:\/\/www.geoparcorigens.cat\/fr\/wp-json\/wp\/v2\/entitat\/34074","targetHints":{"allow":["GET"]}}],"collection":[{"href":"https:\/\/www.geoparcorigens.cat\/fr\/wp-json\/wp\/v2\/entitat"}],"about":[{"href":"https:\/\/www.geoparcorigens.cat\/fr\/wp-json\/wp\/v2\/types\/entitat"}],"version-history":[{"count":0,"href":"https:\/\/www.geoparcorigens.cat\/fr\/wp-json\/wp\/v2\/entitat\/34074\/revisions"}],"wp:featuredmedia":[{"embeddable":true,"href":"https:\/\/www.geoparcorigens.cat\/fr\/wp-json\/wp\/v2\/media\/34075"}],"wp:attachment":[{"href":"https:\/\/www.geoparcorigens.cat\/fr\/wp-json\/wp\/v2\/media?parent=34074"}],"curies":[{"name":"wp","href":"https:\/\/api.w.org\/{rel}","templated":true}]}}