{"id":33467,"date":"2024-12-20T14:23:24","date_gmt":"2024-12-20T13:23:24","guid":{"rendered":"https:\/\/www.geoparcorigens.cat\/recerques\/"},"modified":"2025-04-22T09:43:05","modified_gmt":"2025-04-22T07:43:05","slug":"recerques","status":"publish","type":"page","link":"https:\/\/www.geoparcorigens.cat\/fr\/recerques\/","title":{"rendered":"Recherches"},"content":{"rendered":"<style>.kb-row-layout-id33467_e093db-7d > .kt-row-column-wrap{align-content:center;}:where(.kb-row-layout-id33467_e093db-7d > .kt-row-column-wrap) > .wp-block-kadence-column{justify-content:center;}.kb-row-layout-id33467_e093db-7d > .kt-row-column-wrap{column-gap:var(--global-kb-gap-md, 2rem);row-gap:var(--global-kb-gap-md, 2rem);max-width:900px;margin-left:auto;margin-right:auto;padding-top:var(--global-kb-spacing-xxl, 5rem);padding-bottom:var(--global-kb-spacing-xxl, 5rem);grid-template-columns:repeat(2, minmax(0, 1fr));}.kb-row-layout-id33467_e093db-7d > .kt-row-layout-overlay{opacity:0.30;}@media all and (max-width: 1024px){.kb-row-layout-id33467_e093db-7d > .kt-row-column-wrap{grid-template-columns:repeat(2, minmax(0, 1fr));}}@media all and (max-width: 767px){.kb-row-layout-id33467_e093db-7d > .kt-row-column-wrap{grid-template-columns:minmax(0, 1fr);}}<\/style><div class=\"kb-row-layout-wrap kb-row-layout-id33467_e093db-7d alignfull wp-block-kadence-rowlayout\"><div class=\"kt-row-column-wrap kt-has-2-columns kt-row-layout-equal kt-tab-layout-inherit kt-mobile-layout-row kt-row-valign-middle\">\n<style>.kadence-column33467_647155-c3 > .kt-inside-inner-col,.kadence-column33467_647155-c3 > .kt-inside-inner-col:before{border-top-left-radius:0px;border-top-right-radius:0px;border-bottom-right-radius:0px;border-bottom-left-radius:0px;}.kadence-column33467_647155-c3 > .kt-inside-inner-col{column-gap:var(--global-kb-gap-sm, 1rem);}.kadence-column33467_647155-c3 > .kt-inside-inner-col{flex-direction:column;}.kadence-column33467_647155-c3 > .kt-inside-inner-col > .aligncenter{width:100%;}.kadence-column33467_647155-c3 > .kt-inside-inner-col:before{opacity:0.3;}.kadence-column33467_647155-c3{position:relative;}@media all and (max-width: 1024px){.kadence-column33467_647155-c3 > .kt-inside-inner-col{flex-direction:column;justify-content:center;}}@media all and (max-width: 767px){.kadence-column33467_647155-c3 > .kt-inside-inner-col{flex-direction:column;justify-content:center;}}<\/style>\n<div class=\"wp-block-kadence-column kadence-column33467_647155-c3\"><div class=\"kt-inside-inner-col\">\n<p class=\"has-medium-font-size\"><strong>La recherche est essentielle pour les G\u00e9oparks.<\/strong><\/p>\n\n\n\n<p>Actuellement, les projets de recherche suivants sont en cours d\u2019\u00e9laboration au G\u00e9oparc Or\u00edgens:<\/p>\n<\/div><\/div>\n\n\n<style>.kadence-column33467_51bb2d-70 > .kt-inside-inner-col{padding-top:0px;}.kadence-column33467_51bb2d-70 > .kt-inside-inner-col,.kadence-column33467_51bb2d-70 > .kt-inside-inner-col:before{border-top-left-radius:0px;border-top-right-radius:0px;border-bottom-right-radius:0px;border-bottom-left-radius:0px;}.kadence-column33467_51bb2d-70 > .kt-inside-inner-col{column-gap:var(--global-kb-gap-sm, 1rem);}.kadence-column33467_51bb2d-70 > .kt-inside-inner-col{flex-direction:column;}.kadence-column33467_51bb2d-70 > .kt-inside-inner-col > .aligncenter{width:100%;}.kadence-column33467_51bb2d-70 > .kt-inside-inner-col:before{opacity:0.3;}.kadence-column33467_51bb2d-70{position:relative;}@media all and (max-width: 1024px){.kadence-column33467_51bb2d-70 > .kt-inside-inner-col{flex-direction:column;justify-content:center;}}@media all and (max-width: 767px){.kadence-column33467_51bb2d-70 > .kt-inside-inner-col{flex-direction:column;justify-content:center;}}<\/style>\n<div class=\"wp-block-kadence-column kadence-column33467_51bb2d-70\"><div class=\"kt-inside-inner-col\"><style>.kb-table-of-content-nav.kb-table-of-content-id33467_3c94dd-53 .kb-table-of-content-wrap{padding-top:var(--global-kb-spacing-sm, 1.5rem);padding-right:var(--global-kb-spacing-sm, 1.5rem);padding-bottom:var(--global-kb-spacing-sm, 1.5rem);padding-left:var(--global-kb-spacing-sm, 1.5rem);background-color:rgba(180,174,28,0.42);border-top-left-radius:10px;border-top-right-radius:10px;border-bottom-right-radius:10px;border-bottom-left-radius:10px;}.kb-table-of-content-nav.kb-table-of-content-id33467_3c94dd-53 .kb-table-of-contents-title-wrap{padding-top:0px;padding-right:0px;padding-bottom:0px;padding-left:0px;}.kb-table-of-content-nav.kb-table-of-content-id33467_3c94dd-53 .kb-table-of-contents-title{font-size:var(--global-kb-font-size-md, 1.25rem);font-weight:regular;font-style:normal;}.kb-table-of-content-nav.kb-table-of-content-id33467_3c94dd-53 .kb-table-of-content-wrap .kb-table-of-content-list{font-weight:regular;font-style:normal;margin-top:var(--global-kb-spacing-sm, 1.5rem);margin-right:0px;margin-bottom:0px;margin-left:0px;}.kb-table-of-content-nav.kb-table-of-content-id33467_3c94dd-53 .kb-toggle-icon-style-basiccircle .kb-table-of-contents-icon-trigger:after, .kb-table-of-content-nav.kb-table-of-content-id33467_3c94dd-53 .kb-toggle-icon-style-basiccircle .kb-table-of-contents-icon-trigger:before, .kb-table-of-content-nav.kb-table-of-content-id33467_3c94dd-53 .kb-toggle-icon-style-arrowcircle .kb-table-of-contents-icon-trigger:after, .kb-table-of-content-nav.kb-table-of-content-id33467_3c94dd-53 .kb-toggle-icon-style-arrowcircle .kb-table-of-contents-icon-trigger:before, .kb-table-of-content-nav.kb-table-of-content-id33467_3c94dd-53 .kb-toggle-icon-style-xclosecircle .kb-table-of-contents-icon-trigger:after, .kb-table-of-content-nav.kb-table-of-content-id33467_3c94dd-53 .kb-toggle-icon-style-xclosecircle .kb-table-of-contents-icon-trigger:before{background-color:rgba(180,174,28,0.42);}<\/style><\/div><\/div>\n\n<\/div><\/div>\n\n<style>.kb-row-layout-id33467_8f7fec-f5 > .kt-row-column-wrap{align-content:start;}:where(.kb-row-layout-id33467_8f7fec-f5 > .kt-row-column-wrap) > .wp-block-kadence-column{justify-content:start;}.kb-row-layout-id33467_8f7fec-f5 > .kt-row-column-wrap{column-gap:var(--global-kb-gap-md, 2rem);row-gap:var(--global-kb-gap-none, 0rem );max-width:900px;margin-left:auto;margin-right:auto;padding-top:var(--global-kb-spacing-xl, 4rem);padding-bottom:var(--global-kb-spacing-xxl, 5rem);grid-template-columns:minmax(0, 1fr);}.kb-row-layout-id33467_8f7fec-f5 > .kt-row-layout-overlay{opacity:0.30;}@media all and (max-width: 1024px){.kb-row-layout-id33467_8f7fec-f5 > .kt-row-column-wrap{grid-template-columns:minmax(0, 1fr);}}@media all and (max-width: 767px){.kb-row-layout-id33467_8f7fec-f5 > .kt-row-column-wrap{grid-template-columns:minmax(0, 1fr);}}<\/style><div class=\"kb-row-layout-wrap kb-row-layout-id33467_8f7fec-f5 alignfull wp-block-kadence-rowlayout\"><div class=\"kt-row-column-wrap kt-has-1-columns kt-row-layout-equal kt-tab-layout-inherit kt-mobile-layout-row kt-row-valign-top\">\n<style>.kadence-column33467_7eb7bf-15 > .kt-inside-inner-col,.kadence-column33467_7eb7bf-15 > .kt-inside-inner-col:before{border-top-left-radius:0px;border-top-right-radius:0px;border-bottom-right-radius:0px;border-bottom-left-radius:0px;}.kadence-column33467_7eb7bf-15 > .kt-inside-inner-col{column-gap:var(--global-kb-gap-sm, 1rem);}.kadence-column33467_7eb7bf-15 > .kt-inside-inner-col{flex-direction:column;}.kadence-column33467_7eb7bf-15 > .kt-inside-inner-col > .aligncenter{width:100%;}.kadence-column33467_7eb7bf-15 > .kt-inside-inner-col:before{opacity:0.3;}.kadence-column33467_7eb7bf-15{position:relative;}@media all and (max-width: 1024px){.kadence-column33467_7eb7bf-15 > .kt-inside-inner-col{flex-direction:column;justify-content:center;}}@media all and (max-width: 767px){.kadence-column33467_7eb7bf-15 > .kt-inside-inner-col{flex-direction:column;justify-content:center;}}<\/style>\n<div class=\"wp-block-kadence-column kadence-column33467_7eb7bf-15\"><div class=\"kt-inside-inner-col\"><style>.wp-block-kadence-advancedheading.kt-adv-heading33467_9f04f5-72, .wp-block-kadence-advancedheading.kt-adv-heading33467_9f04f5-72[data-kb-block=\"kb-adv-heading33467_9f04f5-72\"]{font-style:normal;}.wp-block-kadence-advancedheading.kt-adv-heading33467_9f04f5-72 mark.kt-highlight, .wp-block-kadence-advancedheading.kt-adv-heading33467_9f04f5-72[data-kb-block=\"kb-adv-heading33467_9f04f5-72\"] mark.kt-highlight{font-style:normal;color:#f76a0c;-webkit-box-decoration-break:clone;box-decoration-break:clone;padding-top:0px;padding-right:0px;padding-bottom:0px;padding-left:0px;}.wp-block-kadence-advancedheading.kt-adv-heading33467_9f04f5-72 img.kb-inline-image, .wp-block-kadence-advancedheading.kt-adv-heading33467_9f04f5-72[data-kb-block=\"kb-adv-heading33467_9f04f5-72\"] img.kb-inline-image{width:150px;vertical-align:baseline;}<\/style>\n<h2 class=\"kt-adv-heading33467_9f04f5-72 wp-block-kadence-advancedheading has-theme-palette-2-color has-text-color\" data-kb-block=\"kb-adv-heading33467_9f04f5-72\"><strong><strong>Sciences de la Terre<\/strong><\/strong><\/h2>\n\n\n<style>.wp-block-kadence-advancedheading.kt-adv-heading33467_fb6d7b-34, .wp-block-kadence-advancedheading.kt-adv-heading33467_fb6d7b-34[data-kb-block=\"kb-adv-heading33467_fb6d7b-34\"]{font-style:normal;}.wp-block-kadence-advancedheading.kt-adv-heading33467_fb6d7b-34 mark.kt-highlight, .wp-block-kadence-advancedheading.kt-adv-heading33467_fb6d7b-34[data-kb-block=\"kb-adv-heading33467_fb6d7b-34\"] mark.kt-highlight{font-style:normal;color:#f76a0c;-webkit-box-decoration-break:clone;box-decoration-break:clone;padding-top:0px;padding-right:0px;padding-bottom:0px;padding-left:0px;}.wp-block-kadence-advancedheading.kt-adv-heading33467_fb6d7b-34 img.kb-inline-image, .wp-block-kadence-advancedheading.kt-adv-heading33467_fb6d7b-34[data-kb-block=\"kb-adv-heading33467_fb6d7b-34\"] img.kb-inline-image{width:150px;vertical-align:baseline;}<\/style>\n<h3 class=\"kt-adv-heading33467_fb6d7b-34 wp-block-kadence-advancedheading\" data-kb-block=\"kb-adv-heading33467_fb6d7b-34\"><strong><strong>Un mus\u00e9e naturel \u00e0 ciel ouvert dans les Pyr\u00e9n\u00e9es : exp\u00e9rience de r\u00e9alit\u00e9 virtuelle pour la diffusion et la conservation du patrimoine g\u00e9ologique et culturel (VIGEOCULT)<\/strong><\/strong><\/h3>\n\n\n\n<p class=\"has-small-font-size\"><strong>PLEC2021-00793 (2021-2024)<\/strong><\/p>\n\n\n\n<p class=\"has-theme-palette-1-color has-text-color has-link-color wp-elements-40e5b9b36d40a9439bc6b9c355f3f5dc\" style=\"margin-top:var(--wp--preset--spacing--40);margin-bottom:var(--wp--preset--spacing--40)\"><em><em>G\u00e9ologie structurale, S\u00e9dimentologie, Pal\u00e9ontologie, Histoire, Patrimoine culturel, R\u00e9alit\u00e9 virtuelle<\/em><\/em><\/p>\n\n\n\n<p>Projet men\u00e9 par le groupe de recherche Geomodels de l\u2019Universitat de Barcelona en collaboration avec l\u2019Institut Catal\u00e0 de Paleontologia Miquel Crusafont, le G\u00e9oparc mondial UNESCO Or\u00edgens et la soci\u00e9t\u00e9 de r\u00e9alit\u00e9 virtuelle Digivisi\u00f3n dans le but de cr\u00e9er un mus\u00e9e en plein air en utilisant les nouvelles m\u00e9thodologies de r\u00e9alit\u00e9 virtuelle et augment\u00e9e (VR\/AR) sur les reconstructions g\u00e9ologiques 4D. Le projet propose de concevoir une plateforme num\u00e9rique pour d\u00e9velopper des applications permettant de cr\u00e9er des exp\u00e9riences immersives dans diff\u00e9rentes parties du territoire du G\u00e9oparc \u00e0 des fins \u00e9ducatives, de diffusion et de promotion touristique \u00e0 travers VR\/RA.<\/p>\n\n\n\n<p><strong>Dirig\u00e9<\/strong> par Dr. Josep Antoni Mu\u00f1oz de la Fuente \u2013 Universitat de Barcelona (UB)<br><strong>Avec la collaboration<\/strong> de ICP, G\u00e9oparc mondial UNESCO Or\u00edgens et Digivisi\u00f3n.<\/p>\n\n\n\n<p><strong><strong>Projet VIGEOCULT (PLEC2021-00793) fond\u00e9 par MCIN\/AEI\/10.13039\/501100011033 et par l\u2019Union Europ\u00e9enne NextGenerationEU\/ PRTR<\/strong><\/strong><\/p>\n\n\n\n<figure class=\"wp-block-image size-full is-resized\"><a href=\"https:\/\/www.geoparcorigens.cat\/wp-content\/uploads\/Imatge_XXSS-01-03-2024_petit.jpg\" target=\"_blank\" rel=\" noreferrer noopener\"><img loading=\"lazy\" decoding=\"async\" width=\"597\" height=\"156\" src=\"https:\/\/www.geoparcorigens.cat\/wp-content\/uploads\/Imatge_XXSS-01-03-2024_petit.jpg\" alt=\"Logo Projecte Vigeocult 2024.\" class=\"wp-image-39888\" style=\"width:524px;height:auto\" srcset=\"https:\/\/www.geoparcorigens.cat\/wp-content\/uploads\/Imatge_XXSS-01-03-2024_petit.jpg 597w, https:\/\/www.geoparcorigens.cat\/wp-content\/uploads\/Imatge_XXSS-01-03-2024_petit-300x78.jpg 300w\" sizes=\"auto, (max-width: 597px) 100vw, 597px\" \/><\/a><\/figure>\n\n\n<style>.wp-block-kadence-advancedheading.kt-adv-heading33467_d10ada-f3, .wp-block-kadence-advancedheading.kt-adv-heading33467_d10ada-f3[data-kb-block=\"kb-adv-heading33467_d10ada-f3\"]{font-style:normal;}.wp-block-kadence-advancedheading.kt-adv-heading33467_d10ada-f3 mark.kt-highlight, .wp-block-kadence-advancedheading.kt-adv-heading33467_d10ada-f3[data-kb-block=\"kb-adv-heading33467_d10ada-f3\"] mark.kt-highlight{font-style:normal;color:#f76a0c;-webkit-box-decoration-break:clone;box-decoration-break:clone;padding-top:0px;padding-right:0px;padding-bottom:0px;padding-left:0px;}.wp-block-kadence-advancedheading.kt-adv-heading33467_d10ada-f3 img.kb-inline-image, .wp-block-kadence-advancedheading.kt-adv-heading33467_d10ada-f3[data-kb-block=\"kb-adv-heading33467_d10ada-f3\"] img.kb-inline-image{width:150px;vertical-align:baseline;}<\/style>\n<h3 class=\"kt-adv-heading33467_d10ada-f3 wp-block-kadence-advancedheading\" data-kb-block=\"kb-adv-heading33467_d10ada-f3\"><strong><strong>Structure et d\u00e9formation des marges passives impliquant des couches de sel<\/strong><\/strong><\/h3>\n\n\n\n<p class=\"has-small-font-size\" style=\"margin-top:0;margin-bottom:0;padding-top:0;padding-right:0;padding-bottom:0;padding-left:0\"><strong>PID2020-117598GB-I00 (2021-2025)<\/strong><\/p>\n\n\n\n<p style=\"margin-top:var(--wp--preset--spacing--40);margin-bottom:var(--wp--preset--spacing--40)\"><em><em>G\u00e9ologie structurale, Tectonique saline<\/em><\/em><\/p>\n\n\n\n<p><strong>Dirig\u00e9 par<\/strong> Dr. Josep Antoni Mu\u00f1oz de la Fuente &#8211; Geomodels, Universitat de Barcelona (UB).<\/p>\n\n\n<style>.wp-block-kadence-advancedheading.kt-adv-heading33467_d692f2-bd, .wp-block-kadence-advancedheading.kt-adv-heading33467_d692f2-bd[data-kb-block=\"kb-adv-heading33467_d692f2-bd\"]{font-style:normal;}.wp-block-kadence-advancedheading.kt-adv-heading33467_d692f2-bd mark.kt-highlight, .wp-block-kadence-advancedheading.kt-adv-heading33467_d692f2-bd[data-kb-block=\"kb-adv-heading33467_d692f2-bd\"] mark.kt-highlight{font-style:normal;color:#f76a0c;-webkit-box-decoration-break:clone;box-decoration-break:clone;padding-top:0px;padding-right:0px;padding-bottom:0px;padding-left:0px;}.wp-block-kadence-advancedheading.kt-adv-heading33467_d692f2-bd img.kb-inline-image, .wp-block-kadence-advancedheading.kt-adv-heading33467_d692f2-bd[data-kb-block=\"kb-adv-heading33467_d692f2-bd\"] img.kb-inline-image{width:150px;vertical-align:baseline;}<\/style>\n<h3 class=\"kt-adv-heading33467_d692f2-bd wp-block-kadence-advancedheading\" data-kb-block=\"kb-adv-heading33467_d692f2-bd\"><strong><strong>Iberia au Cr\u00e9tac\u00e9 et au Pal\u00e9og\u00e8ne : pal\u00e9\u00eele et pont biog\u00e9ographique. \u00c9tudes de cas chez les macroforaminif\u00e8res et les charophytes<\/strong><\/strong><\/h3>\n\n\n\n<p class=\"has-small-font-size\"><strong>PID2020-113912GB-I00 (2021-2025)<\/strong><\/p>\n\n\n\n<p style=\"margin-top:var(--wp--preset--spacing--40);margin-bottom:var(--wp--preset--spacing--40)\"><em><em>Pal\u00e9ontolographie, Pal\u00e9oclimatologie, Biog\u00e9ographie<\/em><\/em><\/p>\n\n\n\n<p><strong>Dirig\u00e9 par:<\/strong> Dr. Carles Mart\u00edn Closas &#8211; Universitat de Barcelona (UB).<\/p>\n\n\n<style>.wp-block-kadence-advancedheading.kt-adv-heading33467_85640b-9a, .wp-block-kadence-advancedheading.kt-adv-heading33467_85640b-9a[data-kb-block=\"kb-adv-heading33467_85640b-9a\"]{font-style:normal;}.wp-block-kadence-advancedheading.kt-adv-heading33467_85640b-9a mark.kt-highlight, .wp-block-kadence-advancedheading.kt-adv-heading33467_85640b-9a[data-kb-block=\"kb-adv-heading33467_85640b-9a\"] mark.kt-highlight{font-style:normal;color:#f76a0c;-webkit-box-decoration-break:clone;box-decoration-break:clone;padding-top:0px;padding-right:0px;padding-bottom:0px;padding-left:0px;}.wp-block-kadence-advancedheading.kt-adv-heading33467_85640b-9a img.kb-inline-image, .wp-block-kadence-advancedheading.kt-adv-heading33467_85640b-9a[data-kb-block=\"kb-adv-heading33467_85640b-9a\"] img.kb-inline-image{width:150px;vertical-align:baseline;}<\/style>\n<h3 class=\"kt-adv-heading33467_85640b-9a wp-block-kadence-advancedheading\" data-kb-block=\"kb-adv-heading33467_85640b-9a\"><strong><strong>Iberia au Cr\u00e9tac\u00e9 et au Pal\u00e9og\u00e8ne : pal\u00e9\u00eele et pont biog\u00e9ographique. \u00c9tudes de cas chez les macroforaminif\u00e8res et les charophytes<\/strong><\/strong><\/h3>\n\n\n\n<p class=\"has-small-font-size\"><strong>PID2020-119772RB-I00 (2021-2025)<\/strong><\/p>\n\n\n\n<p><em><em>Pal\u00e9ontolographie, Pal\u00e9oclimatologie, Biog\u00e9ographie<\/em><\/em><\/p>\n\n\n\n<p><strong><strong>Dirig\u00e9 par<\/strong>: <\/strong> Dr. Raimon Pall\u00e0s Serra&nbsp;&#8211; RISKNAT-Universitat de Barcelona (UB).<\/p>\n\n\n<style>.wp-block-kadence-advancedheading.kt-adv-heading33467_0e161e-b1, .wp-block-kadence-advancedheading.kt-adv-heading33467_0e161e-b1[data-kb-block=\"kb-adv-heading33467_0e161e-b1\"]{font-style:normal;}.wp-block-kadence-advancedheading.kt-adv-heading33467_0e161e-b1 mark.kt-highlight, .wp-block-kadence-advancedheading.kt-adv-heading33467_0e161e-b1[data-kb-block=\"kb-adv-heading33467_0e161e-b1\"] mark.kt-highlight{font-style:normal;color:#f76a0c;-webkit-box-decoration-break:clone;box-decoration-break:clone;padding-top:0px;padding-right:0px;padding-bottom:0px;padding-left:0px;}.wp-block-kadence-advancedheading.kt-adv-heading33467_0e161e-b1 img.kb-inline-image, .wp-block-kadence-advancedheading.kt-adv-heading33467_0e161e-b1[data-kb-block=\"kb-adv-heading33467_0e161e-b1\"] img.kb-inline-image{width:150px;vertical-align:baseline;}<\/style>\n<h3 class=\"kt-adv-heading33467_0e161e-b1 wp-block-kadence-advancedheading\" data-kb-block=\"kb-adv-heading33467_0e161e-b1\"><strong><strong>Impact des transitions climatiques pal\u00e9og\u00e8nes sur les syst\u00e8mes s\u00e9dimentaires d\u2019Iberia<\/strong><\/strong><\/h3>\n\n\n\n<p class=\"has-small-font-size\"><strong>PID2019-106440GB-C21 (2020-2024)<\/strong><\/p>\n\n\n\n<p><em><em>S\u00e9dimentologie, Isotopes, Magn\u00e9tostratigraphie<\/em><\/em><\/p>\n\n\n\n<p><strong>Dirig\u00e9 par:<\/strong> Drs. Miguel Garc\u00e9s Crespo i Miguel L\u00f3pez-Blanco&nbsp;&#8211; Universitat de Barcelona (UB).<\/p>\n\n\n<style>.wp-block-kadence-advancedheading.kt-adv-heading33467_906341-5d, .wp-block-kadence-advancedheading.kt-adv-heading33467_906341-5d[data-kb-block=\"kb-adv-heading33467_906341-5d\"]{font-style:normal;}.wp-block-kadence-advancedheading.kt-adv-heading33467_906341-5d mark.kt-highlight, .wp-block-kadence-advancedheading.kt-adv-heading33467_906341-5d[data-kb-block=\"kb-adv-heading33467_906341-5d\"] mark.kt-highlight{font-style:normal;color:#f76a0c;-webkit-box-decoration-break:clone;box-decoration-break:clone;padding-top:0px;padding-right:0px;padding-bottom:0px;padding-left:0px;}.wp-block-kadence-advancedheading.kt-adv-heading33467_906341-5d img.kb-inline-image, .wp-block-kadence-advancedheading.kt-adv-heading33467_906341-5d[data-kb-block=\"kb-adv-heading33467_906341-5d\"] img.kb-inline-image{width:150px;vertical-align:baseline;}<\/style>\n<h2 class=\"kt-adv-heading33467_906341-5d wp-block-kadence-advancedheading has-theme-palette-1-color has-text-color\" data-kb-block=\"kb-adv-heading33467_906341-5d\"><strong>Pal\u00e9ontologie, Histoire et Arch\u00e9ologie<\/strong><\/h2>\n\n\n<style>.wp-block-kadence-advancedheading.kt-adv-heading33467_217fbe-6e, .wp-block-kadence-advancedheading.kt-adv-heading33467_217fbe-6e[data-kb-block=\"kb-adv-heading33467_217fbe-6e\"]{font-style:normal;}.wp-block-kadence-advancedheading.kt-adv-heading33467_217fbe-6e mark.kt-highlight, .wp-block-kadence-advancedheading.kt-adv-heading33467_217fbe-6e[data-kb-block=\"kb-adv-heading33467_217fbe-6e\"] mark.kt-highlight{font-style:normal;color:#f76a0c;-webkit-box-decoration-break:clone;box-decoration-break:clone;padding-top:0px;padding-right:0px;padding-bottom:0px;padding-left:0px;}.wp-block-kadence-advancedheading.kt-adv-heading33467_217fbe-6e img.kb-inline-image, .wp-block-kadence-advancedheading.kt-adv-heading33467_217fbe-6e[data-kb-block=\"kb-adv-heading33467_217fbe-6e\"] img.kb-inline-image{width:150px;vertical-align:baseline;}<\/style>\n<h3 class=\"kt-adv-heading33467_217fbe-6e wp-block-kadence-advancedheading\" data-kb-block=\"kb-adv-heading33467_217fbe-6e\"><strong><strong>Production agricole, alimentation et sant\u00e9 entre l\u2019Antiquit\u00e9 tardive et le Haut Moyen \u00c2ge dans le nord-est de la p\u00e9ninsule ib\u00e9rique<\/strong><\/strong><\/h3>\n\n\n\n<p class=\"has-small-font-size\"><strong>ARQ001SOL-119-2022 (2022-2025)<\/strong><\/p>\n\n\n\n<p><em><em>Arch\u00e9ologie<\/em><\/em><\/p>\n\n\n\n<p>Projet de recherche \u00e0 partir d\u2019une approche interdisciplinaire des continuit\u00e9s et des ruptures dans les processus historiques de transition entre l\u2019Antiquit\u00e9 tardive et le Haut Moyen \u00c2ge dans le nord-est de la p\u00e9ninsule ib\u00e9rique. Cette approche repose sur une m\u00e9thodologie innovante qui croise les donn\u00e9es obtenues et g\u00e9n\u00e9r\u00e9es \u00e0 partir de l\u2019\u00e9tude arch\u00e9ologique des sites, du paysage, des individus enfouis et de la documentation latine pour r\u00e9pondre aux questions inh\u00e9rentes aux trois vecteurs d\u2019interpr\u00e9tation: la production agricole, l\u2019alimentation et la sant\u00e9.<\/p>\n\n\n\n<p><strong>Dirig\u00e9 par:<\/strong> Dr. Jes\u00fas Brufal Sucarrat&nbsp;&#8211; Universitat Aut\u00f2noma de Barcelona (UAB).<\/p>\n\n\n<style>.wp-block-kadence-advancedheading.kt-adv-heading33467_fcd0cb-de, .wp-block-kadence-advancedheading.kt-adv-heading33467_fcd0cb-de[data-kb-block=\"kb-adv-heading33467_fcd0cb-de\"]{font-style:normal;}.wp-block-kadence-advancedheading.kt-adv-heading33467_fcd0cb-de mark.kt-highlight, .wp-block-kadence-advancedheading.kt-adv-heading33467_fcd0cb-de[data-kb-block=\"kb-adv-heading33467_fcd0cb-de\"] mark.kt-highlight{font-style:normal;color:#f76a0c;-webkit-box-decoration-break:clone;box-decoration-break:clone;padding-top:0px;padding-right:0px;padding-bottom:0px;padding-left:0px;}.wp-block-kadence-advancedheading.kt-adv-heading33467_fcd0cb-de img.kb-inline-image, .wp-block-kadence-advancedheading.kt-adv-heading33467_fcd0cb-de[data-kb-block=\"kb-adv-heading33467_fcd0cb-de\"] img.kb-inline-image{width:150px;vertical-align:baseline;}<\/style>\n<h3 class=\"kt-adv-heading33467_fcd0cb-de wp-block-kadence-advancedheading\" data-kb-block=\"kb-adv-heading33467_fcd0cb-de\"><strong><strong>La fin d\u2019une \u00e9poque et l\u2019\u00e9mergence des \u00e9cosyst\u00e8mes modernes<\/strong><\/strong><\/h3>\n\n\n\n<p class=\"has-small-font-size\"><strong>ARQ001SOL-167-2022 (2022-2025)<\/strong><\/p>\n\n\n\n<p><em><em><em>Pal\u00e9ontologie<\/em><\/em><\/em><\/p>\n\n\n\n<p><strong>Dirig\u00e9 par:<\/strong> Dr. Josep Fortuny&nbsp;&#8211; Institut Catal\u00e0 de Paleontologia Miquel Crusafont (ICP).<\/p>\n\n\n<style>.wp-block-kadence-advancedheading.kt-adv-heading33467_1e7e3f-fc, .wp-block-kadence-advancedheading.kt-adv-heading33467_1e7e3f-fc[data-kb-block=\"kb-adv-heading33467_1e7e3f-fc\"]{font-style:normal;}.wp-block-kadence-advancedheading.kt-adv-heading33467_1e7e3f-fc mark.kt-highlight, .wp-block-kadence-advancedheading.kt-adv-heading33467_1e7e3f-fc[data-kb-block=\"kb-adv-heading33467_1e7e3f-fc\"] mark.kt-highlight{font-style:normal;color:#f76a0c;-webkit-box-decoration-break:clone;box-decoration-break:clone;padding-top:0px;padding-right:0px;padding-bottom:0px;padding-left:0px;}.wp-block-kadence-advancedheading.kt-adv-heading33467_1e7e3f-fc img.kb-inline-image, .wp-block-kadence-advancedheading.kt-adv-heading33467_1e7e3f-fc[data-kb-block=\"kb-adv-heading33467_1e7e3f-fc\"] img.kb-inline-image{width:150px;vertical-align:baseline;}<\/style>\n<h3 class=\"kt-adv-heading33467_1e7e3f-fc wp-block-kadence-advancedheading\" data-kb-block=\"kb-adv-heading33467_1e7e3f-fc\"><strong>Le Cr\u00e9tac\u00e9 continental des Pyr\u00e9n\u00e9es catalanes m\u00e9ridionales: \u00e9cosyst\u00e8mes et \u00e9volution faunistique<\/strong><\/h3>\n\n\n\n<p class=\"has-small-font-size\"><strong>(2022-2025)<\/strong><\/p>\n\n\n\n<p><em><em><em>Pal\u00e9ontologie<\/em><\/em><\/em><\/p>\n\n\n\n<p><strong>Dirig\u00e9 par: <\/strong>Dr. \u00c0ngel Galobart&nbsp;&#8211; Institut Catal\u00e0 de Paleontologia Miquel Crusafont (ICP).<\/p>\n\n\n<style>.wp-block-kadence-advancedheading.kt-adv-heading33467_d9670a-95, .wp-block-kadence-advancedheading.kt-adv-heading33467_d9670a-95[data-kb-block=\"kb-adv-heading33467_d9670a-95\"]{font-style:normal;}.wp-block-kadence-advancedheading.kt-adv-heading33467_d9670a-95 mark.kt-highlight, .wp-block-kadence-advancedheading.kt-adv-heading33467_d9670a-95[data-kb-block=\"kb-adv-heading33467_d9670a-95\"] mark.kt-highlight{font-style:normal;color:#f76a0c;-webkit-box-decoration-break:clone;box-decoration-break:clone;padding-top:0px;padding-right:0px;padding-bottom:0px;padding-left:0px;}.wp-block-kadence-advancedheading.kt-adv-heading33467_d9670a-95 img.kb-inline-image, .wp-block-kadence-advancedheading.kt-adv-heading33467_d9670a-95[data-kb-block=\"kb-adv-heading33467_d9670a-95\"] img.kb-inline-image{width:150px;vertical-align:baseline;}<\/style>\n<h3 class=\"kt-adv-heading33467_d9670a-95 wp-block-kadence-advancedheading\" data-kb-block=\"kb-adv-heading33467_d9670a-95\"><strong><strong>Le Pal\u00e9og\u00e8ne catalan et l\u2019origine des primates<\/strong><\/strong><\/h3>\n\n\n\n<p class=\"has-small-font-size\"><strong>CLT_2022_EXP_ARQ001SOLC_00000197 (2022-2025)<\/strong><\/p>\n\n\n\n<p><em><em><em>Pal\u00e9ontologie<\/em><\/em><\/em><\/p>\n\n\n\n<p>Aquest estudi pret\u00e9n recuperar restes de vertebrats continentals, invertebrats i car\u00f2fits en conques catalanes a trav\u00e9s del mostreig intensiu de localitats del Paleogen conegudes i localitzaci\u00f3 de nous nivells fossil\u00edfers per tal d&rsquo;incrementar el coneixement sobre la taxonomia, les relacions filogen\u00e8tiques i la paleobiologia de diferents grups, amb especial \u00e8mfasi en els primats. L&rsquo;objectiu \u00e9s datar acuradament i definir el paleoambient de cada jaciment a partir de l&rsquo;obtenci\u00f3 de dades.<\/p>\n\n\n\n<p><strong>Direcci\u00f3: <\/strong>Dra. Judit Marig\u00f3&nbsp;&#8211; Institut Catal\u00e0 de Paleontologia Miquel Crusafont (ICP).<\/p>\n\n\n<style>.wp-block-kadence-advancedheading.kt-adv-heading33467_12c1d7-8c, .wp-block-kadence-advancedheading.kt-adv-heading33467_12c1d7-8c[data-kb-block=\"kb-adv-heading33467_12c1d7-8c\"]{font-style:normal;}.wp-block-kadence-advancedheading.kt-adv-heading33467_12c1d7-8c mark.kt-highlight, .wp-block-kadence-advancedheading.kt-adv-heading33467_12c1d7-8c[data-kb-block=\"kb-adv-heading33467_12c1d7-8c\"] mark.kt-highlight{font-style:normal;color:#f76a0c;-webkit-box-decoration-break:clone;box-decoration-break:clone;padding-top:0px;padding-right:0px;padding-bottom:0px;padding-left:0px;}.wp-block-kadence-advancedheading.kt-adv-heading33467_12c1d7-8c img.kb-inline-image, .wp-block-kadence-advancedheading.kt-adv-heading33467_12c1d7-8c[data-kb-block=\"kb-adv-heading33467_12c1d7-8c\"] img.kb-inline-image{width:150px;vertical-align:baseline;}<\/style>\n<h3 class=\"kt-adv-heading33467_12c1d7-8c wp-block-kadence-advancedheading\" data-kb-block=\"kb-adv-heading33467_12c1d7-8c\"><strong>\u00abIn territorio Orritense\u00bb. Evoluci\u00f3 del poblament prepirinenc de l&rsquo;antiguitat tardana al m\u00f3n medieval<\/strong><\/h3>\n\n\n\n<p class=\"has-small-font-size\"><strong>ARQ001SOL-129-2022 (2022-2025)<\/strong><\/p>\n\n\n\n<p><em>Arqueologia<\/em><\/p>\n\n\n\n<p>Cette \u00e9tude vise \u00e0 r\u00e9cup\u00e9rer les restes de vert\u00e9br\u00e9s, d\u2019invert\u00e9br\u00e9s et de charophytes continentaux dans les bassins catalans gr\u00e2ce \u00e0 un \u00e9chantillonnage intensif des localit\u00e9s pal\u00e9og\u00e8nes connues et \u00e0 la localisation de nouveaux niveaux fossilif\u00e8res afin d\u2019accro\u00eetre les connaissances sur la taxonomie, les relations phylog\u00e9n\u00e9tiques et la pal\u00e9obiologie des diff\u00e9rents groupes, avec un accent particulier sur primates. L\u2019objectif est de dater et de d\u00e9finir avec pr\u00e9cision le pal\u00e9oenvironnement de chaque site en fonction de la collecte de donn\u00e9es.<\/p>\n\n\n\n<p><strong>Dirig\u00e9 par: <\/strong>Dr. Xavier Costa Badia&nbsp;&#8211; Ajuntament d&rsquo;Isona i Conca Dell\u00e0<\/p>\n\n\n\n<p><strong>Avec la collaboration de: <\/strong>Universitat de Barcelona (LAMUB i SGR GEAH), Ajuntament de Tremp, Ajuntament de Talarn i Fundaci\u00f3 Catalunya &#8211; La Pedrera.<\/p>\n\n\n<style>.wp-block-kadence-advancedheading.kt-adv-heading33467_1992c7-6b, .wp-block-kadence-advancedheading.kt-adv-heading33467_1992c7-6b[data-kb-block=\"kb-adv-heading33467_1992c7-6b\"]{font-style:normal;}.wp-block-kadence-advancedheading.kt-adv-heading33467_1992c7-6b mark.kt-highlight, .wp-block-kadence-advancedheading.kt-adv-heading33467_1992c7-6b[data-kb-block=\"kb-adv-heading33467_1992c7-6b\"] mark.kt-highlight{font-style:normal;color:#f76a0c;-webkit-box-decoration-break:clone;box-decoration-break:clone;padding-top:0px;padding-right:0px;padding-bottom:0px;padding-left:0px;}.wp-block-kadence-advancedheading.kt-adv-heading33467_1992c7-6b img.kb-inline-image, .wp-block-kadence-advancedheading.kt-adv-heading33467_1992c7-6b[data-kb-block=\"kb-adv-heading33467_1992c7-6b\"] img.kb-inline-image{width:150px;vertical-align:baseline;}<\/style>\n<h3 class=\"kt-adv-heading33467_1992c7-6b wp-block-kadence-advancedheading\" data-kb-block=\"kb-adv-heading33467_1992c7-6b\"><strong><strong>La ville d\u2019Aeso (Isona) et son territoire \u00e0 l\u2019\u00e9poque ib\u00e9rique et romaine<\/strong><\/strong><\/h3>\n\n\n\n<p class=\"has-small-font-size\"><strong>CLT\/2022\/ARQ001SOLC\/165 (2022-2025)<\/strong><\/p>\n\n\n\n<p><em><em>Arch\u00e9ologie<\/em><\/em><\/p>\n\n\n\n<p>Projet qui comprend des fouilles arch\u00e9ologiques dans la ville romaine d\u2019Aeso (Isona) et la villa romaine de Llor\u00eds, l\u2019\u00e9tude et la prospection du territoire et l\u2019examen de la collection mus\u00e9ale associ\u00e9e.<\/p>\n\n\n\n<p><strong>Dirig\u00e9 par:<\/strong> Dr. Ignasi Garc\u00e8s Estallo&nbsp;&#8211; Universitat de Barcelona (UB).<\/p>\n\n\n<style>.wp-block-kadence-advancedheading.kt-adv-heading33467_90da2b-ee, .wp-block-kadence-advancedheading.kt-adv-heading33467_90da2b-ee[data-kb-block=\"kb-adv-heading33467_90da2b-ee\"]{font-style:normal;}.wp-block-kadence-advancedheading.kt-adv-heading33467_90da2b-ee mark.kt-highlight, .wp-block-kadence-advancedheading.kt-adv-heading33467_90da2b-ee[data-kb-block=\"kb-adv-heading33467_90da2b-ee\"] mark.kt-highlight{font-style:normal;color:#f76a0c;-webkit-box-decoration-break:clone;box-decoration-break:clone;padding-top:0px;padding-right:0px;padding-bottom:0px;padding-left:0px;}.wp-block-kadence-advancedheading.kt-adv-heading33467_90da2b-ee img.kb-inline-image, .wp-block-kadence-advancedheading.kt-adv-heading33467_90da2b-ee[data-kb-block=\"kb-adv-heading33467_90da2b-ee\"] img.kb-inline-image{width:150px;vertical-align:baseline;}<\/style>\n<h3 class=\"kt-adv-heading33467_90da2b-ee wp-block-kadence-advancedheading\" data-kb-block=\"kb-adv-heading33467_90da2b-ee\"><strong><strong>De Ipsos Kastellos: Habitat et forteresses de montagne en Catalogne m\u00e9di\u00e9vale (S. IX-XIII)<\/strong><\/strong><\/h3>\n\n\n\n<p class=\"has-small-font-size\"><strong>ARQ001SOL-161-2022 (2022-2025)<\/strong><\/p>\n\n\n\n<p><em><em>Arch\u00e9ologie<\/em><\/em><\/p>\n\n\n\n<p>L\u2019objectif principal du projet \u00abDe Ipsos Kastellos\u00bb est d\u2019\u00e9tudier la gen\u00e8se et l\u2019\u00e9volution des habitats du haut Moyen \u00c2ge li\u00e9s \u00e0 la pr\u00e9sence de ch\u00e2teaux et d\u2019autres \u00e9l\u00e9ments de fortification, dans les zones de moyenne montagne de la Catalogne occidentale.<\/p>\n\n\n\n<p><strong>Dirig\u00e9 par:<\/strong> Dra. Marta Sancho Planas&nbsp;&#8211; Universitat de Barcelona (LAMUB)<\/p>\n\n\n\n<p><strong>Avec la collaboration du:  <\/strong>Geoparc mundial de la UNESCO Or\u00edgens, Consell Comarcal del Pallars Juss\u00e0, Ajuntament de Gavet de la Conca, Ajuntament de la Pobla de Segur, Ajuntament de Castell de Mur, Centre d\u2019Estudis Lacetans i Universitat de Barcelona (SGR GEAH).<\/p>\n\n\n<style>.wp-block-kadence-advancedheading.kt-adv-heading33467_b0c738-fb, .wp-block-kadence-advancedheading.kt-adv-heading33467_b0c738-fb[data-kb-block=\"kb-adv-heading33467_b0c738-fb\"]{font-style:normal;}.wp-block-kadence-advancedheading.kt-adv-heading33467_b0c738-fb mark.kt-highlight, .wp-block-kadence-advancedheading.kt-adv-heading33467_b0c738-fb[data-kb-block=\"kb-adv-heading33467_b0c738-fb\"] mark.kt-highlight{font-style:normal;color:#f76a0c;-webkit-box-decoration-break:clone;box-decoration-break:clone;padding-top:0px;padding-right:0px;padding-bottom:0px;padding-left:0px;}.wp-block-kadence-advancedheading.kt-adv-heading33467_b0c738-fb img.kb-inline-image, .wp-block-kadence-advancedheading.kt-adv-heading33467_b0c738-fb[data-kb-block=\"kb-adv-heading33467_b0c738-fb\"] img.kb-inline-image{width:150px;vertical-align:baseline;}<\/style>\n<h3 class=\"kt-adv-heading33467_b0c738-fb wp-block-kadence-advancedheading\" data-kb-block=\"kb-adv-heading33467_b0c738-fb\"><strong><strong>Population et modes de vie au Pl\u00e9istoc\u00e8ne sup\u00e9rieur et \u00e0 l\u2019Holoc\u00e8ne dans les Pr\u00e9-Pyr\u00e9n\u00e9es orientales<\/strong><\/strong><\/h3>\n\n\n\n<p class=\"has-small-font-size\"><strong>PID2019-104843GB-I00 (2020-2023)<\/strong><\/p>\n\n\n\n<p><em><em>Pr\u00e9histoire<\/em><\/em><\/p>\n\n\n\n<p><strong>Dirig\u00e9 par:<\/strong> Dr. Rafael Mora Torcal&nbsp;&#8211; Universitat Aut\u00f2noma de Barcelona (UAB).<\/p>\n\n\n<style>.wp-block-kadence-advancedheading.kt-adv-heading33467_31fc72-a9, .wp-block-kadence-advancedheading.kt-adv-heading33467_31fc72-a9[data-kb-block=\"kb-adv-heading33467_31fc72-a9\"]{font-style:normal;}.wp-block-kadence-advancedheading.kt-adv-heading33467_31fc72-a9 mark.kt-highlight, .wp-block-kadence-advancedheading.kt-adv-heading33467_31fc72-a9[data-kb-block=\"kb-adv-heading33467_31fc72-a9\"] mark.kt-highlight{font-style:normal;color:#f76a0c;-webkit-box-decoration-break:clone;box-decoration-break:clone;padding-top:0px;padding-right:0px;padding-bottom:0px;padding-left:0px;}.wp-block-kadence-advancedheading.kt-adv-heading33467_31fc72-a9 img.kb-inline-image, .wp-block-kadence-advancedheading.kt-adv-heading33467_31fc72-a9[data-kb-block=\"kb-adv-heading33467_31fc72-a9\"] img.kb-inline-image{width:150px;vertical-align:baseline;}<\/style>\n<h3 class=\"kt-adv-heading33467_31fc72-a9 wp-block-kadence-advancedheading\" data-kb-block=\"kb-adv-heading33467_31fc72-a9\"><strong><strong>Population humaine dans les Pr\u00e9-Pyr\u00e9n\u00e9es orientales au Pl\u00e9istoc\u00e8ne sup\u00e9rieur et \u00e0 l\u2019Holoc\u00e8ne<\/strong><\/strong><\/h3>\n\n\n\n<p class=\"has-small-font-size\"><strong>CLT_2022_EXP_ARQ001SOLC_00000105 (2022-2026)<\/strong><\/p>\n\n\n\n<p><em><em>Pr\u00e9histoire<\/em><\/em><\/p>\n\n\n\n<p><strong>Dirig\u00e9 par: <\/strong>Drs. Rafael Mora Torcal&nbsp;i Jorge Mart\u00ednez-Moreno &#8211; Universitat Aut\u00f2noma de Barcelona (UAB).<\/p>\n\n\n<style>.wp-block-kadence-advancedheading.kt-adv-heading33467_4dd37e-ca, .wp-block-kadence-advancedheading.kt-adv-heading33467_4dd37e-ca[data-kb-block=\"kb-adv-heading33467_4dd37e-ca\"]{font-style:normal;}.wp-block-kadence-advancedheading.kt-adv-heading33467_4dd37e-ca mark.kt-highlight, .wp-block-kadence-advancedheading.kt-adv-heading33467_4dd37e-ca[data-kb-block=\"kb-adv-heading33467_4dd37e-ca\"] mark.kt-highlight{font-style:normal;color:#f76a0c;-webkit-box-decoration-break:clone;box-decoration-break:clone;padding-top:0px;padding-right:0px;padding-bottom:0px;padding-left:0px;}.wp-block-kadence-advancedheading.kt-adv-heading33467_4dd37e-ca img.kb-inline-image, .wp-block-kadence-advancedheading.kt-adv-heading33467_4dd37e-ca[data-kb-block=\"kb-adv-heading33467_4dd37e-ca\"] img.kb-inline-image{width:150px;vertical-align:baseline;}<\/style>\n<h3 class=\"kt-adv-heading33467_4dd37e-ca wp-block-kadence-advancedheading\" data-kb-block=\"kb-adv-heading33467_4dd37e-ca\"><strong><strong>Population et modes de vie au Pl\u00e9istoc\u00e8ne sup\u00e9rieur et \u00e0 l\u2019Holoc\u00e8ne dans les Pr\u00e9-Pyr\u00e9n\u00e9es orientales. Analyse des archives n\u00e9olithiques de la Cova Gran, Cova del Tabac et Font del Ros<\/strong><\/strong><\/h3>\n\n\n\n<p class=\"has-small-font-size\"><strong>Fundaci\u00f3n Palarq. Convocatoria de anal\u00edticas 2022-2023<\/strong><\/p>\n\n\n\n<p><em><em>Pr\u00e9histoire<\/em><\/em><\/p>\n\n\n\n<p><strong>Dirig\u00e9 par:<\/strong> Drs. Rafael Mora Torcal, Jorge Mart\u00ednez-Moreno i Paloma Gonz\u00e1lez Marc\u00e9n &#8211; Universitat Aut\u00f2noma de Barcelona (UAB).<\/p>\n\n\n<style>.wp-block-kadence-advancedheading.kt-adv-heading33467_647744-7b, .wp-block-kadence-advancedheading.kt-adv-heading33467_647744-7b[data-kb-block=\"kb-adv-heading33467_647744-7b\"]{font-style:normal;}.wp-block-kadence-advancedheading.kt-adv-heading33467_647744-7b mark.kt-highlight, .wp-block-kadence-advancedheading.kt-adv-heading33467_647744-7b[data-kb-block=\"kb-adv-heading33467_647744-7b\"] mark.kt-highlight{font-style:normal;color:#f76a0c;-webkit-box-decoration-break:clone;box-decoration-break:clone;padding-top:0px;padding-right:0px;padding-bottom:0px;padding-left:0px;}.wp-block-kadence-advancedheading.kt-adv-heading33467_647744-7b img.kb-inline-image, .wp-block-kadence-advancedheading.kt-adv-heading33467_647744-7b[data-kb-block=\"kb-adv-heading33467_647744-7b\"] img.kb-inline-image{width:150px;vertical-align:baseline;}<\/style>\n<h3 class=\"kt-adv-heading33467_647744-7b wp-block-kadence-advancedheading\" data-kb-block=\"kb-adv-heading33467_647744-7b\"><strong><strong>Campus Jeunesse d\u2019Arch\u00e9ologie<\/strong> &#8211; INVESTIGA.EDU<\/strong><\/h3>\n\n\n\n<p class=\"has-small-font-size\"><strong>FCT-21-17031 (2022-2023)<\/strong><\/p>\n\n\n\n<p><em>Pr\u00e9histoire, Arch\u00e9ologie, Milieu naturel, Pal\u00e9ontologie<\/em><\/p>\n\n\n\n<p>Programme d\u2019innovation p\u00e9dagogique qui vise \u00e0 rapprocher la recherche scientifique des centres \u00e9ducatifs.<\/p>\n\n\n\n<p><strong>Dirig\u00e9 par:  <\/strong>Dra. Paloma Gonz\u00e1lez Marc\u00e9n &#8211; Universitat Aut\u00f2noma de Barcelona (UAB).<\/p>\n\n\n<style>.wp-block-kadence-advancedheading.kt-adv-heading33467_ead3b9-1a, .wp-block-kadence-advancedheading.kt-adv-heading33467_ead3b9-1a[data-kb-block=\"kb-adv-heading33467_ead3b9-1a\"]{font-style:normal;}.wp-block-kadence-advancedheading.kt-adv-heading33467_ead3b9-1a mark.kt-highlight, .wp-block-kadence-advancedheading.kt-adv-heading33467_ead3b9-1a[data-kb-block=\"kb-adv-heading33467_ead3b9-1a\"] mark.kt-highlight{font-style:normal;color:#f76a0c;-webkit-box-decoration-break:clone;box-decoration-break:clone;padding-top:0px;padding-right:0px;padding-bottom:0px;padding-left:0px;}.wp-block-kadence-advancedheading.kt-adv-heading33467_ead3b9-1a img.kb-inline-image, .wp-block-kadence-advancedheading.kt-adv-heading33467_ead3b9-1a[data-kb-block=\"kb-adv-heading33467_ead3b9-1a\"] img.kb-inline-image{width:150px;vertical-align:baseline;}<\/style>\n<h3 class=\"kt-adv-heading33467_ead3b9-1a wp-block-kadence-advancedheading\" data-kb-block=\"kb-adv-heading33467_ead3b9-1a\"><strong><strong>Comp\u00e9tition, co-\u00e9volution et commensalisme: l\u2019utilisation des milieux karstiques par l\u2019homme et les carnivores au Pal\u00e9olithique moyen<\/strong> per humans i carn\u00edvors durant el Paleol\u00edtic Mitj\u00e0<\/strong><\/h3>\n\n\n\n<p class=\"has-small-font-size\"><strong>ARQ001SOL-183-2022 (2022-2025)<\/strong><\/p>\n\n\n\n<p><em><em>Quaternaire, Evolution humaine, Pal\u00e9ontologie, Arch\u00e9ologie<\/em><\/em><\/p>\n\n\n\n<p>Bas\u00e9 sur l\u2019\u00e9tude des occupations n\u00e9andertaliennes dans les grottes du Pallars, l\u2019objectif principal du projet vise \u00e0 contribuer \u00e0 la reconstruction du paysage pal\u00e9olithique de cette aire g\u00e9ographique, tant d\u2019un point de vue g\u00e9ologique que g\u00e9omorphologique et pal\u00e9o\u00e9cologique.<\/p>\n\n\n\n<p><strong>Dirig\u00e9 par: <\/strong>Dr. Jordi Rosell Ard\u00e8vol &#8211; IPHES-CERCA.<\/p>\n\n\n<style>.wp-block-kadence-advancedheading.kt-adv-heading33467_8d924d-c2, .wp-block-kadence-advancedheading.kt-adv-heading33467_8d924d-c2[data-kb-block=\"kb-adv-heading33467_8d924d-c2\"]{font-style:normal;}.wp-block-kadence-advancedheading.kt-adv-heading33467_8d924d-c2 mark.kt-highlight, .wp-block-kadence-advancedheading.kt-adv-heading33467_8d924d-c2[data-kb-block=\"kb-adv-heading33467_8d924d-c2\"] mark.kt-highlight{font-style:normal;color:#f76a0c;-webkit-box-decoration-break:clone;box-decoration-break:clone;padding-top:0px;padding-right:0px;padding-bottom:0px;padding-left:0px;}.wp-block-kadence-advancedheading.kt-adv-heading33467_8d924d-c2 img.kb-inline-image, .wp-block-kadence-advancedheading.kt-adv-heading33467_8d924d-c2[data-kb-block=\"kb-adv-heading33467_8d924d-c2\"] img.kb-inline-image{width:150px;vertical-align:baseline;}<\/style>\n<h2 class=\"kt-adv-heading33467_8d924d-c2 wp-block-kadence-advancedheading has-theme-palette-1-color has-text-color\" data-kb-block=\"kb-adv-heading33467_8d924d-c2\">Astronomie<\/h2>\n\n\n<style>.wp-block-kadence-advancedheading.kt-adv-heading33467_4e5e0f-07, .wp-block-kadence-advancedheading.kt-adv-heading33467_4e5e0f-07[data-kb-block=\"kb-adv-heading33467_4e5e0f-07\"]{font-style:normal;}.wp-block-kadence-advancedheading.kt-adv-heading33467_4e5e0f-07 mark.kt-highlight, .wp-block-kadence-advancedheading.kt-adv-heading33467_4e5e0f-07[data-kb-block=\"kb-adv-heading33467_4e5e0f-07\"] mark.kt-highlight{font-style:normal;color:#f76a0c;-webkit-box-decoration-break:clone;box-decoration-break:clone;padding-top:0px;padding-right:0px;padding-bottom:0px;padding-left:0px;}.wp-block-kadence-advancedheading.kt-adv-heading33467_4e5e0f-07 img.kb-inline-image, .wp-block-kadence-advancedheading.kt-adv-heading33467_4e5e0f-07[data-kb-block=\"kb-adv-heading33467_4e5e0f-07\"] img.kb-inline-image{width:150px;vertical-align:baseline;}<\/style>\n<h3 class=\"kt-adv-heading33467_4e5e0f-07 wp-block-kadence-advancedheading\" data-kb-block=\"kb-adv-heading33467_4e5e0f-07\"><strong><a href=\"https:\/\/pirineoslanuit.org\/\"><strong>Pirineus La Nuit<\/strong><\/a><strong>: Strat\u00e9gie pyr\u00e9n\u00e9enne pour la protection et l\u2019am\u00e9lioration du milieu nocturne<\/strong><\/strong><\/h3>\n\n\n\n<p class=\"has-small-font-size\"><strong>EFA 233\/16 PLN. POCTEFA (2014-2023)<\/strong><\/p>\n\n\n\n<p><em><em>Astronomie,&nbsp;Pollution lumineuse<\/em><\/em><\/p>\n\n\n\n<p>Le projet Pirineus La Nuit a pour but d\u2019am\u00e9liorer la qualit\u00e9 des \u00e9cosyst\u00e8mes transfrontaliers via la protection et l\u2019am\u00e9lioration d\u2019un \u00e9l\u00e9ment tr\u00e8s concret&nbsp;: l\u2019obscurit\u00e9 nocturne naturelle. L\u2019augmentation de la pollution lumineuse suppose la perte de cette valeur naturelle, laquelle constitue \u00e9galement un facteur naturel qui refl\u00e8te l\u2019\u00e9tat de la biodiversit\u00e9, des \u00e9cosyst\u00e8mes et de la sant\u00e9 des habitants. Le r\u00e9sultat final principal du projet est l\u2019\u00e9laboration d\u2019une strat\u00e9gie de protection et d\u2019am\u00e9lioration de la qualit\u00e9 du milieu nocturne qui puisse servir de r\u00e9f\u00e9rence et de guide pour d\u2019autres enclaves ou zones soucieuses d\u2019aborder la m\u00eame probl\u00e9matique.<\/p>\n\n\n\n<p>Institut de recherche: NICDO \u2013 Plan\u00e9tarium de Pamplona. Autres membres: Conseil r\u00e9gional de la Noguera, Gesti\u00f3n Ambiental de Navarra S.A., Pic du Midi, \u00c0 Ciel Ouvert et CPIE 65.<\/p>\n\n\n\n<p><strong>Direcci\u00f3 del Projecte: <\/strong>NICDO &#8211; Planetario de Pamplona. <\/p>\n\n\n\n<p><strong>Altres socis del projecte<\/strong>: Consell Comarcal de la Noguera, Gesti\u00f3n Ambiental de Navarra S.A., Pic du Midi, \u00c0 Ciel Ouvert i CPIE 65.<\/p>\n<\/div><\/div>\n\n<\/div><\/div>","protected":false},"excerpt":{"rendered":"<p>La recherche est essentielle pour les G\u00e9oparks. Actuellement, les projets de recherche suivants sont en cours d\u2019\u00e9laboration au G\u00e9oparc Or\u00edgens: Sciences de la Terre Un mus\u00e9e naturel \u00e0 ciel ouvert dans les Pyr\u00e9n\u00e9es : exp\u00e9rience de r\u00e9alit\u00e9 virtuelle pour la diffusion et la conservation du patrimoine g\u00e9ologique et culturel (VIGEOCULT) PLEC2021-00793 (2021-2024) G\u00e9ologie structurale, S\u00e9dimentologie,&#8230;<\/p>\n","protected":false},"author":2,"featured_media":0,"parent":0,"menu_order":0,"comment_status":"closed","ping_status":"closed","template":"","meta":{"_acf_changed":false,"_kad_blocks_custom_css":"","_kad_blocks_head_custom_js":"","_kad_blocks_body_custom_js":"","_kad_blocks_footer_custom_js":"","_kad_post_transparent":"","_kad_post_title":"show","_kad_post_layout":"","_kad_post_sidebar_id":"","_kad_post_content_style":"","_kad_post_vertical_padding":"","_kad_post_feature":"","_kad_post_feature_position":"","_kad_post_header":false,"_kad_post_footer":false,"_kad_post_classname":"","footnotes":""},"class_list":["post-33467","page","type-page","status-publish","hentry"],"acf":[],"taxonomy_info":[],"featured_image_src_large":false,"author_info":{"display_name":"Geoparc mundial UNESCO Or\u00edgens","author_link":"https:\/\/www.geoparcorigens.cat\/fr\/author\/moon\/"},"comment_info":0,"_links":{"self":[{"href":"https:\/\/www.geoparcorigens.cat\/fr\/wp-json\/wp\/v2\/pages\/33467","targetHints":{"allow":["GET"]}}],"collection":[{"href":"https:\/\/www.geoparcorigens.cat\/fr\/wp-json\/wp\/v2\/pages"}],"about":[{"href":"https:\/\/www.geoparcorigens.cat\/fr\/wp-json\/wp\/v2\/types\/page"}],"author":[{"embeddable":true,"href":"https:\/\/www.geoparcorigens.cat\/fr\/wp-json\/wp\/v2\/users\/2"}],"replies":[{"embeddable":true,"href":"https:\/\/www.geoparcorigens.cat\/fr\/wp-json\/wp\/v2\/comments?post=33467"}],"version-history":[{"count":0,"href":"https:\/\/www.geoparcorigens.cat\/fr\/wp-json\/wp\/v2\/pages\/33467\/revisions"}],"wp:attachment":[{"href":"https:\/\/www.geoparcorigens.cat\/fr\/wp-json\/wp\/v2\/media?parent=33467"}],"curies":[{"name":"wp","href":"https:\/\/api.w.org\/{rel}","templated":true}]}}