{"id":33484,"date":"2024-12-09T14:58:41","date_gmt":"2024-12-09T13:58:41","guid":{"rendered":"https:\/\/www.geoparcorigens.cat\/politica-de-privacitat\/"},"modified":"2025-02-13T13:42:35","modified_gmt":"2025-02-13T12:42:35","slug":"politica-de-privacitat","status":"publish","type":"page","link":"https:\/\/www.geoparcorigens.cat\/fr\/politica-de-privacitat\/","title":{"rendered":"Politique de confidentialit\u00e9"},"content":{"rendered":"<style>.kb-row-layout-id33484_c9301b-73 > .kt-row-column-wrap{align-content:start;}:where(.kb-row-layout-id33484_c9301b-73 > .kt-row-column-wrap) > .wp-block-kadence-column{justify-content:start;}.kb-row-layout-id33484_c9301b-73 > .kt-row-column-wrap{column-gap:var(--global-kb-gap-md, 2rem);row-gap:var(--global-kb-gap-none, 0rem );max-width:900px;margin-left:auto;margin-right:auto;padding-top:var(--global-kb-spacing-xxl, 5rem);padding-bottom:var(--global-kb-spacing-xxl, 5rem);grid-template-columns:minmax(0, 1fr);}.kb-row-layout-id33484_c9301b-73 > .kt-row-layout-overlay{opacity:0.30;}@media all and (max-width: 1024px){.kb-row-layout-id33484_c9301b-73 > .kt-row-column-wrap{grid-template-columns:minmax(0, 1fr);}}@media all and (max-width: 767px){.kb-row-layout-id33484_c9301b-73 > .kt-row-column-wrap{grid-template-columns:minmax(0, 1fr);}}<\/style><div class=\"kb-row-layout-wrap kb-row-layout-id33484_c9301b-73 alignfull wp-block-kadence-rowlayout\"><div class=\"kt-row-column-wrap kt-has-1-columns kt-row-layout-equal kt-tab-layout-inherit kt-mobile-layout-row kt-row-valign-top\">\n<style>.kadence-column33484_6db928-b0 > .kt-inside-inner-col,.kadence-column33484_6db928-b0 > .kt-inside-inner-col:before{border-top-left-radius:0px;border-top-right-radius:0px;border-bottom-right-radius:0px;border-bottom-left-radius:0px;}.kadence-column33484_6db928-b0 > .kt-inside-inner-col{column-gap:var(--global-kb-gap-sm, 1rem);}.kadence-column33484_6db928-b0 > .kt-inside-inner-col{flex-direction:column;}.kadence-column33484_6db928-b0 > .kt-inside-inner-col > .aligncenter{width:100%;}.kadence-column33484_6db928-b0 > .kt-inside-inner-col:before{opacity:0.3;}.kadence-column33484_6db928-b0{position:relative;}@media all and (max-width: 1024px){.kadence-column33484_6db928-b0 > .kt-inside-inner-col{flex-direction:column;justify-content:center;}}@media all and (max-width: 767px){.kadence-column33484_6db928-b0 > .kt-inside-inner-col{flex-direction:column;justify-content:center;}}<\/style>\n<div class=\"wp-block-kadence-column kadence-column33484_6db928-b0\"><div class=\"kt-inside-inner-col\">\n<p>Cette politique de confidentialit\u00e9 a pour but d\u2019expliquer le traitement des donn\u00e9es personnelles r\u00e9alis\u00e9 par l\u2019Associaci\u00f3 Geoparc Or\u00edgens \u00e0 partir des donn\u00e9es enregistr\u00e9es \u00e0 travers la page web.<\/p>\n\n\n\n<p><br>La langue originale de la politique de confidentialit\u00e9 est le catalan. En cas de divergence entre la version originale et la traduction, la version originale pr\u00e9vaudra.<\/p>\n\n\n\n<h2 class=\"wp-block-heading\">1.- Responsable du traitement des donn\u00e9es<\/h2>\n\n\n\n<p>Le responsable du traitement des donn\u00e9es personnelles collect\u00e9es sur le portail www.geoparcorigens.cat est :<\/p>\n\n\n\n<p>Associaci\u00f3 Geoparc Or\u00edgens<br>CIF G25807181<br>Carrer de Soldevila, 3<br>25620 Tremp (Lleida)<\/p>\n\n\n\n<h2 class=\"wp-block-heading\">2.- Objectif du traitement des donn\u00e9es.<\/h2>\n\n\n\n<p>Les donn\u00e9es fournies \u00e0 l\u2019Associaci\u00f3 Geoparc Or\u00edgens par diff\u00e9rents moyens, syst\u00e8mes de vid\u00e9osurveillance, formulaires de contact, enqu\u00eates ou proc\u00e9dures utilis\u00e9es lors de la collecte se r\u00e9alise selon la l\u00e9gislation en vigueur sur la protection des donn\u00e9es et dans le seul but de fournir le service demand\u00e9.<\/p>\n\n\n\n<p>Dans chacun de ces cas, nous fournissons des informations d\u00e9taill\u00e9es sur le but du traitement des donn\u00e9es qui est effectu\u00e9 uniquement et exclusivement si ce traitement a \u00e9t\u00e9 autoris\u00e9.<\/p>\n\n\n\n<p>Vous trouverez ci-dessous des informations d\u00e9taill\u00e9es concernant les diff\u00e9rentes finalit\u00e9s pour lesquelles nous pouvons collecter vos donn\u00e9es personnelles.<\/p>\n\n\n\n<p>Nous traiterons uniquement les donn\u00e9es que vous avez fournies aux fins indiqu\u00e9es et autoris\u00e9es. Les donn\u00e9es ne seront pas c\u00e9d\u00e9es \u00e0 des tiers sauf autorisation expresse ou qualification l\u00e9gale, notamment pour les prestations fournies par les partenaires.<\/p>\n\n\n<p>[su_table]<\/p>\n<table style=\"box-sizing: inherit; margin: 0px 0px 24px; padding: 0px; border: 1px solid rgb(204, 204, 204); font-size: 15px; border-collapse: collapse; text-align: left; width: 100%; vertical-align: top; color: rgb(68, 68, 68); font-family: Ubuntu; background-color: rgb(247, 247, 247);\">\n<tbody>\n<tr>\n<td style=\"padding: 6px 24px; border: 1px solid rgb(204, 204, 204);\"><strong>Traitement<\/strong><\/td>\n<td style=\"padding: 6px 24px; border: 1px solid rgb(204, 204, 204);\"><strong>Pourquoi utilisons-nous vos donn\u00e9es<\/strong><\/td>\n<td style=\"padding: 6px 24px; border: 1px solid rgb(204, 204, 204);\"><strong>Combien de temps conservons-nous vos donn\u00e9es<\/strong><\/td>\n<\/tr>\n<tr>\n<td style=\"padding: 6px 24px; border: 1px solid rgb(204, 204, 204);\">Bulletin<\/td>\n<td style=\"padding: 6px 24px; border: 1px solid rgb(204, 204, 204);\">Nous traitons vos donn\u00e9es afin de les ajouter \u00e0 la base de donn\u00e9es de notre bulletin (Mailchimp).<\/td>\n<td style=\"padding: 6px 24px; border: 1px solid rgb(204, 204, 204);\">Vos donn\u00e9es personnelles seront conserv\u00e9es jusqu&rsquo;\u00e0 la demande de d\u00e9sinscription par email \u00e0 info@geoparcorigens.cat, auquel cas elles seront supprim\u00e9es, sauf obligation l\u00e9gale.<\/td>\n<\/tr>\n<\/tbody>\n<\/table>\n<p>[\/su_table]<\/p>\n\n\n\n<p>La base juridique du traitement de vos donn\u00e9es est l&rsquo;ex\u00e9cution des pouvoirs de l\u2019Associaci\u00f3 et la r\u00e9alisation des services que vous nous avez demand\u00e9s. En aucun cas, des d\u00e9cisions automatis\u00e9es ne seront prises sur la base de vos donn\u00e9es. L&rsquo;utilisateur fournit \u00e0 tout moment ses donn\u00e9es volontairement et en \u00e9tant inform\u00e9 de l&rsquo;utilisation et du traitement qui en sont faits. Toutes les informations fournies par l&rsquo;utilisateur doivent \u00eatre v\u00e9ridiques. L&rsquo;utilisateur est seul responsable des d\u00e9clarations fausses ou inexactes qu&rsquo;il fait et des dommages qu&rsquo;il cause \u00e0 l&rsquo;Association Geoparc Or\u00edgens ou \u00e0 des tiers. L&rsquo;Association se r\u00e9serve le droit d&rsquo;exclure des services tout utilisateur ayant fourni de fausses informations, sans pr\u00e9judice des autres mesures qui pourraient \u00eatre prises par la loi.<\/p>\n\n\n\n<h2 class=\"wp-block-heading\">3. Traitement des donn\u00e9es par les tiers<\/h2>\n\n\n\n<p>Pour garantir les services de l\u2019Associaci\u00f3 Geoparc Or\u00edgens, vos donn\u00e9es pourront \u00eatre trait\u00e9es par des tiers d\u00e9di\u00e9s \u00e0 la finalit\u00e9 correspondante, tels que des concessionnaires de services (transport, environnement, \u00e9ducation, etc.), ainsi que des prestataires de services (h\u00e9bergement de sites web, services de la d\u00e9putation provinciale ou la G\u00e9n\u00e9ralit\u00e9 de Catalogne, etc.). Cette gestion de vos donn\u00e9es est effectu\u00e9e uniquement et exclusivement pour assurer la performance, la s\u00e9curit\u00e9 et la disponibilit\u00e9 des services que nous vous proposons, et nous veillons \u00e0 ce que ces organisations appliquent les mesures de s\u00e9curit\u00e9 des informations et les meilleures pratiques. Vos donn\u00e9es personnelles ne seront pas transf\u00e9r\u00e9es en dehors de l\u2019Espace \u00c9conomique Europ\u00e9en ou vers des pays ne disposant pas d\u2019un niveau de conformit\u00e9 requis par la loi ou sans votre autorisation expresse pr\u00e9alable.<\/p>\n\n\n\n<h2 class=\"wp-block-heading\">4.- Droits des personnes concern\u00e9es<\/h2>\n\n\n\n<p>\u00c0 tout moment, vous pouvez demander et obtenir des informations sur comment et pourquoi l\u2019Associaci\u00f3 Geoparc Or\u00edgens traite vos donn\u00e9es :<\/p>\n\n\n\n<ul class=\"wp-block-list\">\n<li>Acc\u00e9der aux donn\u00e9es : demander quelles sont les donn\u00e9es dont dispose l\u2019Associaci\u00f3 et comment elles sont utilis\u00e9es, et exercer le droit \u00e0 la portabilit\u00e9, le cas \u00e9ch\u00e9ant.<\/li>\n\n\n\n<li>Rectifier les donn\u00e9es : demander la modification ou la rectification des donn\u00e9es inexactes.<\/li>\n\n\n\n<li>Supprimer les donn\u00e9es : demander que les donn\u00e9es soient supprim\u00e9es et ne soient pas trait\u00e9es, en dehors de ce que la r\u00e9glementation exige de conserver.<\/li>\n\n\n\n<li>Limiter le traitement : demander une utilisation restreinte des donn\u00e9es selon vos exigences.<\/li>\n\n\n\n<li>S&rsquo;opposer \u00e0 un traitement : \u00e9viter une utilisation sp\u00e9cifique de vos donn\u00e9es, en dehors de ce qui est exig\u00e9 par la r\u00e9glementation.<\/li>\n\n\n\n<li>Portabilit\u00e9 des donn\u00e9es : demander que nous vous livrions les donn\u00e9es dans un format compatible afin que vous puissiez les remettre \u00e0 un tiers qui vous propose un service.<\/li>\n<\/ul>\n\n\n\n<p>C&rsquo;est pourquoi vous pouvez adresser un \u00e9crit indiquant quel droit vous souhaitez exercer (Acc\u00e8s, Rectification, Suppression, Opposition ou Portabilit\u00e9 des donn\u00e9es) \u00e0 l&rsquo;attention de la pr\u00e9sidente de l&rsquo;Association Geoparc Or\u00edgens, Carrer de Soldevila, 3, 25620 Tremp (Lleida), ou par courrier \u00e9lectronique \u00e0 <a>info@geoparcorigens.cat<\/a>.<\/p>\n\n\n\n<h2 class=\"wp-block-heading\">5.- Informations suppl\u00e9mentaires sur le traitement des donn\u00e9es personnelles<\/h2>\n\n\n\n<p>Pour en savoir plus sur le traitement de vos donn\u00e9es personnelles effectu\u00e9 par l\u2019Associaci\u00f3 Geoparc Or\u00edgens, nous vous prions de contacter la pr\u00e9sidente de l\u2019Associaci\u00f3 Geoparc Or\u00edgens \u00e0 Carrer de Soldevila, 3, 25620 Tremp (Lleida) ou par mail \u00e0 <a href=\"mailto:info@geoparcorigens.cat\">info@geoparcorigens.cat<\/a><\/p>\n\n\n\n<h2 class=\"wp-block-heading\">6.- Pr\u00e9sentation des plaintes<\/h2>\n\n\n\n<p>L\u2019Autoritat Catalana de Protecci\u00f3 de Dades est l&rsquo;organisme de contr\u00f4le qui veille au respect de la l\u00e9gislation sur la protection des donn\u00e9es dans l\u2019Administraci\u00f3 P\u00fablica Catalana. S&rsquo;il est consid\u00e9r\u00e9 que l\u2019Associaci\u00f3 Geoparc Or\u00edgens a viol\u00e9 l&rsquo;un des pr\u00e9ceptes \u00e9tablis dans le pr\u00e9sent r\u00e8glement, vous pouvez la contacter afin de d\u00e9poser une r\u00e9clamation.<\/p>\n<\/div><\/div>\n\n<\/div><\/div>","protected":false},"excerpt":{"rendered":"<p>Cette politique de confidentialit\u00e9 a pour but d\u2019expliquer le traitement des donn\u00e9es personnelles r\u00e9alis\u00e9 par l\u2019Associaci\u00f3 Geoparc Or\u00edgens \u00e0 partir des donn\u00e9es enregistr\u00e9es \u00e0 travers la page web. La langue originale de la politique de confidentialit\u00e9 est le catalan. En cas de divergence entre la version originale et la traduction, la version originale pr\u00e9vaudra. 1.-&#8230;<\/p>\n","protected":false},"author":1,"featured_media":0,"parent":0,"menu_order":0,"comment_status":"closed","ping_status":"closed","template":"","meta":{"_acf_changed":false,"_kad_blocks_custom_css":"","_kad_blocks_head_custom_js":"","_kad_blocks_body_custom_js":"","_kad_blocks_footer_custom_js":"","_kad_post_transparent":"","_kad_post_title":"","_kad_post_layout":"","_kad_post_sidebar_id":"","_kad_post_content_style":"","_kad_post_vertical_padding":"","_kad_post_feature":"","_kad_post_feature_position":"","_kad_post_header":false,"_kad_post_footer":false,"_kad_post_classname":"","footnotes":""},"class_list":["post-33484","page","type-page","status-publish","hentry"],"acf":[],"taxonomy_info":[],"featured_image_src_large":false,"author_info":{"display_name":"09254GP","author_link":"https:\/\/www.geoparcorigens.cat\/fr\/author\/administrador\/"},"comment_info":0,"_links":{"self":[{"href":"https:\/\/www.geoparcorigens.cat\/fr\/wp-json\/wp\/v2\/pages\/33484","targetHints":{"allow":["GET"]}}],"collection":[{"href":"https:\/\/www.geoparcorigens.cat\/fr\/wp-json\/wp\/v2\/pages"}],"about":[{"href":"https:\/\/www.geoparcorigens.cat\/fr\/wp-json\/wp\/v2\/types\/page"}],"author":[{"embeddable":true,"href":"https:\/\/www.geoparcorigens.cat\/fr\/wp-json\/wp\/v2\/users\/1"}],"replies":[{"embeddable":true,"href":"https:\/\/www.geoparcorigens.cat\/fr\/wp-json\/wp\/v2\/comments?post=33484"}],"version-history":[{"count":0,"href":"https:\/\/www.geoparcorigens.cat\/fr\/wp-json\/wp\/v2\/pages\/33484\/revisions"}],"wp:attachment":[{"href":"https:\/\/www.geoparcorigens.cat\/fr\/wp-json\/wp\/v2\/media?parent=33484"}],"curies":[{"name":"wp","href":"https:\/\/api.w.org\/{rel}","templated":true}]}}