{"id":33486,"date":"2024-12-09T14:34:33","date_gmt":"2024-12-09T13:34:33","guid":{"rendered":"https:\/\/www.geoparcorigens.cat\/espais-naturals\/"},"modified":"2025-02-07T15:50:10","modified_gmt":"2025-02-07T14:50:10","slug":"espais-naturals","status":"publish","type":"page","link":"https:\/\/www.geoparcorigens.cat\/fr\/espais-naturals\/","title":{"rendered":"Espaces naturels"},"content":{"rendered":"<style>.kb-row-layout-id33486_474869-e5 > .kt-row-column-wrap{align-content:start;}:where(.kb-row-layout-id33486_474869-e5 > .kt-row-column-wrap) > .wp-block-kadence-column{justify-content:start;}.kb-row-layout-id33486_474869-e5 > .kt-row-column-wrap{column-gap:var(--global-kb-gap-lg, 4rem);row-gap:var(--global-kb-gap-none, 0rem );max-width:var( --global-content-width, 1290px );padding-left:var(--global-content-edge-padding);padding-right:var(--global-content-edge-padding);padding-top:var(--global-kb-spacing-xxl, 5rem);padding-bottom:var(--global-kb-spacing-xxl, 5rem);grid-template-columns:repeat(2, minmax(0, 1fr));}.kb-row-layout-id33486_474869-e5 > .kt-row-layout-overlay{opacity:0.30;}@media all and (max-width: 1024px){.kb-row-layout-id33486_474869-e5 > .kt-row-column-wrap{column-gap:var(--global-kb-gap-md, 2rem);row-gap:var(--global-kb-gap-md, 2rem);padding-top:var(--global-kb-spacing-md, 2rem);grid-template-columns:minmax(0, 1fr);}}@media all and (max-width: 767px){.kb-row-layout-id33486_474869-e5 > .kt-row-column-wrap{column-gap:var(--global-kb-gap-md, 2rem);row-gap:var(--global-kb-gap-md, 2rem);grid-template-columns:minmax(0, 1fr);}}<\/style><div class=\"kb-row-layout-wrap kb-row-layout-id33486_474869-e5 alignfull wp-block-kadence-rowlayout\"><div class=\"kt-row-column-wrap kt-has-2-columns kt-row-layout-equal kt-tab-layout-row kt-mobile-layout-row kt-row-valign-top kb-theme-content-width\">\n<style>.kadence-column33486_37ec9c-0e > .kt-inside-inner-col,.kadence-column33486_37ec9c-0e > .kt-inside-inner-col:before{border-top-left-radius:0px;border-top-right-radius:0px;border-bottom-right-radius:0px;border-bottom-left-radius:0px;}.kadence-column33486_37ec9c-0e > .kt-inside-inner-col{column-gap:var(--global-kb-gap-sm, 1rem);}.kadence-column33486_37ec9c-0e > .kt-inside-inner-col{flex-direction:column;}.kadence-column33486_37ec9c-0e > .kt-inside-inner-col > .aligncenter{width:100%;}.kadence-column33486_37ec9c-0e > .kt-inside-inner-col:before{opacity:0.3;}.kadence-column33486_37ec9c-0e{position:relative;}@media all and (max-width: 1024px){.kadence-column33486_37ec9c-0e > .kt-inside-inner-col{flex-direction:column;justify-content:center;}}@media all and (max-width: 767px){.kadence-column33486_37ec9c-0e > .kt-inside-inner-col{flex-direction:column;justify-content:center;}}<\/style>\n<div class=\"wp-block-kadence-column kadence-column33486_37ec9c-0e\"><div class=\"kt-inside-inner-col\"><style>.kb-table-of-content-nav.kb-table-of-content-id33486_43099d-12 .kb-table-of-content-wrap{padding-top:var(--global-kb-spacing-sm, 1.5rem);padding-right:var(--global-kb-spacing-sm, 1.5rem);padding-bottom:var(--global-kb-spacing-sm, 1.5rem);padding-left:var(--global-kb-spacing-sm, 1.5rem);background-color:var(--global-palette1, #3182CE);border-top-left-radius:10px;border-top-right-radius:10px;border-bottom-right-radius:10px;border-bottom-left-radius:10px;}.kb-table-of-content-nav.kb-table-of-content-id33486_43099d-12 .kb-table-of-contents-title-wrap{padding-top:0px;padding-right:0px;padding-bottom:0px;padding-left:0px;}.kb-table-of-content-nav.kb-table-of-content-id33486_43099d-12 .kb-table-of-contents-title{font-weight:regular;font-style:normal;}.kb-table-of-content-nav.kb-table-of-content-id33486_43099d-12 .kb-table-of-content-wrap .kb-table-of-content-list{font-weight:regular;font-style:normal;margin-top:var(--global-kb-spacing-sm, 1.5rem);margin-right:0px;margin-bottom:0px;margin-left:0px;}.kb-table-of-content-nav.kb-table-of-content-id33486_43099d-12 .kb-toggle-icon-style-basiccircle .kb-table-of-contents-icon-trigger:after, .kb-table-of-content-nav.kb-table-of-content-id33486_43099d-12 .kb-toggle-icon-style-basiccircle .kb-table-of-contents-icon-trigger:before, .kb-table-of-content-nav.kb-table-of-content-id33486_43099d-12 .kb-toggle-icon-style-arrowcircle .kb-table-of-contents-icon-trigger:after, .kb-table-of-content-nav.kb-table-of-content-id33486_43099d-12 .kb-toggle-icon-style-arrowcircle .kb-table-of-contents-icon-trigger:before, .kb-table-of-content-nav.kb-table-of-content-id33486_43099d-12 .kb-toggle-icon-style-xclosecircle .kb-table-of-contents-icon-trigger:after, .kb-table-of-content-nav.kb-table-of-content-id33486_43099d-12 .kb-toggle-icon-style-xclosecircle .kb-table-of-contents-icon-trigger:before{background-color:var(--global-palette1, #3182CE);}<\/style>\n\n<style>.kb-image33486_40adb0-14 .kb-image-has-overlay:after{opacity:0.3;}<\/style>\n<figure class=\"wp-block-kadence-image kb-image33486_40adb0-14\"><img decoding=\"async\" src=\"https:\/\/www.geoparcorigens.cat\/wp-content\/uploads\/2016\/06\/Mapa_Xnat_2000_v2.2_baixa-01-724x1024.jpg\" alt=\"mapa_xnat_2000_v2-2_baixa-01\" class=\"kb-img wp-image-3115\"\/><\/figure>\n\n\n\n<p><em><em><strong>Les\u00a0ENP (Espaces Naturels Prot\u00e9g\u00e9s)\u00a0s\u2019inscrivent dans le Plan des Espaces d\u2019Int\u00e9r\u00eat Natural (PEIN) et sont en m\u00eame temps<\/strong><\/em>\u00a0<em><strong>des espaces du R\u00e9seau Nature 2000\u00a0(SPA + SCI)<\/strong><\/em>.<\/em><\/p>\n\n\n\n<ul class=\"wp-block-list\">\n<li><strong>Zone p\u00e9riph\u00e9rique\u00a0<\/strong>du\u00a0<a href=\"http:\/\/www.catalunya.com\/parc-nacional-daiguestortes-i-estany-de-sant-maurici-17-17001-573521?language=ca\" target=\"_blank\" rel=\"noreferrer noopener\"><strong>Parc National d\u2019Aig\u00fcestortes i Estany de Sant Maurici<\/strong><\/a><strong>:\u00a0<\/strong>La part sup\u00e9rieure de la Vall Fosca fait partie de cette zone p\u00e9riph\u00e9rique, \u00e0 partir de laquelle vous pouvez acc\u00e9der \u00e0 la zone sud du seul Parc National de Catalogne<\/li>\n\n\n\n<li><strong>Espaces sous tutelle du territoire (Mur, Brugal, Collegats, Costa Ampla, Castell d\u2019Enc\u00fas):\u00a0<\/strong>Espaces naturels g\u00e9r\u00e9s par l\u2019Estaci\u00f3 Biol\u00f2gica del Pallars Juss\u00e0, une association \u00e0 but non lucratif, qui garantit leur conservation et effectue des t\u00e2ches d\u2019\u00e9ducation et de diffusion.<\/li>\n<\/ul>\n<\/div><\/div>\n\n\n<style>.kadence-column33486_db9516-65 > .kt-inside-inner-col,.kadence-column33486_db9516-65 > .kt-inside-inner-col:before{border-top-left-radius:0px;border-top-right-radius:0px;border-bottom-right-radius:0px;border-bottom-left-radius:0px;}.kadence-column33486_db9516-65 > .kt-inside-inner-col{column-gap:var(--global-kb-gap-sm, 1rem);}.kadence-column33486_db9516-65 > .kt-inside-inner-col{flex-direction:column;}.kadence-column33486_db9516-65 > .kt-inside-inner-col > .aligncenter{width:100%;}.kadence-column33486_db9516-65 > .kt-inside-inner-col:before{opacity:0.3;}.kadence-column33486_db9516-65{position:relative;}@media all and (max-width: 1024px){.kadence-column33486_db9516-65 > .kt-inside-inner-col{flex-direction:column;justify-content:center;}}@media all and (max-width: 767px){.kadence-column33486_db9516-65 > .kt-inside-inner-col{flex-direction:column;justify-content:center;}}<\/style>\n<div class=\"wp-block-kadence-column kadence-column33486_db9516-65\"><div class=\"kt-inside-inner-col\"><style>.wp-block-kadence-advancedheading.kt-adv-heading33486_35a70a-b3, .wp-block-kadence-advancedheading.kt-adv-heading33486_35a70a-b3[data-kb-block=\"kb-adv-heading33486_35a70a-b3\"]{font-style:normal;}.wp-block-kadence-advancedheading.kt-adv-heading33486_35a70a-b3 mark.kt-highlight, .wp-block-kadence-advancedheading.kt-adv-heading33486_35a70a-b3[data-kb-block=\"kb-adv-heading33486_35a70a-b3\"] mark.kt-highlight{font-style:normal;color:#f76a0c;-webkit-box-decoration-break:clone;box-decoration-break:clone;padding-top:0px;padding-right:0px;padding-bottom:0px;padding-left:0px;}.wp-block-kadence-advancedheading.kt-adv-heading33486_35a70a-b3 img.kb-inline-image, .wp-block-kadence-advancedheading.kt-adv-heading33486_35a70a-b3[data-kb-block=\"kb-adv-heading33486_35a70a-b3\"] img.kb-inline-image{width:150px;vertical-align:baseline;}<\/style>\n<h2 class=\"kt-adv-heading33486_35a70a-b3 wp-block-kadence-advancedheading\" data-kb-block=\"kb-adv-heading33486_35a70a-b3\">Z<strong>ones naturelles prot\u00e9g\u00e9es (ENP)<\/strong>\u00a0les plus importantes du g\u00e9oparc d\u2019Or\u00edgens<\/h2>\n\n\n<style>.wp-block-kadence-advancedheading.kt-adv-heading33486_1a459c-70, .wp-block-kadence-advancedheading.kt-adv-heading33486_1a459c-70[data-kb-block=\"kb-adv-heading33486_1a459c-70\"]{font-style:normal;}.wp-block-kadence-advancedheading.kt-adv-heading33486_1a459c-70 mark.kt-highlight, .wp-block-kadence-advancedheading.kt-adv-heading33486_1a459c-70[data-kb-block=\"kb-adv-heading33486_1a459c-70\"] mark.kt-highlight{font-style:normal;color:#f76a0c;-webkit-box-decoration-break:clone;box-decoration-break:clone;padding-top:0px;padding-right:0px;padding-bottom:0px;padding-left:0px;}.wp-block-kadence-advancedheading.kt-adv-heading33486_1a459c-70 img.kb-inline-image, .wp-block-kadence-advancedheading.kt-adv-heading33486_1a459c-70[data-kb-block=\"kb-adv-heading33486_1a459c-70\"] img.kb-inline-image{width:150px;vertical-align:baseline;}<\/style>\n<h3 class=\"kt-adv-heading33486_1a459c-70 wp-block-kadence-advancedheading\" data-kb-block=\"kb-adv-heading33486_1a459c-70\"><strong><a href=\"http:\/\/www.pallarsjussa.net\/ca\/boumort\" target=\"_blank\" rel=\"noreferrer noopener\">ENP Serra de Boumort<\/a><\/strong><\/h3>\n\n\n\n<p>La R\u00e9serve Nationale de Chasse (RNC) de Boumort a \u00e9t\u00e9 cr\u00e9\u00e9e dans le but de prot\u00e9ger, favoriser et valoriser les esp\u00e8ces animales sauvages qui l\u2019habitent et de pr\u00e9server les \u00e9cosyst\u00e8mes auxquels elles appartiennent. Il a une extension de 13.097 ha et on y trouve un paysage pr\u00e9-pyr\u00e9n\u00e9en avec des montagnes abruptes et un relief accident\u00e9 qui donne lieu \u00e0 de forts contrastes qui favorisent une grande diversit\u00e9.<\/p>\n\n\n<style>.wp-block-kadence-advancedbtn.kb-btns33486_f626db-0c{gap:var(--global-kb-gap-xs, 0.5rem );justify-content:center;align-items:center;}.kt-btns33486_f626db-0c .kt-button{font-weight:normal;font-style:normal;}.kt-btns33486_f626db-0c .kt-btn-wrap-0{margin-right:5px;}.wp-block-kadence-advancedbtn.kt-btns33486_f626db-0c .kt-btn-wrap-0 .kt-button{color:#555555;border-color:#555555;}.wp-block-kadence-advancedbtn.kt-btns33486_f626db-0c .kt-btn-wrap-0 .kt-button:hover, .wp-block-kadence-advancedbtn.kt-btns33486_f626db-0c .kt-btn-wrap-0 .kt-button:focus{color:#ffffff;border-color:#444444;}.wp-block-kadence-advancedbtn.kt-btns33486_f626db-0c .kt-btn-wrap-0 .kt-button::before{display:none;}.wp-block-kadence-advancedbtn.kt-btns33486_f626db-0c .kt-btn-wrap-0 .kt-button:hover, .wp-block-kadence-advancedbtn.kt-btns33486_f626db-0c .kt-btn-wrap-0 .kt-button:focus{background:#444444;}<\/style>\n<div class=\"wp-block-kadence-advancedbtn kb-buttons-wrap kb-btns33486_f626db-0c\"><style>ul.menu .wp-block-kadence-advancedbtn .kb-btn33486_c0fe10-62.kb-button{width:initial;}<\/style><a class=\"kb-button kt-button button kb-btn33486_c0fe10-62 kt-btn-size-small kt-btn-width-type-auto kb-btn-global-fill  kt-btn-has-text-true kt-btn-has-svg-false  wp-block-kadence-singlebtn\" href=\"https:\/\/www.geoparcorigens.cat\/wp-content\/uploads\/123_Text-presentacio_RNC-Boumort.pdf\" target=\"_blank\" rel=\"noreferrer noopener\"><span class=\"kt-btn-inner-text\">Plus d&rsquo;infos<\/span><\/a>\n\n<style>ul.menu .wp-block-kadence-advancedbtn .kb-btn33486_f17152-9c.kb-button{width:initial;}<\/style><a class=\"kb-button kt-button button kb-btn33486_f17152-9c kt-btn-size-small kt-btn-width-type-auto kb-btn-global-fill  kt-btn-has-text-true kt-btn-has-svg-false  wp-block-kadence-singlebtn\" href=\"https:\/\/www.geoparcorigens.cat\/wp-content\/uploads\/122_La-visita-a-la-reserva.pdf\" target=\"_blank\" rel=\"noreferrer noopener\"><span class=\"kt-btn-inner-text\">Guide de Boumort<\/span><\/a><\/div>\n\n\n<style>.wp-block-kadence-advancedheading.kt-adv-heading33486_8fdfae-9e, .wp-block-kadence-advancedheading.kt-adv-heading33486_8fdfae-9e[data-kb-block=\"kb-adv-heading33486_8fdfae-9e\"]{font-style:normal;}.wp-block-kadence-advancedheading.kt-adv-heading33486_8fdfae-9e mark.kt-highlight, .wp-block-kadence-advancedheading.kt-adv-heading33486_8fdfae-9e[data-kb-block=\"kb-adv-heading33486_8fdfae-9e\"] mark.kt-highlight{font-style:normal;color:#f76a0c;-webkit-box-decoration-break:clone;box-decoration-break:clone;padding-top:0px;padding-right:0px;padding-bottom:0px;padding-left:0px;}.wp-block-kadence-advancedheading.kt-adv-heading33486_8fdfae-9e img.kb-inline-image, .wp-block-kadence-advancedheading.kt-adv-heading33486_8fdfae-9e[data-kb-block=\"kb-adv-heading33486_8fdfae-9e\"] img.kb-inline-image{width:150px;vertical-align:baseline;}<\/style>\n<h3 class=\"kt-adv-heading33486_8fdfae-9e wp-block-kadence-advancedheading\" data-kb-block=\"kb-adv-heading33486_8fdfae-9e\"><strong><a href=\"http:\/\/www.catalunya.com\/espai-natural-protegit-de-collegats-queralt-17-17001-569293?language=ca\" target=\"_blank\" rel=\"noreferrer noopener\">ENP Collegats \u2013 Queralt<\/a><\/strong><\/h3>\n\n\n\n<p>Le canyon de Collegats, d\u2019une longueur de 5 km, est un espace \u00e9troit entre les hautes parois rocheuses, \u00e0 travers lequel passe la rivi\u00e8re Noguera Pallaresa. Avec les Rocs de Queralt, ils font partie d\u2019un espace naturel d\u2019int\u00e9r\u00eat national.<\/p>\n\n\n<style>.wp-block-kadence-advancedheading.kt-adv-heading33486_4c6ab3-e5, .wp-block-kadence-advancedheading.kt-adv-heading33486_4c6ab3-e5[data-kb-block=\"kb-adv-heading33486_4c6ab3-e5\"]{font-style:normal;}.wp-block-kadence-advancedheading.kt-adv-heading33486_4c6ab3-e5 mark.kt-highlight, .wp-block-kadence-advancedheading.kt-adv-heading33486_4c6ab3-e5[data-kb-block=\"kb-adv-heading33486_4c6ab3-e5\"] mark.kt-highlight{font-style:normal;color:#f76a0c;-webkit-box-decoration-break:clone;box-decoration-break:clone;padding-top:0px;padding-right:0px;padding-bottom:0px;padding-left:0px;}.wp-block-kadence-advancedheading.kt-adv-heading33486_4c6ab3-e5 img.kb-inline-image, .wp-block-kadence-advancedheading.kt-adv-heading33486_4c6ab3-e5[data-kb-block=\"kb-adv-heading33486_4c6ab3-e5\"] img.kb-inline-image{width:150px;vertical-align:baseline;}<\/style>\n<h3 class=\"kt-adv-heading33486_4c6ab3-e5 wp-block-kadence-advancedheading\" data-kb-block=\"kb-adv-heading33486_4c6ab3-e5\"><strong>ENP Estany de Montcort\u00e9s<\/strong><\/h3>\n\n\n\n<p>Les eaux du lac proviennent d\u2019une source interne. Il a une profondeur qui oscille entre 20 et 40 m\u00e8tres. Cette zone lacustre est l\u2019une des plus importantes r\u00e9serves d\u2019oiseaux aquatiques des Pyr\u00e9n\u00e9es et abrite une grande vari\u00e9t\u00e9 d\u2019oiseaux migrateurs. Il poss\u00e8de \u00e9galement quelques esp\u00e8ces de flore et de faune peu repr\u00e9sent\u00e9es sur le territoire pyr\u00e9n\u00e9en.<\/p>\n\n\n<style>.wp-block-kadence-advancedheading.kt-adv-heading33486_138499-12, .wp-block-kadence-advancedheading.kt-adv-heading33486_138499-12[data-kb-block=\"kb-adv-heading33486_138499-12\"]{font-style:normal;}.wp-block-kadence-advancedheading.kt-adv-heading33486_138499-12 mark.kt-highlight, .wp-block-kadence-advancedheading.kt-adv-heading33486_138499-12[data-kb-block=\"kb-adv-heading33486_138499-12\"] mark.kt-highlight{font-style:normal;color:#f76a0c;-webkit-box-decoration-break:clone;box-decoration-break:clone;padding-top:0px;padding-right:0px;padding-bottom:0px;padding-left:0px;}.wp-block-kadence-advancedheading.kt-adv-heading33486_138499-12 img.kb-inline-image, .wp-block-kadence-advancedheading.kt-adv-heading33486_138499-12[data-kb-block=\"kb-adv-heading33486_138499-12\"] img.kb-inline-image{width:150px;vertical-align:baseline;}<\/style>\n<h3 class=\"kt-adv-heading33486_138499-12 wp-block-kadence-advancedheading\" data-kb-block=\"kb-adv-heading33486_138499-12\"><strong><a href=\"http:\/\/www.catalunya.com\/espai-natural-protegit-de-la-vall-alta-de-serradell-terreta-serra-de-sant-gervas-17-17001-572884?language=ca\" target=\"_blank\" rel=\"noreferrer noopener\">ENP Vall Alta Serradell \u2013 Terreta \u2013 Serra de Sant Gerv\u00e0s<\/a><\/strong><\/h3>\n\n\n\n<p>Son int\u00e9r\u00eat paysager et g\u00e9omorphologique se distingue par les formes d\u2019\u00e9rosion des mat\u00e9riaux g\u00e9ologiques et les fortes d\u00e9nivellations. Les masses foresti\u00e8res isol\u00e9es de la sierra et l\u2019inaccessibilit\u00e9 des parties les plus profondes de la vall\u00e9e ont permis de maintenir des \u00e9cosyst\u00e8mes o\u00f9 se distinguent les populations d\u2019oiseaux de proie et de faune troglodyte.<\/p>\n\n\n<style>.wp-block-kadence-advancedheading.kt-adv-heading33486_bc0f3c-99, .wp-block-kadence-advancedheading.kt-adv-heading33486_bc0f3c-99[data-kb-block=\"kb-adv-heading33486_bc0f3c-99\"]{font-style:normal;}.wp-block-kadence-advancedheading.kt-adv-heading33486_bc0f3c-99 mark.kt-highlight, .wp-block-kadence-advancedheading.kt-adv-heading33486_bc0f3c-99[data-kb-block=\"kb-adv-heading33486_bc0f3c-99\"] mark.kt-highlight{font-style:normal;color:#f76a0c;-webkit-box-decoration-break:clone;box-decoration-break:clone;padding-top:0px;padding-right:0px;padding-bottom:0px;padding-left:0px;}.wp-block-kadence-advancedheading.kt-adv-heading33486_bc0f3c-99 img.kb-inline-image, .wp-block-kadence-advancedheading.kt-adv-heading33486_bc0f3c-99[data-kb-block=\"kb-adv-heading33486_bc0f3c-99\"] img.kb-inline-image{width:150px;vertical-align:baseline;}<\/style>\n<h3 class=\"kt-adv-heading33486_bc0f3c-99 wp-block-kadence-advancedheading\" data-kb-block=\"kb-adv-heading33486_bc0f3c-99\"><strong><a href=\"http:\/\/www.catalunya.com\/espai-natural-protegit-dels-estanys-de-basturs-17-17001-572295?language=ca\" target=\"_blank\" rel=\"noreferrer noopener\">ENP Estanys de Basturs<\/a><\/strong><\/h3>\n\n\n\n<p>\u00c9cosyst\u00e8me unique et tr\u00e8s fragile qui couvre une superficie de pr\u00e8s de 37 ha. Il se compose actuellement de deux \u00e9tangs bien constitu\u00e9s : un de forme presque circulaire, plus grand, avec un bassin conique, et un autre plus petit (Estany Xic), situ\u00e9 au nord-ouest du premier.<\/p>\n\n\n<style>.wp-block-kadence-advancedheading.kt-adv-heading33486_99a8c5-44, .wp-block-kadence-advancedheading.kt-adv-heading33486_99a8c5-44[data-kb-block=\"kb-adv-heading33486_99a8c5-44\"]{font-style:normal;}.wp-block-kadence-advancedheading.kt-adv-heading33486_99a8c5-44 mark.kt-highlight, .wp-block-kadence-advancedheading.kt-adv-heading33486_99a8c5-44[data-kb-block=\"kb-adv-heading33486_99a8c5-44\"] mark.kt-highlight{font-style:normal;color:#f76a0c;-webkit-box-decoration-break:clone;box-decoration-break:clone;padding-top:0px;padding-right:0px;padding-bottom:0px;padding-left:0px;}.wp-block-kadence-advancedheading.kt-adv-heading33486_99a8c5-44 img.kb-inline-image, .wp-block-kadence-advancedheading.kt-adv-heading33486_99a8c5-44[data-kb-block=\"kb-adv-heading33486_99a8c5-44\"] img.kb-inline-image{width:150px;vertical-align:baseline;}<\/style>\n<h3 class=\"kt-adv-heading33486_99a8c5-44 wp-block-kadence-advancedheading\" data-kb-block=\"kb-adv-heading33486_99a8c5-44\"><strong><a href=\"http:\/\/www.catalunya.com\/espai-natural-protegit-de-la-serra-de-turp-i-mora-comtal-valldan-17-17001-572602?language=ca\" target=\"_blank\" rel=\"noreferrer noopener\">ENP Serra de Turp i Mora Condal \u2013 Valldan<\/a><\/strong><\/h3>\n\n\n<style>.wp-block-kadence-advancedheading.kt-adv-heading33486_0c750f-7d, .wp-block-kadence-advancedheading.kt-adv-heading33486_0c750f-7d[data-kb-block=\"kb-adv-heading33486_0c750f-7d\"]{font-style:normal;}.wp-block-kadence-advancedheading.kt-adv-heading33486_0c750f-7d mark.kt-highlight, .wp-block-kadence-advancedheading.kt-adv-heading33486_0c750f-7d[data-kb-block=\"kb-adv-heading33486_0c750f-7d\"] mark.kt-highlight{font-style:normal;color:#f76a0c;-webkit-box-decoration-break:clone;box-decoration-break:clone;padding-top:0px;padding-right:0px;padding-bottom:0px;padding-left:0px;}.wp-block-kadence-advancedheading.kt-adv-heading33486_0c750f-7d img.kb-inline-image, .wp-block-kadence-advancedheading.kt-adv-heading33486_0c750f-7d[data-kb-block=\"kb-adv-heading33486_0c750f-7d\"] img.kb-inline-image{width:150px;vertical-align:baseline;}<\/style>\n<h3 class=\"kt-adv-heading33486_0c750f-7d wp-block-kadence-advancedheading\" data-kb-block=\"kb-adv-heading33486_0c750f-7d\"><strong><a href=\"http:\/\/www.catalunya.com\/espai-natural-protegit-de-la-serra-daubenc-i-roc-de-cogul-17-17001-572719?language=ca\" target=\"_blank\" rel=\"noreferrer noopener\">ENP Serra d\u2019Auben\u00e7 i Roc de Cogul&nbsp;<\/a><\/strong><\/h3>\n\n\n<style>.wp-block-kadence-advancedheading.kt-adv-heading33486_b5cf69-54, .wp-block-kadence-advancedheading.kt-adv-heading33486_b5cf69-54[data-kb-block=\"kb-adv-heading33486_b5cf69-54\"]{font-style:normal;}.wp-block-kadence-advancedheading.kt-adv-heading33486_b5cf69-54 mark.kt-highlight, .wp-block-kadence-advancedheading.kt-adv-heading33486_b5cf69-54[data-kb-block=\"kb-adv-heading33486_b5cf69-54\"] mark.kt-highlight{font-style:normal;color:#f76a0c;-webkit-box-decoration-break:clone;box-decoration-break:clone;padding-top:0px;padding-right:0px;padding-bottom:0px;padding-left:0px;}.wp-block-kadence-advancedheading.kt-adv-heading33486_b5cf69-54 img.kb-inline-image, .wp-block-kadence-advancedheading.kt-adv-heading33486_b5cf69-54[data-kb-block=\"kb-adv-heading33486_b5cf69-54\"] img.kb-inline-image{width:150px;vertical-align:baseline;}<\/style>\n<h3 class=\"kt-adv-heading33486_b5cf69-54 wp-block-kadence-advancedheading\" data-kb-block=\"kb-adv-heading33486_b5cf69-54\"><strong><a href=\"http:\/\/www.catalunya.com\/espai-natural-protegit-de-la-serra-del-montsec-17-17001-15?language=ca\" target=\"_blank\" rel=\"noreferrer noopener\">ENP Serres del Montsec, Sant Mamet i Mitjana<\/a><\/strong><\/h3>\n\n\n\n<p>Dans cet espace, Montrebei se distingue, consid\u00e9r\u00e9 comme l\u2019un des lieux ayant la plus grande valeur naturelle et paysag\u00e8re de Catalogne. Les parois du canyon atteignent plus de 500 m de d\u00e9nivel\u00e9, avec des points o\u00f9 la largeur minimale du canyon n\u2019est que de 20 m. Il a une extension d\u2019environ 600 ha.<\/p>\n\n\n<style>.wp-block-kadence-advancedheading.kt-adv-heading33486_ce58ab-85, .wp-block-kadence-advancedheading.kt-adv-heading33486_ce58ab-85[data-kb-block=\"kb-adv-heading33486_ce58ab-85\"]{font-style:normal;}.wp-block-kadence-advancedheading.kt-adv-heading33486_ce58ab-85 mark.kt-highlight, .wp-block-kadence-advancedheading.kt-adv-heading33486_ce58ab-85[data-kb-block=\"kb-adv-heading33486_ce58ab-85\"] mark.kt-highlight{font-style:normal;color:#f76a0c;-webkit-box-decoration-break:clone;box-decoration-break:clone;padding-top:0px;padding-right:0px;padding-bottom:0px;padding-left:0px;}.wp-block-kadence-advancedheading.kt-adv-heading33486_ce58ab-85 img.kb-inline-image, .wp-block-kadence-advancedheading.kt-adv-heading33486_ce58ab-85[data-kb-block=\"kb-adv-heading33486_ce58ab-85\"] img.kb-inline-image{width:150px;vertical-align:baseline;}<\/style>\n<h3 class=\"kt-adv-heading33486_ce58ab-85 wp-block-kadence-advancedheading\" data-kb-block=\"kb-adv-heading33486_ce58ab-85\"><strong>ENP Vessants de la Noguera Ribagor\u00e7ana<\/strong><\/h3>\n\n\n<style>.wp-block-kadence-advancedheading.kt-adv-heading33486_e7eea1-62, .wp-block-kadence-advancedheading.kt-adv-heading33486_e7eea1-62[data-kb-block=\"kb-adv-heading33486_e7eea1-62\"]{font-style:normal;}.wp-block-kadence-advancedheading.kt-adv-heading33486_e7eea1-62 mark.kt-highlight, .wp-block-kadence-advancedheading.kt-adv-heading33486_e7eea1-62[data-kb-block=\"kb-adv-heading33486_e7eea1-62\"] mark.kt-highlight{font-style:normal;color:#f76a0c;-webkit-box-decoration-break:clone;box-decoration-break:clone;padding-top:0px;padding-right:0px;padding-bottom:0px;padding-left:0px;}.wp-block-kadence-advancedheading.kt-adv-heading33486_e7eea1-62 img.kb-inline-image, .wp-block-kadence-advancedheading.kt-adv-heading33486_e7eea1-62[data-kb-block=\"kb-adv-heading33486_e7eea1-62\"] img.kb-inline-image{width:150px;vertical-align:baseline;}<\/style>\n<h3 class=\"kt-adv-heading33486_e7eea1-62 wp-block-kadence-advancedheading\" data-kb-block=\"kb-adv-heading33486_e7eea1-62\"><strong><a href=\"http:\/\/www.catalunya.com\/espai-natural-protegit-de-laiguabarreig-segre-noguera-pallaresa-17-17001-572891?language=ca\" target=\"_blank\" rel=\"noreferrer noopener\">ENP Aiguabarreig Segre \u2013 Noguera Pallaresa<\/a><\/strong><\/h3>\n\n\n<style>.wp-block-kadence-advancedheading.kt-adv-heading33486_186b9c-96, .wp-block-kadence-advancedheading.kt-adv-heading33486_186b9c-96[data-kb-block=\"kb-adv-heading33486_186b9c-96\"]{font-style:normal;}.wp-block-kadence-advancedheading.kt-adv-heading33486_186b9c-96 mark.kt-highlight, .wp-block-kadence-advancedheading.kt-adv-heading33486_186b9c-96[data-kb-block=\"kb-adv-heading33486_186b9c-96\"] mark.kt-highlight{font-style:normal;color:#f76a0c;-webkit-box-decoration-break:clone;box-decoration-break:clone;padding-top:0px;padding-right:0px;padding-bottom:0px;padding-left:0px;}.wp-block-kadence-advancedheading.kt-adv-heading33486_186b9c-96 img.kb-inline-image, .wp-block-kadence-advancedheading.kt-adv-heading33486_186b9c-96[data-kb-block=\"kb-adv-heading33486_186b9c-96\"] img.kb-inline-image{width:150px;vertical-align:baseline;}<\/style>\n<h3 class=\"kt-adv-heading33486_186b9c-96 wp-block-kadence-advancedheading\" data-kb-block=\"kb-adv-heading33486_186b9c-96\"><strong><a href=\"http:\/\/www.catalunya.com\/espai-natural-protegit-de-la-serra-llarga-secans-de-la-noguera-17-17001-573080?language=ca\" target=\"_blank\" rel=\"noreferrer noopener\">ENP Secans de La Noguera<\/a><\/strong><\/h3>\n\n\n<style>.wp-block-kadence-advancedheading.kt-adv-heading33486_7da556-dc, .wp-block-kadence-advancedheading.kt-adv-heading33486_7da556-dc[data-kb-block=\"kb-adv-heading33486_7da556-dc\"]{font-style:normal;}.wp-block-kadence-advancedheading.kt-adv-heading33486_7da556-dc mark.kt-highlight, .wp-block-kadence-advancedheading.kt-adv-heading33486_7da556-dc[data-kb-block=\"kb-adv-heading33486_7da556-dc\"] mark.kt-highlight{font-style:normal;color:#f76a0c;-webkit-box-decoration-break:clone;box-decoration-break:clone;padding-top:0px;padding-right:0px;padding-bottom:0px;padding-left:0px;}.wp-block-kadence-advancedheading.kt-adv-heading33486_7da556-dc img.kb-inline-image, .wp-block-kadence-advancedheading.kt-adv-heading33486_7da556-dc[data-kb-block=\"kb-adv-heading33486_7da556-dc\"] img.kb-inline-image{width:150px;vertical-align:baseline;}<\/style>\n<h3 class=\"kt-adv-heading33486_7da556-dc wp-block-kadence-advancedheading\" data-kb-block=\"kb-adv-heading33486_7da556-dc\"><strong><a href=\"http:\/\/www.catalunya.com\/espai-natural-protegit-de-les-valls-del-sio---llobregos-17-17001-572416?language=ca\" target=\"_blank\" rel=\"noreferrer noopener\">ENP Valls del Si\u00f3 \u2013 Llobreg\u00f3s<\/a><\/strong><\/h3>\n\n\n<style>.wp-block-kadence-advancedheading.kt-adv-heading33486_246a1d-6d, .wp-block-kadence-advancedheading.kt-adv-heading33486_246a1d-6d[data-kb-block=\"kb-adv-heading33486_246a1d-6d\"]{font-style:normal;}.wp-block-kadence-advancedheading.kt-adv-heading33486_246a1d-6d mark.kt-highlight, .wp-block-kadence-advancedheading.kt-adv-heading33486_246a1d-6d[data-kb-block=\"kb-adv-heading33486_246a1d-6d\"] mark.kt-highlight{font-style:normal;color:#f76a0c;-webkit-box-decoration-break:clone;box-decoration-break:clone;padding-top:0px;padding-right:0px;padding-bottom:0px;padding-left:0px;}.wp-block-kadence-advancedheading.kt-adv-heading33486_246a1d-6d img.kb-inline-image, .wp-block-kadence-advancedheading.kt-adv-heading33486_246a1d-6d[data-kb-block=\"kb-adv-heading33486_246a1d-6d\"] img.kb-inline-image{width:150px;vertical-align:baseline;}<\/style>\n<h3 class=\"kt-adv-heading33486_246a1d-6d wp-block-kadence-advancedheading\" data-kb-block=\"kb-adv-heading33486_246a1d-6d\"><strong>Alt Pallars<\/strong><\/h3>\n<\/div><\/div>\n\n<\/div><\/div>","protected":false},"excerpt":{"rendered":"<p>Les\u00a0ENP (Espaces Naturels Prot\u00e9g\u00e9s)\u00a0s\u2019inscrivent dans le Plan des Espaces d\u2019Int\u00e9r\u00eat Natural (PEIN) et sont en m\u00eame temps\u00a0des espaces du R\u00e9seau Nature 2000\u00a0(SPA + SCI). Zones naturelles prot\u00e9g\u00e9es (ENP)\u00a0les plus importantes du g\u00e9oparc d\u2019Or\u00edgens ENP Serra de Boumort La R\u00e9serve Nationale de Chasse (RNC) de Boumort a \u00e9t\u00e9 cr\u00e9\u00e9e dans le but de prot\u00e9ger, favoriser et&#8230;<\/p>\n","protected":false},"author":1,"featured_media":0,"parent":0,"menu_order":0,"comment_status":"closed","ping_status":"closed","template":"","meta":{"_acf_changed":false,"_kad_blocks_custom_css":"","_kad_blocks_head_custom_js":"","_kad_blocks_body_custom_js":"","_kad_blocks_footer_custom_js":"","_kad_post_transparent":"","_kad_post_title":"show","_kad_post_layout":"","_kad_post_sidebar_id":"","_kad_post_content_style":"","_kad_post_vertical_padding":"","_kad_post_feature":"","_kad_post_feature_position":"","_kad_post_header":false,"_kad_post_footer":false,"_kad_post_classname":"","footnotes":""},"class_list":["post-33486","page","type-page","status-publish","hentry"],"acf":[],"taxonomy_info":[],"featured_image_src_large":false,"author_info":{"display_name":"09254GP","author_link":"https:\/\/www.geoparcorigens.cat\/fr\/author\/administrador\/"},"comment_info":0,"_links":{"self":[{"href":"https:\/\/www.geoparcorigens.cat\/fr\/wp-json\/wp\/v2\/pages\/33486","targetHints":{"allow":["GET"]}}],"collection":[{"href":"https:\/\/www.geoparcorigens.cat\/fr\/wp-json\/wp\/v2\/pages"}],"about":[{"href":"https:\/\/www.geoparcorigens.cat\/fr\/wp-json\/wp\/v2\/types\/page"}],"author":[{"embeddable":true,"href":"https:\/\/www.geoparcorigens.cat\/fr\/wp-json\/wp\/v2\/users\/1"}],"replies":[{"embeddable":true,"href":"https:\/\/www.geoparcorigens.cat\/fr\/wp-json\/wp\/v2\/comments?post=33486"}],"version-history":[{"count":0,"href":"https:\/\/www.geoparcorigens.cat\/fr\/wp-json\/wp\/v2\/pages\/33486\/revisions"}],"wp:attachment":[{"href":"https:\/\/www.geoparcorigens.cat\/fr\/wp-json\/wp\/v2\/media?parent=33486"}],"curies":[{"name":"wp","href":"https:\/\/api.w.org\/{rel}","templated":true}]}}