{"id":33489,"date":"2024-12-09T14:33:13","date_gmt":"2024-12-09T13:33:13","guid":{"rendered":"https:\/\/www.geoparcorigens.cat\/paleontologia\/"},"modified":"2025-02-07T16:26:39","modified_gmt":"2025-02-07T15:26:39","slug":"paleontologia","status":"publish","type":"page","link":"https:\/\/www.geoparcorigens.cat\/fr\/paleontologia\/","title":{"rendered":"Pal\u00e9ontologie"},"content":{"rendered":"<style>.kb-row-layout-id33489_088070-cd > .kt-row-column-wrap{align-content:start;}:where(.kb-row-layout-id33489_088070-cd > .kt-row-column-wrap) > .wp-block-kadence-column{justify-content:start;}.kb-row-layout-id33489_088070-cd > .kt-row-column-wrap{column-gap:var(--global-kb-gap-md, 2rem);row-gap:var(--global-kb-gap-none, 0rem );max-width:var( --global-content-width, 1290px );padding-left:var(--global-content-edge-padding);padding-right:var(--global-content-edge-padding);padding-top:var(--global-kb-spacing-xxl, 5rem);padding-bottom:var(--global-kb-spacing-xxl, 5rem);grid-template-columns:minmax(0, 1fr) minmax(0, 2fr);}.kb-row-layout-id33489_088070-cd > .kt-row-layout-overlay{opacity:0.30;}@media all and (max-width: 1024px){.kb-row-layout-id33489_088070-cd > .kt-row-column-wrap{column-gap:var(--global-kb-gap-md, 2rem);row-gap:var(--global-kb-gap-md, 2rem);padding-top:var(--global-kb-spacing-lg, 3rem);grid-template-columns:minmax(0, 1fr);}}@media all and (max-width: 767px){.kb-row-layout-id33489_088070-cd > .kt-row-column-wrap{padding-top:var(--global-kb-spacing-md, 2rem);grid-template-columns:minmax(0, 1fr);}}<\/style><div class=\"kb-row-layout-wrap kb-row-layout-id33489_088070-cd alignfull wp-block-kadence-rowlayout\"><div class=\"kt-row-column-wrap kt-has-2-columns kt-row-layout-right-golden kt-tab-layout-row kt-mobile-layout-row kt-row-valign-top kb-theme-content-width\">\n<style>.kadence-column33489_ab32ac-55 > .kt-inside-inner-col,.kadence-column33489_ab32ac-55 > .kt-inside-inner-col:before{border-top-left-radius:0px;border-top-right-radius:0px;border-bottom-right-radius:0px;border-bottom-left-radius:0px;}.kadence-column33489_ab32ac-55 > .kt-inside-inner-col{column-gap:var(--global-kb-gap-sm, 1rem);}.kadence-column33489_ab32ac-55 > .kt-inside-inner-col{flex-direction:column;}.kadence-column33489_ab32ac-55 > .kt-inside-inner-col > .aligncenter{width:100%;}.kadence-column33489_ab32ac-55 > .kt-inside-inner-col:before{opacity:0.3;}.kadence-column33489_ab32ac-55{position:relative;}@media all and (max-width: 1024px){.kadence-column33489_ab32ac-55 > .kt-inside-inner-col{flex-direction:column;justify-content:center;}}@media all and (max-width: 767px){.kadence-column33489_ab32ac-55 > .kt-inside-inner-col{flex-direction:column;justify-content:center;}}<\/style>\n<div class=\"wp-block-kadence-column kadence-column33489_ab32ac-55\"><div class=\"kt-inside-inner-col\"><style>.kb-image33489_aafe44-c1 .kb-image-has-overlay:after{opacity:0.3;}<\/style>\n<figure class=\"wp-block-kadence-image kb-image33489_aafe44-c1 size-full\"><img loading=\"lazy\" decoding=\"async\" width=\"980\" height=\"718\" src=\"https:\/\/www.geoparcorigens.cat\/wp-content\/uploads\/florpirineu.jpg\" alt=\"Montsechia vidalii\" class=\"kb-img wp-image-25034\" srcset=\"https:\/\/www.geoparcorigens.cat\/wp-content\/uploads\/florpirineu.jpg 980w, https:\/\/www.geoparcorigens.cat\/wp-content\/uploads\/florpirineu-300x220.jpg 300w, https:\/\/www.geoparcorigens.cat\/wp-content\/uploads\/florpirineu-768x563.jpg 768w\" sizes=\"auto, (max-width: 980px) 100vw, 980px\" \/><\/figure>\n<\/div><\/div>\n\n\n<style>.kadence-column33489_7b2691-08 > .kt-inside-inner-col,.kadence-column33489_7b2691-08 > .kt-inside-inner-col:before{border-top-left-radius:0px;border-top-right-radius:0px;border-bottom-right-radius:0px;border-bottom-left-radius:0px;}.kadence-column33489_7b2691-08 > .kt-inside-inner-col{column-gap:var(--global-kb-gap-sm, 1rem);}.kadence-column33489_7b2691-08 > .kt-inside-inner-col{flex-direction:column;}.kadence-column33489_7b2691-08 > .kt-inside-inner-col > .aligncenter{width:100%;}.kadence-column33489_7b2691-08 > .kt-inside-inner-col:before{opacity:0.3;}.kadence-column33489_7b2691-08{position:relative;}@media all and (max-width: 1024px){.kadence-column33489_7b2691-08 > .kt-inside-inner-col{flex-direction:column;justify-content:center;}}@media all and (max-width: 767px){.kadence-column33489_7b2691-08 > .kt-inside-inner-col{flex-direction:column;justify-content:center;}}<\/style>\n<div class=\"wp-block-kadence-column kadence-column33489_7b2691-08\"><div class=\"kt-inside-inner-col\">\n<p>La zone du territoire du G\u00e9oparc est un vaste \u00e9chantillon de l\u2019\u00e9volution de la vie sur Terre qui comprend des sites datant du Silurien au Pal\u00e9og\u00e8ne, \u00e0 savoir une p\u00e9riode de quelque 400 millions d\u2019ann\u00e9es repr\u00e9sent\u00e9e par des fossiles de vert\u00e9br\u00e9s, d\u2019invert\u00e9br\u00e9s et de plantes.<\/p>\n\n\n\n<p>On y trouve des vestiges de fossiles de graptolite sur des ardoises du&nbsp;<strong>SILURIEN<\/strong>. De leur c\u00f4t\u00e9, les roches calcaires du&nbsp;<strong>D\u00c9VONIEN<\/strong>&nbsp;contiennent des fossiles marins qui t\u00e9moignent de l\u2019extinction d\u2019organismes tels que les trilobites.<\/p>\n\n\n\n<p>Le&nbsp;<strong>PERMIEN<\/strong>&nbsp;et&nbsp;le&nbsp;<strong>TRIASIQUE<\/strong>&nbsp;sont repr\u00e9sent\u00e9s \u00e0 la fronti\u00e8re nord du G\u00e9oparc, o\u00f9 \u00e9mergent les s\u00e9diments rouge\u00e2tres qui ont fourni une grande richesse d\u2019ichnites (empreintes et traves), notamment de reptiles et d\u2019amphibiens, qui t\u00e9moignent de la grande diversit\u00e9 de vert\u00e9br\u00e9s pr\u00e9sents dans la r\u00e9gion. Pour ce qui est des v\u00e9g\u00e9taux, les derniers sites \u00e9tudi\u00e9s r\u00e9cemment indiquent l\u2019\u00e9norme exub\u00e9rance et vari\u00e9t\u00e9 des \u00e9cosyst\u00e8mes du Permien.<\/p>\n\n\n\n<p>La p\u00e9riode suivante qui fait l\u2019objet d\u2019une repr\u00e9sentation consid\u00e9rable est le&nbsp;<strong>CR\u00c9TAC\u00c9 INF\u00c9RIEUR<\/strong>, avec les affleurements de la Sierra du Montsec, notamment caract\u00e9ris\u00e9s par les carri\u00e8res de la Pedrera de Mei\u00e0 et la Cabroa, des gisements de calcaire lithographique qui ont fourni de magnifiques vestiges fossiles d\u2019insectes, d\u2019invert\u00e9br\u00e9s marins, de plantes, de vert\u00e9br\u00e9s de type amphibiens et petits reptiles, ainsi que d\u2019oiseaux \u00e0 plumes, dont les parties tendres, voire les motifs de coloration, ont \u00e9t\u00e9 conserv\u00e9s. \u00c0 noter la pr\u00e9sence de restes des premi\u00e8res plantes \u00e0 fleurs (<em>Montsechia vidalii<\/em>) qui, apparues sur la plan\u00e8te il y a quelque 130 millions d\u2019ann\u00e9es, ont \u00e9t\u00e9 d\u00e9crites dans la Sierra du Montsec par Charles Ren\u00e9 Zeiller en 1902.<\/p>\n\n\n\n<p>Les fossiles qui composent ce riche patrimoine pal\u00e9ontologique sont actuellement r\u00e9partis dans les mus\u00e9es de toute l\u2019Europe. Afin de concentrer les diff\u00e9rentes collections en un seul endroit, le&nbsp;<strong>site web de la Pedrera de Mei\u00e0<\/strong>&nbsp;a \u00e9t\u00e9 cr\u00e9\u00e9. Qui pr\u00e9sente l\u2019histoire du site, des descriptions et des images des \u00e9chantillons d\u00e9couverts dans cet espace unique en Catalogne, ainsi que d\u2019autres curiosit\u00e9s.<\/p>\n\n\n<style>.wp-block-kadence-advancedbtn.kb-btns33489_037ef8-f2{gap:var(--global-kb-gap-xs, 0.5rem );justify-content:center;align-items:center;}.kt-btns33489_037ef8-f2 .kt-button{font-weight:normal;font-style:normal;}.kt-btns33489_037ef8-f2 .kt-btn-wrap-0{margin-right:5px;}.wp-block-kadence-advancedbtn.kt-btns33489_037ef8-f2 .kt-btn-wrap-0 .kt-button{color:#555555;border-color:#555555;}.wp-block-kadence-advancedbtn.kt-btns33489_037ef8-f2 .kt-btn-wrap-0 .kt-button:hover, .wp-block-kadence-advancedbtn.kt-btns33489_037ef8-f2 .kt-btn-wrap-0 .kt-button:focus{color:#ffffff;border-color:#444444;}.wp-block-kadence-advancedbtn.kt-btns33489_037ef8-f2 .kt-btn-wrap-0 .kt-button::before{display:none;}.wp-block-kadence-advancedbtn.kt-btns33489_037ef8-f2 .kt-btn-wrap-0 .kt-button:hover, .wp-block-kadence-advancedbtn.kt-btns33489_037ef8-f2 .kt-btn-wrap-0 .kt-button:focus{background:#444444;}<\/style>\n<div class=\"wp-block-kadence-advancedbtn kb-buttons-wrap kb-btns33489_037ef8-f2\"><style>ul.menu .wp-block-kadence-advancedbtn .kb-btn33489_d8696d-b9.kb-button{width:initial;}<\/style><a class=\"kb-button kt-button button kb-btn33489_d8696d-b9 kt-btn-size-standard kt-btn-width-type-auto kb-btn-global-inherit  kt-btn-has-text-true kt-btn-has-svg-false  wp-block-button__link wp-block-kadence-singlebtn\" href=\"https:\/\/pedrerademeia.geoparcorigens.cat\/ca\/\" target=\"_blank\" rel=\"noreferrer noopener\"><span class=\"kt-btn-inner-text\">Visitez la web de La Pedrera de Mei\u00e0<\/span><\/a><\/div>\n\n\n\n<p>Le principal actif pal\u00e9ontologique du parc provient des s\u00e9diments de transition du&nbsp;<strong>CR\u00c9TAC\u00c9 SUP\u00c9RIEUR<\/strong>. Cette p\u00e9riode a fourni d\u2019excellentes trouvailles issues de milieux c\u00f4tiers (accumulations de rudistes \u00e0 la Collada de Basturs), de milieux de transition (sites contenant des marques d\u2019alimentation de raies \u00e0 La Posa) et, principalement, de milieux plus continentaux (Conca de Tremp et vall\u00e9e du Sallent, \u00e0 Coll de Narg\u00f3), o\u00f9 ont \u00e9t\u00e9 d\u00e9couverts de nombreux restes de dinosaures.<\/p>\n\n\n\n<p>L\u2019existence de ces derniers \u00e0 la Conca de Tremp fut document\u00e9e pour la premi\u00e8re fois en 1916, pendant les travaux de construction du barrage de Sant Antoni. Les premiers restes de dinosaures de la r\u00e9gion furent diffus\u00e9s en 1954 par le pal\u00e9ontologue allemand Walter K\u00fchne, qui fit des fouilles dans le Ravin d\u2019Orcau en collaboration avec le pal\u00e9ontologue espagnol Emiliano Aguirre (le site \u00ab&nbsp;Orcau-1&nbsp;\u00bb actuel). Quelques ann\u00e9es plus tard, le pal\u00e9ontologue fran\u00e7ais Albert-F\u00e9lix de Lapparent d\u00e9couvrit les premiers \u0153ufs de dinosaures au Ravin de Basturs.<\/p>\n\n\n\n<p>Depuis les ann\u00e9es \u201880, une \u00e9quipe de chercheurs de l\u2019<a href=\"https:\/\/www.icp.cat\/\" target=\"_blank\" rel=\"noreferrer noopener\"><u><strong>Institut Catalan de Pal\u00e9ontologie<\/strong><\/u><u>&nbsp;<\/u><u><strong>Miquel Crusafont<\/strong><\/u><\/a>&nbsp;(ICP) et du&nbsp;<a href=\"http:\/\/www.parc-cretaci.com\/\" target=\"_blank\" rel=\"noreferrer noopener\"><u><strong>Mus\u00e9e de la Conca Dell\u00e0<\/strong><\/u><u>&nbsp;<\/u><\/a>font syst\u00e9matiquement des fouilles dans le r\u00e9gion et travaillent en collaboration avec d\u2019autres territoires similaires, comme le&nbsp;<strong>G\u00e9oparc de Hateg<\/strong>, en Roumanie. Pendant cette p\u00e9riode, les nouveaux sites et les milliers de restes de fossiles qui ont \u00e9t\u00e9 d\u00e9couverts ont permis de mieux conna\u00eetre la fin de l\u2019\u00c8re des dinosaures d\u2019Europe.<\/p>\n\n\n\n<p>La bande s\u00e9dimentaire qui t\u00e9moigne des environnements du Maastrichtien pr\u00e9sente une grande quantit\u00e9 d\u2019os, d\u2019\u0153ufs et d\u2019empreintes de qualit\u00e9 des derniers dinosaures qui ont peupl\u00e9 l\u2019Europe au cours des millions d\u2019ann\u00e9es pr\u00e9alables \u00e0 leur extinction, \u00e0 la&nbsp;<strong>limite du<\/strong>&nbsp;<strong>Cr\u00e9tac\u00e9 et du Pal\u00e9og\u00e8ne<\/strong>. \u00c0 noter la d\u00e9couverte de diverses formes de dinosaures sauropodes, hadrosaures, th\u00e9ropodes et ornithopodes, en plus de la pr\u00e9sence de restes de crocodiles, tortues et pt\u00e9rosaures, entre autres vert\u00e9br\u00e9s. La richesse des restes d\u2019\u0153ufs retrouv\u00e9s \u00e0 la Conca de Tremp et \u00e0 Coll de Narg\u00f3 fait de cette zone le principal gisement d\u2019\u0153ufs de dinosaures d\u2019Europe et l\u2019un des plus importants du monde. Des dizaines d\u2019articles scientifiques publi\u00e9s dans des revues sp\u00e9cialis\u00e9es soutiennent l\u2019importance de ces d\u00e9couvertes. \u00c0 des fins de conservation et d\u2019\u00e9tude, ces restes sont conserv\u00e9s au&nbsp;<a href=\"http:\/\/www.parc-cretaci.com\/\" target=\"_blank\" rel=\"noreferrer noopener\"><strong>Mus\u00e9e de la Conca Dell\u00e0<\/strong><\/a>,&nbsp;\u00e0 Isona, et au sein de son homologue mus\u00e9ographique, le centre de diffusion&nbsp;<a href=\"http:\/\/dinosfera.com\/\" target=\"_blank\" rel=\"noreferrer noopener\"><strong>Dinosfera<\/strong><\/a>, \u00e0 Coll de Narg\u00f3.<\/p>\n\n\n\n<p>La d\u00e9couverte de fossiles \u00e0 travers l\u2019\u00e9tude s\u00e9dimentaire est compl\u00e9t\u00e9e par les restes du&nbsp;<strong>PAL\u00c9OG\u00c8NE<\/strong>. Les deux flancs du massif du Montsec h\u00e9bergent d\u2019impressionnantes concentrations de faune invert\u00e9br\u00e9e, comme par exemple dans les g\u00e9ozones de la R\u00e8gola (\u00c0ger) ou au niveau du stratotype de l\u2019Ilerdi\u00e0, \u00e0 l\u2019ouest de Tremp. Par ailleurs, les premi\u00e8res formes de mammif\u00e8res, notamment les premiers primates d\u2019Europe, ont \u00e9t\u00e9 retrouv\u00e9s dans les gisements de l\u2019\u00c9oc\u00e8ne d\u2019\u00c0ger et de La Pobla de Segur.<\/p>\n\n\n\n<p><strong>Rappelez-vous que la Loi 9\/93 relative au Patrimoine culturel comprend l\u2019interdiction d\u2019effectuer des pr\u00e9l\u00e8vements pal\u00e9ontologiques.<\/strong><\/p>\n<\/div><\/div>\n\n<\/div><\/div>","protected":false},"excerpt":{"rendered":"<p>La zone du territoire du G\u00e9oparc est un vaste \u00e9chantillon de l\u2019\u00e9volution de la vie sur Terre qui comprend des sites datant du Silurien au Pal\u00e9og\u00e8ne, \u00e0 savoir une p\u00e9riode de quelque 400 millions d\u2019ann\u00e9es repr\u00e9sent\u00e9e par des fossiles de vert\u00e9br\u00e9s, d\u2019invert\u00e9br\u00e9s et de plantes. On y trouve des vestiges de fossiles de graptolite sur&#8230;<\/p>\n","protected":false},"author":1,"featured_media":0,"parent":0,"menu_order":0,"comment_status":"closed","ping_status":"closed","template":"","meta":{"_acf_changed":false,"_kad_blocks_custom_css":"","_kad_blocks_head_custom_js":"","_kad_blocks_body_custom_js":"","_kad_blocks_footer_custom_js":"","_kad_post_transparent":"","_kad_post_title":"show","_kad_post_layout":"","_kad_post_sidebar_id":"","_kad_post_content_style":"","_kad_post_vertical_padding":"","_kad_post_feature":"","_kad_post_feature_position":"","_kad_post_header":false,"_kad_post_footer":false,"_kad_post_classname":"","footnotes":""},"class_list":["post-33489","page","type-page","status-publish","hentry"],"acf":[],"taxonomy_info":[],"featured_image_src_large":false,"author_info":{"display_name":"09254GP","author_link":"https:\/\/www.geoparcorigens.cat\/fr\/author\/administrador\/"},"comment_info":0,"_links":{"self":[{"href":"https:\/\/www.geoparcorigens.cat\/fr\/wp-json\/wp\/v2\/pages\/33489","targetHints":{"allow":["GET"]}}],"collection":[{"href":"https:\/\/www.geoparcorigens.cat\/fr\/wp-json\/wp\/v2\/pages"}],"about":[{"href":"https:\/\/www.geoparcorigens.cat\/fr\/wp-json\/wp\/v2\/types\/page"}],"author":[{"embeddable":true,"href":"https:\/\/www.geoparcorigens.cat\/fr\/wp-json\/wp\/v2\/users\/1"}],"replies":[{"embeddable":true,"href":"https:\/\/www.geoparcorigens.cat\/fr\/wp-json\/wp\/v2\/comments?post=33489"}],"version-history":[{"count":0,"href":"https:\/\/www.geoparcorigens.cat\/fr\/wp-json\/wp\/v2\/pages\/33489\/revisions"}],"wp:attachment":[{"href":"https:\/\/www.geoparcorigens.cat\/fr\/wp-json\/wp\/v2\/media?parent=33489"}],"curies":[{"name":"wp","href":"https:\/\/api.w.org\/{rel}","templated":true}]}}